{"id":1567,"date":"2021-04-02T10:56:22","date_gmt":"2021-04-02T08:56:22","guid":{"rendered":"http:\/\/paroisse.saintmicheldurhone.fr\/?page_id=1567"},"modified":"2022-01-25T20:50:37","modified_gmt":"2022-01-25T19:50:37","slug":"chants","status":"publish","type":"page","link":"https:\/\/paroisse.saintmicheldurhone.fr\/?page_id=1567","title":{"rendered":"MESSE DU 5 f\u00e9vrier 2022 \u2013 5\u00e8me Dimanche TO"},"content":{"rendered":"\n<p class=\"has-text-align-center\"><strong>MESSE DU 5 f\u00e9vrier 2022 \u2013 5<sup>\u00e8me<\/sup> Dimanche du temps ordinaire<\/strong><\/p>\n\n\n\n<p class=\"has-text-align-center\">Ann\u00e9e C &#8211; Couleur\nliturgique&nbsp;: Vert&nbsp; &#8211;&nbsp;&nbsp; Equipe famille<\/p>\n\n\n\n<p><strong>CHANT D\u2019ENTREE<\/strong><strong>&nbsp;:\nChantez, priez, c\u00e9l\u00e9brez le Seigneur A 040 &#8211; 73<\/strong><\/p>\n\n\n\n<figure class=\"wp-block-audio\"><audio controls src=\"http:\/\/paroisse.saintmicheldurhone.fr\/wp-content\/uploads\/2022\/01\/Chantez-priez-c\u00e9l\u00e9brez.mp3\"><\/audio><\/figure>\n\n\n\n<div class=\"wp-block-file\"><a href=\"http:\/\/paroisse.saintmicheldurhone.fr\/wp-content\/uploads\/2022\/01\/Chantez-priez-celebrez_le_Seigneur_A40_73.pdf\">Chantez, priez celebrez_le_Seigneur_A40_73<\/a><a href=\"http:\/\/paroisse.saintmicheldurhone.fr\/wp-content\/uploads\/2022\/01\/Chantez-priez-celebrez_le_Seigneur_A40_73.pdf\" class=\"wp-block-file__button\" download>T\u00e9l\u00e9charger<\/a><\/div>\n\n\n\n<p><strong>Chantez, priez, c\u00e9l\u00e9brez le Seigneur,<\/strong> <br><strong>Dieu nous accueille, peuple du monde.<\/strong><br><strong>Chantez, priez, c\u00e9l\u00e9brez son nom,<\/strong><br><strong>Dieu nous accueille dans sa maison.<\/strong><\/p>\n\n\n\n<p>1 &#8211; Il a parl\u00e9 par les proph\u00e8tes<br>Eternel est son amour<br>Sa parole est une promesse<br>Eternel est son amour<\/p>\n\n\n\n<p>2 &#8211; Acclamez Dieu ouvrez le livre<br>Eternel est son amour<br>Dieu nous cr\u00e9e et Dieu nous d\u00e9livre<br>Eternel est son amour<strong><br> <\/strong><\/p>\n\n\n\n<p><strong>ACCUEIL&nbsp;: <\/strong><em>Bonjour et bienvenue \u00e0 tous&nbsp;!<\/em>  <em>Fr\u00e8res et s\u0153urs, bienvenue \u00e0 vous. Vous avez r\u00e9pondu \u00e0 l\u2019appel du Seigneur. Oui, comme il a appel\u00e9 les proph\u00e8tes et les ap\u00f4tres, il nous rassemble pour nous partager sa parole et son pain, et pour nous confier une mission. Que cela ne nous effraie pas? Faisons confiance \u00e0 l\u2019Esprit-Saint, et \u00e0 J\u00e9sus qui nous dit: \u00abSois sans crainte\u00bb.<\/em><\/p>\n\n\n\n<p><strong>DEMANDE DE PARDON<\/strong><strong>&nbsp;:\n\u00ab&nbsp;Je confesse \u00e0 Dieu&nbsp;\u00bb<\/strong><\/p>\n\n\n\n<p><strong>Et&nbsp;:<\/strong>&nbsp; &nbsp;&nbsp;&nbsp;&nbsp;&nbsp;&nbsp;&nbsp;&nbsp;&nbsp;&nbsp;&nbsp;&nbsp;&nbsp;<br>\u00ab&nbsp;J\u00e9sus le Christ, lumi\u00e8re int\u00e9rieure,  <br>Ne laisse pas mes t\u00e9n\u00e8bres me parler. <br>J\u00e9sus le Christ, lumi\u00e8re int\u00e9rieure, <br>Donne-moi d&rsquo;accueillir ton amour.&nbsp;\u00bb<\/p>\n\n\n\n<figure class=\"wp-block-audio\"><audio controls src=\"http:\/\/paroisse.saintmicheldurhone.fr\/wp-content\/uploads\/2022\/01\/J\u00e9sus-le-Christ.mp3\"><\/audio><\/figure>\n\n\n\n<div class=\"wp-block-file\"><a href=\"http:\/\/paroisse.saintmicheldurhone.fr\/wp-content\/uploads\/2022\/01\/J\u00e9sus-le-Christ.pdf\">J\u00e9sus le Christ<\/a><a href=\"http:\/\/paroisse.saintmicheldurhone.fr\/wp-content\/uploads\/2022\/01\/J\u00e9sus-le-Christ.pdf\" class=\"wp-block-file__button\" download>T\u00e9l\u00e9charger<\/a><\/div>\n\n\n\n<p><strong>GLOIRE A DIEU<\/strong><strong>\n: \u00ab&nbsp;Rendons gloire \u00e0 notre Dieu&nbsp;\u00bb<\/strong><\/p>\n\n\n\n<figure class=\"wp-block-audio\"><audio controls src=\"http:\/\/paroisse.saintmicheldurhone.fr\/wp-content\/uploads\/2022\/01\/Rendons-gloire-\u00e0-notre-Dieu.mp3\"><\/audio><\/figure>\n\n\n\n<div class=\"wp-block-file\"><a href=\"http:\/\/paroisse.saintmicheldurhone.fr\/wp-content\/uploads\/2022\/01\/Rendons-Gloire-\u00e0-notre-Dieu.pdf\">Rendons Gloire \u00e0 notre Dieu<\/a><a href=\"http:\/\/paroisse.saintmicheldurhone.fr\/wp-content\/uploads\/2022\/01\/Rendons-Gloire-\u00e0-notre-Dieu.pdf\" class=\"wp-block-file__button\" download>T\u00e9l\u00e9charger<\/a><\/div>\n\n\n\n<p><strong>DEPART DES ENFANTS POUR UN TEMPS ADAPTE DE\nLA PAROLE<\/strong><strong><\/strong><\/p>\n\n\n\n<p><strong>LECTURE DE LA PAROLE DE DIEU<\/strong><strong><\/strong><\/p>\n\n\n\n<p><strong>Premi\u00e8re lecture : Isa\u00efe (6,\n1-2a.3-8)<\/strong><strong><\/strong><\/p>\n\n\n\n<figure class=\"wp-block-image size-large\"><img loading=\"lazy\" decoding=\"async\" width=\"1024\" height=\"344\" src=\"http:\/\/paroisse.saintmicheldurhone.fr\/wp-content\/uploads\/2022\/01\/PS137-1024x344.jpg\" alt=\"\" class=\"wp-image-2222\" srcset=\"https:\/\/paroisse.saintmicheldurhone.fr\/wp-content\/uploads\/2022\/01\/PS137-1024x344.jpg 1024w, https:\/\/paroisse.saintmicheldurhone.fr\/wp-content\/uploads\/2022\/01\/PS137-300x101.jpg 300w, https:\/\/paroisse.saintmicheldurhone.fr\/wp-content\/uploads\/2022\/01\/PS137-768x258.jpg 768w, https:\/\/paroisse.saintmicheldurhone.fr\/wp-content\/uploads\/2022\/01\/PS137-1536x516.jpg 1536w, https:\/\/paroisse.saintmicheldurhone.fr\/wp-content\/uploads\/2022\/01\/PS137.jpg 1743w\" sizes=\"auto, (max-width: 1024px) 100vw, 1024px\" \/><\/figure>\n\n\n\n<figure class=\"wp-block-audio\"><audio controls src=\"http:\/\/paroisse.saintmicheldurhone.fr\/wp-content\/uploads\/2022\/01\/Psaume-137-5e-dim-T.O.-ann\u00e9e-C.mp3\"><\/audio><\/figure>\n\n\n\n<p><strong>Deuxi\u00e8me lecture Saint Paul\naux Corinthiens (15, 1-11)<\/strong><strong><\/strong><\/p>\n\n\n\n<figure class=\"wp-block-image size-large\"><img loading=\"lazy\" decoding=\"async\" width=\"1024\" height=\"349\" src=\"http:\/\/paroisse.saintmicheldurhone.fr\/wp-content\/uploads\/2022\/01\/Alleluia-1024x349.jpg\" alt=\"\" class=\"wp-image-2223\" srcset=\"https:\/\/paroisse.saintmicheldurhone.fr\/wp-content\/uploads\/2022\/01\/Alleluia-1024x349.jpg 1024w, https:\/\/paroisse.saintmicheldurhone.fr\/wp-content\/uploads\/2022\/01\/Alleluia-300x102.jpg 300w, https:\/\/paroisse.saintmicheldurhone.fr\/wp-content\/uploads\/2022\/01\/Alleluia-768x262.jpg 768w, https:\/\/paroisse.saintmicheldurhone.fr\/wp-content\/uploads\/2022\/01\/Alleluia-1536x523.jpg 1536w, https:\/\/paroisse.saintmicheldurhone.fr\/wp-content\/uploads\/2022\/01\/Alleluia.jpg 1603w\" sizes=\"auto, (max-width: 1024px) 100vw, 1024px\" \/><\/figure>\n\n\n\n<figure class=\"wp-block-audio\"><audio controls src=\"http:\/\/paroisse.saintmicheldurhone.fr\/wp-content\/uploads\/2022\/01\/All\u00e9luia.mp3\"><\/audio><\/figure>\n\n\n\n<p><strong>Evangile : de Luc (5,1-11) Hom\u00e9lie : Profession de Foi : <\/strong><strong>symbole\ndes Ap\u00f4tres P 9<\/strong><\/p>\n\n\n\n<p><strong>PRIERES UNIVERSELLES&nbsp;: <\/strong><br><strong>R\/ \u00ab Accueille au creux de tes mains la pri\u00e8re de tes enfants\u00bb<\/strong><\/p>\n\n\n\n<figure class=\"wp-block-audio\"><audio controls src=\"http:\/\/paroisse.saintmicheldurhone.fr\/wp-content\/uploads\/2022\/01\/Accueil-au-creux-de-tes-mains.mp3\"><\/audio><\/figure>\n\n\n\n<div class=\"wp-block-file\"><a href=\"http:\/\/paroisse.saintmicheldurhone.fr\/wp-content\/uploads\/2022\/01\/Accueil-au-creux-de-tes-mains.pdf\">Accueil au creux de tes mains<\/a><a href=\"http:\/\/paroisse.saintmicheldurhone.fr\/wp-content\/uploads\/2022\/01\/Accueil-au-creux-de-tes-mains.pdf\" class=\"wp-block-file__button\" download>T\u00e9l\u00e9charger<\/a><\/div>\n\n\n\n<p><strong>RETOUR DES ENFANTS <\/strong><\/p>\n\n\n\n<p><strong>SANCTUS<\/strong><strong>&nbsp;: \u00ab&nbsp;Saint, Saint\nLe Seigneur&nbsp;\u00bb MESSE DU FRAT de Glorious<\/strong><\/p>\n\n\n\n<figure class=\"wp-block-audio\"><audio controls src=\"http:\/\/paroisse.saintmicheldurhone.fr\/wp-content\/uploads\/2022\/01\/Sanctus-messe-du-frat-Glorious.mp3\"><\/audio><\/figure>\n\n\n\n<div class=\"wp-block-file\"><a href=\"http:\/\/paroisse.saintmicheldurhone.fr\/wp-content\/uploads\/2022\/01\/sanctus-messe-du-Frat-Glorious.pdf\">sanctus messe du Frat Glorious<\/a><a href=\"http:\/\/paroisse.saintmicheldurhone.fr\/wp-content\/uploads\/2022\/01\/sanctus-messe-du-Frat-Glorious.pdf\" class=\"wp-block-file__button\" download>T\u00e9l\u00e9charger<\/a><\/div>\n\n\n\n<p><strong>ANAMNESE<\/strong><strong>&nbsp;: \u00ab&nbsp;Gloire \u00e0 Toi\nqui \u00e9tait mort&nbsp;\u00bb MESSE DU FRAT de Glorious<\/strong><\/p>\n\n\n\n<figure class=\"wp-block-audio\"><audio controls src=\"http:\/\/paroisse.saintmicheldurhone.fr\/wp-content\/uploads\/2022\/01\/AnamnfratGlorious.mp3\"><\/audio><\/figure>\n\n\n\n<p><strong>NOTRE PERE<\/strong><strong>&nbsp;:\ndit<\/strong><\/p>\n\n\n\n<p><strong>AGNEAU DE DIEU&nbsp;: \u00ab&nbsp;Agneau v\u00e9ritable&nbsp;\u00bb <\/strong><br><strong>Patrick RICHARD POLYPHONIE POUR UN AVENIR<\/strong><\/p>\n\n\n\n<figure class=\"wp-block-audio\"><audio controls src=\"http:\/\/paroisse.saintmicheldurhone.fr\/wp-content\/uploads\/2022\/01\/AgnusRichard.mp3\"><\/audio><\/figure>\n\n\n\n<div class=\"wp-block-file\"><a href=\"http:\/\/paroisse.saintmicheldurhone.fr\/wp-content\/uploads\/2022\/01\/Agnus-messe-polyphonique-P.-Richard.pdf\">Agnus messe polyphonique P. Richard<\/a><a href=\"http:\/\/paroisse.saintmicheldurhone.fr\/wp-content\/uploads\/2022\/01\/Agnus-messe-polyphonique-P.-Richard.pdf\" class=\"wp-block-file__button\" download>T\u00e9l\u00e9charger<\/a><\/div>\n\n\n\n<p><strong>COMMUNION<\/strong><strong>&nbsp;:\n\u00ab&nbsp;Comme Lui&nbsp;\u00bb<\/strong><\/p>\n\n\n\n<figure class=\"wp-block-audio\"><audio controls src=\"http:\/\/paroisse.saintmicheldurhone.fr\/wp-content\/uploads\/2022\/01\/Comme-lui.-Robert-Lebel.mp3\"><\/audio><\/figure>\n\n\n\n<div class=\"wp-block-file\"><a href=\"http:\/\/paroisse.saintmicheldurhone.fr\/wp-content\/uploads\/2022\/01\/Comme-lui.pdf\">Comme lui<\/a><a href=\"http:\/\/paroisse.saintmicheldurhone.fr\/wp-content\/uploads\/2022\/01\/Comme-lui.pdf\" class=\"wp-block-file__button\" download>T\u00e9l\u00e9charger<\/a><\/div>\n\n\n\n<p><strong>ENVOI<\/strong><strong>&nbsp;: \u00ab&nbsp;Que vienne ton\nr\u00e8gne&nbsp;\u00bb Couplets 1 et 2<\/strong><\/p>\n\n\n\n<figure class=\"wp-block-audio\"><audio controls src=\"http:\/\/paroisse.saintmicheldurhone.fr\/wp-content\/uploads\/2022\/01\/Que-vienne-ton-r\u00e8gne.mp3\"><\/audio><\/figure>\n\n\n\n<div class=\"wp-block-file\"><a href=\"http:\/\/paroisse.saintmicheldurhone.fr\/wp-content\/uploads\/2022\/01\/Que-vienne-ton-regne-pld.pdf\">Que vienne ton regne- &#8211; pld<\/a><a href=\"http:\/\/paroisse.saintmicheldurhone.fr\/wp-content\/uploads\/2022\/01\/Que-vienne-ton-regne-pld.pdf\" class=\"wp-block-file__button\" download>T\u00e9l\u00e9charger<\/a><\/div>\n","protected":false},"excerpt":{"rendered":"<p>MESSE DU 5 f\u00e9vrier 2022 \u2013 5\u00e8me Dimanche du temps ordinaire Ann\u00e9e C &#8211; Couleur liturgique&nbsp;: Vert&nbsp; &#8211;&nbsp;&nbsp; Equipe famille CHANT D\u2019ENTREE&nbsp;: Chantez, priez, c\u00e9l\u00e9brez le Seigneur A 040 &#8211; [&hellip;]<\/p>\n","protected":false},"author":1,"featured_media":0,"parent":84,"menu_order":8,"comment_status":"closed","ping_status":"closed","template":"","meta":{"_uag_custom_page_level_css":"","site-sidebar-layout":"default","site-content-layout":"default","ast-site-content-layout":"default","site-content-style":"default","site-sidebar-style":"default","ast-global-header-display":"","ast-banner-title-visibility":"","ast-main-header-display":"","ast-hfb-above-header-display":"","ast-hfb-below-header-display":"","ast-hfb-mobile-header-display":"","site-post-title":"","ast-breadcrumbs-content":"","ast-featured-img":"","footer-sml-layout":"","ast-disable-related-posts":"","theme-transparent-header-meta":"default","adv-header-id-meta":"","stick-header-meta":"","header-above-stick-meta":"","header-main-stick-meta":"","header-below-stick-meta":"","astra-migrate-meta-layouts":"default","ast-page-background-enabled":"default","ast-page-background-meta":{"desktop":{"background-color":"var(--ast-global-color-4)","background-image":"","background-repeat":"repeat","background-position":"center center","background-size":"auto","background-attachment":"scroll","background-type":"","background-media":"","overlay-type":"","overlay-color":"","overlay-opacity":"","overlay-gradient":""},"tablet":{"background-color":"","background-image":"","background-repeat":"repeat","background-position":"center center","background-size":"auto","background-attachment":"scroll","background-type":"","background-media":"","overlay-type":"","overlay-color":"","overlay-opacity":"","overlay-gradient":""},"mobile":{"background-color":"","background-image":"","background-repeat":"repeat","background-position":"center center","background-size":"auto","background-attachment":"scroll","background-type":"","background-media":"","overlay-type":"","overlay-color":"","overlay-opacity":"","overlay-gradient":""}},"ast-content-background-meta":{"desktop":{"background-color":"var(--ast-global-color-5)","background-image":"","background-repeat":"repeat","background-position":"center center","background-size":"auto","background-attachment":"scroll","background-type":"","background-media":"","overlay-type":"","overlay-color":"","overlay-opacity":"","overlay-gradient":""},"tablet":{"background-color":"var(--ast-global-color-5)","background-image":"","background-repeat":"repeat","background-position":"center center","background-size":"auto","background-attachment":"scroll","background-type":"","background-media":"","overlay-type":"","overlay-color":"","overlay-opacity":"","overlay-gradient":""},"mobile":{"background-color":"var(--ast-global-color-5)","background-image":"","background-repeat":"repeat","background-position":"center center","background-size":"auto","background-attachment":"scroll","background-type":"","background-media":"","overlay-type":"","overlay-color":"","overlay-opacity":"","overlay-gradient":""}},"footnotes":""},"class_list":["post-1567","page","type-page","status-publish","hentry"],"yoast_head":"<!-- This site is optimized with the Yoast SEO plugin v26.6 - https:\/\/yoast.com\/wordpress\/plugins\/seo\/ -->\n<title>MESSE DU 5 f\u00e9vrier 2022 \u2013 5\u00e8me Dimanche TO -<\/title>\n<meta name=\"robots\" content=\"index, follow, max-snippet:-1, max-image-preview:large, max-video-preview:-1\" \/>\n<link rel=\"canonical\" href=\"http:\/\/paroisse.saintmicheldurhone.fr\/?page_id=1567\" \/>\n<meta property=\"og:locale\" content=\"fr_FR\" \/>\n<meta property=\"og:type\" content=\"article\" \/>\n<meta property=\"og:title\" content=\"MESSE DU 5 f\u00e9vrier 2022 \u2013 5\u00e8me Dimanche TO -\" \/>\n<meta property=\"og:description\" content=\"MESSE DU 5 f\u00e9vrier 2022 \u2013 5\u00e8me Dimanche du temps ordinaire Ann\u00e9e C &#8211; Couleur liturgique&nbsp;: Vert&nbsp; &#8211;&nbsp;&nbsp; Equipe famille CHANT D\u2019ENTREE&nbsp;: Chantez, priez, c\u00e9l\u00e9brez le Seigneur A 040 &#8211; [&hellip;]\" \/>\n<meta property=\"og:url\" content=\"http:\/\/paroisse.saintmicheldurhone.fr\/?page_id=1567\" \/>\n<meta property=\"article:modified_time\" content=\"2022-01-25T19:50:37+00:00\" \/>\n<meta property=\"og:image\" content=\"http:\/\/paroisse.saintmicheldurhone.fr\/wp-content\/uploads\/2022\/01\/PS137-1024x344.jpg\" \/>\n<meta name=\"twitter:card\" content=\"summary_large_image\" \/>\n<meta name=\"twitter:label1\" content=\"Dur\u00e9e de lecture estim\u00e9e\" \/>\n\t<meta name=\"twitter:data1\" content=\"2 minutes\" \/>\n<script type=\"application\/ld+json\" class=\"yoast-schema-graph\">{\"@context\":\"https:\/\/schema.org\",\"@graph\":[{\"@type\":\"WebPage\",\"@id\":\"http:\/\/paroisse.saintmicheldurhone.fr\/?page_id=1567\",\"url\":\"http:\/\/paroisse.saintmicheldurhone.fr\/?page_id=1567\",\"name\":\"MESSE DU 5 f\u00e9vrier 2022 \u2013 5\u00e8me Dimanche TO -\",\"isPartOf\":{\"@id\":\"http:\/\/paroisse.saintmicheldurhone.fr\/#website\"},\"primaryImageOfPage\":{\"@id\":\"http:\/\/paroisse.saintmicheldurhone.fr\/?page_id=1567#primaryimage\"},\"image\":{\"@id\":\"http:\/\/paroisse.saintmicheldurhone.fr\/?page_id=1567#primaryimage\"},\"thumbnailUrl\":\"http:\/\/paroisse.saintmicheldurhone.fr\/wp-content\/uploads\/2022\/01\/PS137-1024x344.jpg\",\"datePublished\":\"2021-04-02T08:56:22+00:00\",\"dateModified\":\"2022-01-25T19:50:37+00:00\",\"breadcrumb\":{\"@id\":\"http:\/\/paroisse.saintmicheldurhone.fr\/?page_id=1567#breadcrumb\"},\"inLanguage\":\"fr-FR\",\"potentialAction\":[{\"@type\":\"ReadAction\",\"target\":[\"http:\/\/paroisse.saintmicheldurhone.fr\/?page_id=1567\"]}]},{\"@type\":\"ImageObject\",\"inLanguage\":\"fr-FR\",\"@id\":\"http:\/\/paroisse.saintmicheldurhone.fr\/?page_id=1567#primaryimage\",\"url\":\"https:\/\/paroisse.saintmicheldurhone.fr\/wp-content\/uploads\/2022\/01\/PS137.jpg\",\"contentUrl\":\"https:\/\/paroisse.saintmicheldurhone.fr\/wp-content\/uploads\/2022\/01\/PS137.jpg\",\"width\":1743,\"height\":586},{\"@type\":\"BreadcrumbList\",\"@id\":\"http:\/\/paroisse.saintmicheldurhone.fr\/?page_id=1567#breadcrumb\",\"itemListElement\":[{\"@type\":\"ListItem\",\"position\":1,\"name\":\"Accueil\",\"item\":\"https:\/\/paroisse.saintmicheldurhone.fr\/\"},{\"@type\":\"ListItem\",\"position\":2,\"name\":\"Foi &#038; Sacrements\",\"item\":\"http:\/\/paroisse.saintmicheldurhone.fr\/?page_id=84\"},{\"@type\":\"ListItem\",\"position\":3,\"name\":\"MESSE DU 5 f\u00e9vrier 2022 \u2013 5\u00e8me Dimanche TO\"}]},{\"@type\":\"WebSite\",\"@id\":\"http:\/\/paroisse.saintmicheldurhone.fr\/#website\",\"url\":\"http:\/\/paroisse.saintmicheldurhone.fr\/\",\"name\":\"Paroisse Saint Nicolas du Rh\u00f4ne\",\"description\":\"\",\"publisher\":{\"@id\":\"http:\/\/paroisse.saintmicheldurhone.fr\/#organization\"},\"potentialAction\":[{\"@type\":\"SearchAction\",\"target\":{\"@type\":\"EntryPoint\",\"urlTemplate\":\"http:\/\/paroisse.saintmicheldurhone.fr\/?s={search_term_string}\"},\"query-input\":{\"@type\":\"PropertyValueSpecification\",\"valueRequired\":true,\"valueName\":\"search_term_string\"}}],\"inLanguage\":\"fr-FR\"},{\"@type\":\"Organization\",\"@id\":\"http:\/\/paroisse.saintmicheldurhone.fr\/#organization\",\"name\":\"Paroisse Saint Nicolas du Rh\u00f4ne\",\"url\":\"http:\/\/paroisse.saintmicheldurhone.fr\/\",\"logo\":{\"@type\":\"ImageObject\",\"inLanguage\":\"fr-FR\",\"@id\":\"http:\/\/paroisse.saintmicheldurhone.fr\/#\/schema\/logo\/image\/\",\"url\":\"https:\/\/paroisse.saintmicheldurhone.fr\/wp-content\/uploads\/2022\/09\/cropped-logo-paroisse.jpg\",\"contentUrl\":\"https:\/\/paroisse.saintmicheldurhone.fr\/wp-content\/uploads\/2022\/09\/cropped-logo-paroisse.jpg\",\"width\":1228,\"height\":567,\"caption\":\"Paroisse Saint Nicolas du Rh\u00f4ne\"},\"image\":{\"@id\":\"http:\/\/paroisse.saintmicheldurhone.fr\/#\/schema\/logo\/image\/\"}}]}<\/script>\n<!-- \/ Yoast SEO plugin. -->","yoast_head_json":{"title":"MESSE DU 5 f\u00e9vrier 2022 \u2013 5\u00e8me Dimanche TO -","robots":{"index":"index","follow":"follow","max-snippet":"max-snippet:-1","max-image-preview":"max-image-preview:large","max-video-preview":"max-video-preview:-1"},"canonical":"http:\/\/paroisse.saintmicheldurhone.fr\/?page_id=1567","og_locale":"fr_FR","og_type":"article","og_title":"MESSE DU 5 f\u00e9vrier 2022 \u2013 5\u00e8me Dimanche TO -","og_description":"MESSE DU 5 f\u00e9vrier 2022 \u2013 5\u00e8me Dimanche du temps ordinaire Ann\u00e9e C &#8211; Couleur liturgique&nbsp;: Vert&nbsp; &#8211;&nbsp;&nbsp; Equipe famille CHANT D\u2019ENTREE&nbsp;: Chantez, priez, c\u00e9l\u00e9brez le Seigneur A 040 &#8211; [&hellip;]","og_url":"http:\/\/paroisse.saintmicheldurhone.fr\/?page_id=1567","article_modified_time":"2022-01-25T19:50:37+00:00","og_image":[{"url":"http:\/\/paroisse.saintmicheldurhone.fr\/wp-content\/uploads\/2022\/01\/PS137-1024x344.jpg","type":"","width":"","height":""}],"twitter_card":"summary_large_image","twitter_misc":{"Dur\u00e9e de lecture estim\u00e9e":"2 minutes"},"schema":{"@context":"https:\/\/schema.org","@graph":[{"@type":"WebPage","@id":"http:\/\/paroisse.saintmicheldurhone.fr\/?page_id=1567","url":"http:\/\/paroisse.saintmicheldurhone.fr\/?page_id=1567","name":"MESSE DU 5 f\u00e9vrier 2022 \u2013 5\u00e8me Dimanche TO -","isPartOf":{"@id":"http:\/\/paroisse.saintmicheldurhone.fr\/#website"},"primaryImageOfPage":{"@id":"http:\/\/paroisse.saintmicheldurhone.fr\/?page_id=1567#primaryimage"},"image":{"@id":"http:\/\/paroisse.saintmicheldurhone.fr\/?page_id=1567#primaryimage"},"thumbnailUrl":"http:\/\/paroisse.saintmicheldurhone.fr\/wp-content\/uploads\/2022\/01\/PS137-1024x344.jpg","datePublished":"2021-04-02T08:56:22+00:00","dateModified":"2022-01-25T19:50:37+00:00","breadcrumb":{"@id":"http:\/\/paroisse.saintmicheldurhone.fr\/?page_id=1567#breadcrumb"},"inLanguage":"fr-FR","potentialAction":[{"@type":"ReadAction","target":["http:\/\/paroisse.saintmicheldurhone.fr\/?page_id=1567"]}]},{"@type":"ImageObject","inLanguage":"fr-FR","@id":"http:\/\/paroisse.saintmicheldurhone.fr\/?page_id=1567#primaryimage","url":"https:\/\/paroisse.saintmicheldurhone.fr\/wp-content\/uploads\/2022\/01\/PS137.jpg","contentUrl":"https:\/\/paroisse.saintmicheldurhone.fr\/wp-content\/uploads\/2022\/01\/PS137.jpg","width":1743,"height":586},{"@type":"BreadcrumbList","@id":"http:\/\/paroisse.saintmicheldurhone.fr\/?page_id=1567#breadcrumb","itemListElement":[{"@type":"ListItem","position":1,"name":"Accueil","item":"https:\/\/paroisse.saintmicheldurhone.fr\/"},{"@type":"ListItem","position":2,"name":"Foi &#038; Sacrements","item":"http:\/\/paroisse.saintmicheldurhone.fr\/?page_id=84"},{"@type":"ListItem","position":3,"name":"MESSE DU 5 f\u00e9vrier 2022 \u2013 5\u00e8me Dimanche TO"}]},{"@type":"WebSite","@id":"http:\/\/paroisse.saintmicheldurhone.fr\/#website","url":"http:\/\/paroisse.saintmicheldurhone.fr\/","name":"Paroisse Saint Nicolas du Rh\u00f4ne","description":"","publisher":{"@id":"http:\/\/paroisse.saintmicheldurhone.fr\/#organization"},"potentialAction":[{"@type":"SearchAction","target":{"@type":"EntryPoint","urlTemplate":"http:\/\/paroisse.saintmicheldurhone.fr\/?s={search_term_string}"},"query-input":{"@type":"PropertyValueSpecification","valueRequired":true,"valueName":"search_term_string"}}],"inLanguage":"fr-FR"},{"@type":"Organization","@id":"http:\/\/paroisse.saintmicheldurhone.fr\/#organization","name":"Paroisse Saint Nicolas du Rh\u00f4ne","url":"http:\/\/paroisse.saintmicheldurhone.fr\/","logo":{"@type":"ImageObject","inLanguage":"fr-FR","@id":"http:\/\/paroisse.saintmicheldurhone.fr\/#\/schema\/logo\/image\/","url":"https:\/\/paroisse.saintmicheldurhone.fr\/wp-content\/uploads\/2022\/09\/cropped-logo-paroisse.jpg","contentUrl":"https:\/\/paroisse.saintmicheldurhone.fr\/wp-content\/uploads\/2022\/09\/cropped-logo-paroisse.jpg","width":1228,"height":567,"caption":"Paroisse Saint Nicolas du Rh\u00f4ne"},"image":{"@id":"http:\/\/paroisse.saintmicheldurhone.fr\/#\/schema\/logo\/image\/"}}]}},"uagb_featured_image_src":{"full":false,"thumbnail":false,"medium":false,"medium_large":false,"large":false,"1536x1536":false,"2048x2048":false},"uagb_author_info":{"display_name":"2019","author_link":"https:\/\/paroisse.saintmicheldurhone.fr\/?author=1"},"uagb_comment_info":0,"uagb_excerpt":"MESSE DU 5 f\u00e9vrier 2022 \u2013 5\u00e8me Dimanche du temps ordinaire Ann\u00e9e C &#8211; Couleur liturgique&nbsp;: Vert&nbsp; &#8211;&nbsp;&nbsp; Equipe famille CHANT D\u2019ENTREE&nbsp;: Chantez, priez, c\u00e9l\u00e9brez le Seigneur A 040 &#8211; [&hellip;]","_links":{"self":[{"href":"https:\/\/paroisse.saintmicheldurhone.fr\/index.php?rest_route=\/wp\/v2\/pages\/1567","targetHints":{"allow":["GET"]}}],"collection":[{"href":"https:\/\/paroisse.saintmicheldurhone.fr\/index.php?rest_route=\/wp\/v2\/pages"}],"about":[{"href":"https:\/\/paroisse.saintmicheldurhone.fr\/index.php?rest_route=\/wp\/v2\/types\/page"}],"author":[{"embeddable":true,"href":"https:\/\/paroisse.saintmicheldurhone.fr\/index.php?rest_route=\/wp\/v2\/users\/1"}],"replies":[{"embeddable":true,"href":"https:\/\/paroisse.saintmicheldurhone.fr\/index.php?rest_route=%2Fwp%2Fv2%2Fcomments&post=1567"}],"version-history":[{"count":38,"href":"https:\/\/paroisse.saintmicheldurhone.fr\/index.php?rest_route=\/wp\/v2\/pages\/1567\/revisions"}],"predecessor-version":[{"id":2283,"href":"https:\/\/paroisse.saintmicheldurhone.fr\/index.php?rest_route=\/wp\/v2\/pages\/1567\/revisions\/2283"}],"up":[{"embeddable":true,"href":"https:\/\/paroisse.saintmicheldurhone.fr\/index.php?rest_route=\/wp\/v2\/pages\/84"}],"wp:attachment":[{"href":"https:\/\/paroisse.saintmicheldurhone.fr\/index.php?rest_route=%2Fwp%2Fv2%2Fmedia&parent=1567"}],"curies":[{"name":"wp","href":"https:\/\/api.w.org\/{rel}","templated":true}]}}