{"id":2279,"date":"2022-01-25T20:32:11","date_gmt":"2022-01-25T19:32:11","guid":{"rendered":"http:\/\/paroisse.saintmicheldurhone.fr\/?page_id=2279"},"modified":"2023-10-27T10:03:19","modified_gmt":"2023-10-27T08:03:19","slug":"messes-des-familles","status":"publish","type":"page","link":"https:\/\/paroisse.saintmicheldurhone.fr\/?page_id=2279","title":{"rendered":"Quelques chants"},"content":{"rendered":"\n<p class=\"has-background has-huge-font-size has-pale-cyan-blue-background-color\">Cantiques<\/p>\n\n\n\n<div class=\"wp-block-file\"><a href=\"http:\/\/paroisse.saintmicheldurhone.fr\/wp-content\/uploads\/2022\/01\/Chantez-priez-celebrez_le_Seigneur_A40_73.pdf\">Chantez, priez celebrez_le_Seigneur_A40_73<\/a><a href=\"http:\/\/paroisse.saintmicheldurhone.fr\/wp-content\/uploads\/2022\/01\/Chantez-priez-celebrez_le_Seigneur_A40_73.pdf\" class=\"wp-block-file__button\" download>T\u00e9l\u00e9charger<\/a><\/div>\n\n\n\n<figure class=\"wp-block-audio\"><audio controls src=\"http:\/\/paroisse.saintmicheldurhone.fr\/wp-content\/uploads\/2022\/01\/Chantez-priez-c\u00e9l\u00e9brez.mp3\"><\/audio><\/figure>\n\n\n\n<div class=\"wp-block-file\"><a href=\"http:\/\/paroisse.saintmicheldurhone.fr\/wp-content\/uploads\/2022\/01\/Que-vienne-ton-regne-pld.pdf\">Que vienne ton regne- &#8211; pld<\/a><a href=\"http:\/\/paroisse.saintmicheldurhone.fr\/wp-content\/uploads\/2022\/01\/Que-vienne-ton-regne-pld.pdf\" class=\"wp-block-file__button\" download>T\u00e9l\u00e9charger<\/a><\/div>\n\n\n\n<figure class=\"wp-block-audio\"><audio controls src=\"http:\/\/paroisse.saintmicheldurhone.fr\/wp-content\/uploads\/2022\/01\/Que-vienne-ton-r\u00e8gne.mp3\"><\/audio><\/figure>\n\n\n\n<div class=\"wp-block-file\"><a href=\"http:\/\/paroisse.saintmicheldurhone.fr\/wp-content\/uploads\/2022\/02\/93710350g-244-peuple-de-l-alliance-pdf.pdf\">g-244-peuple-de-l-alliance-pdf<\/a><a href=\"http:\/\/paroisse.saintmicheldurhone.fr\/wp-content\/uploads\/2022\/02\/93710350g-244-peuple-de-l-alliance-pdf.pdf\" class=\"wp-block-file__button\" download>T\u00e9l\u00e9charger<\/a><\/div>\n\n\n\n<figure class=\"wp-block-audio\"><audio controls src=\"http:\/\/paroisse.saintmicheldurhone.fr\/wp-content\/uploads\/2022\/03\/Peuple-de-lalliance-.mp3\"><\/audio><\/figure>\n\n\n\n<div class=\"wp-block-file\"><a href=\"http:\/\/paroisse.saintmicheldurhone.fr\/wp-content\/uploads\/2022\/02\/ET-LE-MONDE-IRA-BEAUCOUP-G523-EDIT-585.pdf\">ET LE MONDE IRA BEAUCOUP G523 EDIT 585<\/a><a href=\"http:\/\/paroisse.saintmicheldurhone.fr\/wp-content\/uploads\/2022\/02\/ET-LE-MONDE-IRA-BEAUCOUP-G523-EDIT-585.pdf\" class=\"wp-block-file__button\" download>T\u00e9l\u00e9charger<\/a><\/div>\n\n\n\n<figure class=\"wp-block-audio\"><audio controls src=\"http:\/\/paroisse.saintmicheldurhone.fr\/wp-content\/uploads\/2022\/03\/Et-le-monde-ira-beaucoup-mieux.mp3\"><\/audio><\/figure>\n\n\n\n<div class=\"wp-block-file\"><a href=\"http:\/\/paroisse.saintmicheldurhone.fr\/wp-content\/uploads\/2022\/03\/Victoire-Tu-r\u00e8gneras-H32.pdf\">Victoire ! Tu r\u00e8gneras ! H32<\/a><a href=\"http:\/\/paroisse.saintmicheldurhone.fr\/wp-content\/uploads\/2022\/03\/Victoire-Tu-r\u00e8gneras-H32.pdf\" class=\"wp-block-file__button\" download>T\u00e9l\u00e9charger<\/a><\/div>\n\n\n\n<figure class=\"wp-block-audio\"><audio controls src=\"http:\/\/paroisse.saintmicheldurhone.fr\/wp-content\/uploads\/2022\/03\/Victoire-tu-regneras-H32.mp3\"><\/audio><\/figure>\n\n\n\n<div class=\"wp-block-file\"><a href=\"http:\/\/paroisse.saintmicheldurhone.fr\/wp-content\/uploads\/2022\/03\/Hosanna-JEM-579.pdf\">Hosanna JEM 579<\/a><a href=\"http:\/\/paroisse.saintmicheldurhone.fr\/wp-content\/uploads\/2022\/03\/Hosanna-JEM-579.pdf\" class=\"wp-block-file__button\" download>T\u00e9l\u00e9charger<\/a><\/div>\n\n\n\n<figure class=\"wp-block-audio\"><audio controls src=\"http:\/\/paroisse.saintmicheldurhone.fr\/wp-content\/uploads\/2022\/03\/Hosanna-jem573.mp3\"><\/audio><\/figure>\n\n\n\n<div class=\"wp-block-file\"><a href=\"http:\/\/paroisse.saintmicheldurhone.fr\/wp-content\/uploads\/2022\/03\/Comme-un-souffle-fragile-U45_20220330_0001.pdf\">Comme un souffle fragile U45_20220330_0001<\/a><a href=\"http:\/\/paroisse.saintmicheldurhone.fr\/wp-content\/uploads\/2022\/03\/Comme-un-souffle-fragile-U45_20220330_0001.pdf\" class=\"wp-block-file__button\" download>T\u00e9l\u00e9charger<\/a><\/div>\n\n\n\n<figure class=\"wp-block-audio\"><audio controls src=\"http:\/\/paroisse.saintmicheldurhone.fr\/wp-content\/uploads\/2022\/03\/Comme-un-souffle-fragile-U45.mp3\"><\/audio><\/figure>\n\n\n\n<p>Chercher avec toi Marie<\/p>\n\n\n\n<figure class=\"wp-block-audio\"><audio controls src=\"http:\/\/paroisse.saintmicheldurhone.fr\/wp-content\/uploads\/2022\/05\/chercher-avec-toi-marie-chant-catholique.mp3\"><\/audio><\/figure>\n\n\n\n<p>Nous chanterons pour toi<\/p>\n\n\n\n<figure class=\"wp-block-audio\"><audio controls src=\"http:\/\/paroisse.saintmicheldurhone.fr\/wp-content\/uploads\/2022\/05\/nous-chanterons-pour-toi-seigneur.mp3\"><\/audio><\/figure>\n\n\n<a href=\"https:\/\/paroisse.saintmicheldurhone.fr\/wp-content\/uploads\/2022\/02\/Laudato-Si.pdf\" class=\"pdfemb-viewer\" style=\"\" data-width=\"max\" data-height=\"max\" data-toolbar=\"bottom\" data-toolbar-fixed=\"on\">Laudato-Si<\/a>\n<p class=\"wp-block-pdfemb-pdf-embedder-viewer\"><\/p>\n\n\n\n<figure class=\"wp-block-audio\"><audio controls src=\"http:\/\/paroisse.saintmicheldurhone.fr\/wp-content\/uploads\/2022\/02\/Laudato-Si.mp3\"><\/audio><\/figure>\n\n\n\n<p class=\"has-text-color has-background has-large-font-size has-very-light-gray-color has-vivid-purple-background-color\"><a href=\"http:\/\/paroisse.saintmicheldurhone.fr\/?page_id=2410\">Chants de car\u00eame ICI<\/a><\/p>\n\n\n\n<p class=\"has-background has-huge-font-size has-pale-cyan-blue-background-color\">Demandes de pardon<\/p>\n\n\n\n<div class=\"wp-block-file\"><a href=\"http:\/\/paroisse.saintmicheldurhone.fr\/wp-content\/uploads\/2022\/01\/J\u00e9sus-le-Christ.pdf\">J\u00e9sus le Christ<\/a><a href=\"http:\/\/paroisse.saintmicheldurhone.fr\/wp-content\/uploads\/2022\/01\/J\u00e9sus-le-Christ.pdf\" class=\"wp-block-file__button\" download>T\u00e9l\u00e9charger<\/a><\/div>\n\n\n\n<figure class=\"wp-block-audio\"><audio controls src=\"http:\/\/paroisse.saintmicheldurhone.fr\/wp-content\/uploads\/2022\/01\/J\u00e9sus-le-Christ.mp3\"><\/audio><\/figure>\n\n\n\n<div class=\"wp-block-file\"><a href=\"http:\/\/paroisse.saintmicheldurhone.fr\/wp-content\/uploads\/2022\/02\/Messe-de-Saint-Fran\u00e7ois-Xavier-Kyrie.pdf\">Messe de Saint Fran\u00e7ois-Xavier &#8211; Kyrie<\/a><a href=\"http:\/\/paroisse.saintmicheldurhone.fr\/wp-content\/uploads\/2022\/02\/Messe-de-Saint-Fran\u00e7ois-Xavier-Kyrie.pdf\" class=\"wp-block-file__button\" download>T\u00e9l\u00e9charger<\/a><\/div>\n\n\n\n<p class=\"has-background has-huge-font-size has-pale-cyan-blue-background-color\">Gloire \u00e0 Dieu<\/p>\n\n\n\n<div class=\"wp-block-file\"><a href=\"http:\/\/paroisse.saintmicheldurhone.fr\/wp-content\/uploads\/2022\/01\/Rendons-Gloire-\u00e0-notre-Dieu.pdf\">Rendons Gloire \u00e0 notre Dieu<\/a><a href=\"http:\/\/paroisse.saintmicheldurhone.fr\/wp-content\/uploads\/2022\/01\/Rendons-Gloire-\u00e0-notre-Dieu.pdf\" class=\"wp-block-file__button\" download>T\u00e9l\u00e9charger<\/a><\/div>\n\n\n\n<figure class=\"wp-block-audio\"><audio controls src=\"http:\/\/paroisse.saintmicheldurhone.fr\/wp-content\/uploads\/2022\/01\/Rendons-gloire-\u00e0-notre-Dieu.mp3\"><\/audio><\/figure>\n\n\n\n<p>Gloire \u00e0 Dieu &#8211; Patrick RICHARD<\/p>\n\n\n\n<figure class=\"wp-block-audio\"><audio controls src=\"http:\/\/paroisse.saintmicheldurhone.fr\/wp-content\/uploads\/2022\/04\/Gloire-\u00e0-Dieu-p-Richard.mp3\"><\/audio><\/figure>\n\n\n\n<p class=\"has-background has-huge-font-size has-pale-cyan-blue-background-color\">Acclamations<\/p>\n\n\n\n<figure class=\"wp-block-image size-large\"><img loading=\"lazy\" decoding=\"async\" width=\"1024\" height=\"349\" src=\"http:\/\/paroisse.saintmicheldurhone.fr\/wp-content\/uploads\/2022\/01\/Alleluia-1024x349.jpg\" alt=\"\" class=\"wp-image-2223\" srcset=\"https:\/\/paroisse.saintmicheldurhone.fr\/wp-content\/uploads\/2022\/01\/Alleluia-1024x349.jpg 1024w, https:\/\/paroisse.saintmicheldurhone.fr\/wp-content\/uploads\/2022\/01\/Alleluia-300x102.jpg 300w, https:\/\/paroisse.saintmicheldurhone.fr\/wp-content\/uploads\/2022\/01\/Alleluia-768x262.jpg 768w, https:\/\/paroisse.saintmicheldurhone.fr\/wp-content\/uploads\/2022\/01\/Alleluia-1536x523.jpg 1536w, https:\/\/paroisse.saintmicheldurhone.fr\/wp-content\/uploads\/2022\/01\/Alleluia.jpg 1603w\" sizes=\"auto, (max-width: 1024px) 100vw, 1024px\" \/><\/figure>\n\n\n\n<figure class=\"wp-block-audio\"><audio controls src=\"http:\/\/paroisse.saintmicheldurhone.fr\/wp-content\/uploads\/2022\/01\/All\u00e9luia.mp3\"><\/audio><\/figure>\n\n\n\n<div class=\"wp-block-file\"><a href=\"http:\/\/paroisse.saintmicheldurhone.fr\/wp-content\/uploads\/2022\/02\/Gloire-au-Christ-Acclamation-Evangile.pdf\">Gloire-au-Christ-Acclamation-Evangile<\/a><a href=\"http:\/\/paroisse.saintmicheldurhone.fr\/wp-content\/uploads\/2022\/02\/Gloire-au-Christ-Acclamation-Evangile.pdf\" class=\"wp-block-file__button\" download>T\u00e9l\u00e9charger<\/a><\/div>\n\n\n\n<p>Chante all\u00e9luia au Seigneur<\/p>\n\n\n\n<figure class=\"wp-block-audio\"><audio controls src=\"http:\/\/paroisse.saintmicheldurhone.fr\/wp-content\/uploads\/2022\/05\/chante-alleluia-au-seigneur.mp3\"><\/audio><\/figure>\n\n\n\n<figure class=\"wp-block-audio\"><audio controls><\/audio><\/figure>\n\n\n\n<p class=\"has-background has-huge-font-size has-pale-cyan-blue-background-color\">Refrains Pri\u00e8res Universelles<\/p>\n\n\n\n<div class=\"wp-block-file\"><a href=\"http:\/\/paroisse.saintmicheldurhone.fr\/wp-content\/uploads\/2022\/01\/Accueil-au-creux-de-tes-mains.pdf\">Accueil au creux de tes mains<\/a><a href=\"http:\/\/paroisse.saintmicheldurhone.fr\/wp-content\/uploads\/2022\/01\/Accueil-au-creux-de-tes-mains.pdf\" class=\"wp-block-file__button\" download>T\u00e9l\u00e9charger<\/a><\/div>\n\n\n\n<figure class=\"wp-block-audio\"><audio controls src=\"http:\/\/paroisse.saintmicheldurhone.fr\/wp-content\/uploads\/2022\/01\/Accueil-au-creux-de-tes-mains.mp3\"><\/audio><\/figure>\n\n\n\n<div class=\"wp-block-file\"><a href=\"http:\/\/paroisse.saintmicheldurhone.fr\/wp-content\/uploads\/2022\/02\/seigneur_que_selevent_nos_prieres.pdf\">seigneur_que_selevent_nos_prieres<\/a><a href=\"http:\/\/paroisse.saintmicheldurhone.fr\/wp-content\/uploads\/2022\/02\/seigneur_que_selevent_nos_prieres.pdf\" class=\"wp-block-file__button\" download>T\u00e9l\u00e9charger<\/a><\/div>\n\n\n\n<figure class=\"wp-block-audio\"><audio controls src=\"http:\/\/paroisse.saintmicheldurhone.fr\/wp-content\/uploads\/2022\/03\/Seigneur-que-s\u00e9l\u00e8ve-nos-pri\u00e8res.mp3\"><\/audio><\/figure>\n\n\n\n<p>O Christ ressuscit\u00e9 exauce nous<\/p>\n\n\n\n<figure class=\"wp-block-audio\"><audio controls src=\"http:\/\/paroisse.saintmicheldurhone.fr\/wp-content\/uploads\/2022\/05\/o-christ-ressuscite-exauce-nous-priere-universelle.mp3\"><\/audio><\/figure>\n\n\n\n<p class=\"has-background has-huge-font-size has-pale-cyan-blue-background-color\">Sanctus<\/p>\n\n\n\n<div class=\"wp-block-file\"><a href=\"http:\/\/paroisse.saintmicheldurhone.fr\/wp-content\/uploads\/2022\/01\/sanctus-messe-du-Frat-Glorious.pdf\">sanctus messe du Frat Glorious<\/a><a href=\"http:\/\/paroisse.saintmicheldurhone.fr\/wp-content\/uploads\/2022\/01\/sanctus-messe-du-Frat-Glorious.pdf\" class=\"wp-block-file__button\" download>T\u00e9l\u00e9charger<\/a><\/div>\n\n\n\n<figure class=\"wp-block-audio\"><audio controls src=\"http:\/\/paroisse.saintmicheldurhone.fr\/wp-content\/uploads\/2022\/01\/Sanctus-messe-du-frat-Glorious.mp3\"><\/audio><\/figure>\n\n\n\n<div class=\"wp-block-file\"><a href=\"http:\/\/paroisse.saintmicheldurhone.fr\/wp-content\/uploads\/2022\/02\/Messe-de-Saint-Fran\u00e7ois-Xavier-Sanctus.pdf\">Messe de Saint Fran\u00e7ois-Xavier &#8211; Sanctus<\/a><a href=\"http:\/\/paroisse.saintmicheldurhone.fr\/wp-content\/uploads\/2022\/02\/Messe-de-Saint-Fran\u00e7ois-Xavier-Sanctus.pdf\" class=\"wp-block-file__button\" download>T\u00e9l\u00e9charger<\/a><\/div>\n\n\n\n<figure class=\"wp-block-audio\"><audio controls><\/audio><\/figure>\n\n\n\n<div class=\"wp-block-file\"><a href=\"http:\/\/paroisse.saintmicheldurhone.fr\/wp-content\/uploads\/2022\/03\/06-Messe-Soleil-des-Nations-Sanctus.pdf\">06 Messe Soleil des Nations &#8211; Sanctus<\/a><a href=\"http:\/\/paroisse.saintmicheldurhone.fr\/wp-content\/uploads\/2022\/03\/06-Messe-Soleil-des-Nations-Sanctus.pdf\" class=\"wp-block-file__button\" download>T\u00e9l\u00e9charger<\/a><\/div>\n\n\n\n<figure class=\"wp-block-audio\"><audio controls src=\"http:\/\/paroisse.saintmicheldurhone.fr\/wp-content\/uploads\/2022\/03\/Sanctus-messe-Soleil-des-nations.mp3\"><\/audio><\/figure>\n\n\n\n<p> Saint le Tr\u00e8s haut <\/p>\n\n\n\n<figure class=\"wp-block-audio\"><audio controls src=\"http:\/\/paroisse.saintmicheldurhone.fr\/wp-content\/uploads\/2022\/05\/messe-de-lalliance-saint-le-tres-haut.mp3\"><\/audio><\/figure>\n\n\n\n<p class=\"has-background has-huge-font-size has-pale-cyan-blue-background-color\">Anamn\u00e8se<\/p>\n\n\n\n<div class=\"wp-block-file\"><a href=\"http:\/\/paroisse.saintmicheldurhone.fr\/wp-content\/uploads\/2022\/01\/Amanm\u00e8se-messe-du-Frat-Glorious.pdf\">Amanm\u00e8se messe du Frat Glorious<\/a><a href=\"http:\/\/paroisse.saintmicheldurhone.fr\/wp-content\/uploads\/2022\/01\/Amanm\u00e8se-messe-du-Frat-Glorious.pdf\" class=\"wp-block-file__button\" download>T\u00e9l\u00e9charger<\/a><\/div>\n\n\n\n<figure class=\"wp-block-audio\"><audio controls src=\"http:\/\/paroisse.saintmicheldurhone.fr\/wp-content\/uploads\/2022\/01\/AnamnfratGlorious.mp3\"><\/audio><\/figure>\n\n\n\n<div class=\"wp-block-file\"><a href=\"http:\/\/paroisse.saintmicheldurhone.fr\/wp-content\/uploads\/2022\/02\/Messe-de-Saint-Fran\u00e7ois-Xavier-Anamn\u00e8se.pdf\">Messe de Saint Fran\u00e7ois-Xavier &#8211; Anamn\u00e8se<\/a><a href=\"http:\/\/paroisse.saintmicheldurhone.fr\/wp-content\/uploads\/2022\/02\/Messe-de-Saint-Fran\u00e7ois-Xavier-Anamn\u00e8se.pdf\" class=\"wp-block-file__button\" download>T\u00e9l\u00e9charger<\/a><\/div>\n\n\n\n<div class=\"wp-block-file\"><a href=\"http:\/\/paroisse.saintmicheldurhone.fr\/wp-content\/uploads\/2022\/03\/07-Messe-Soleil-des-Nations-Anamn\u00e8se.pdf\">07 Messe Soleil des Nations &#8211; Anamn\u00e8se<\/a><a href=\"http:\/\/paroisse.saintmicheldurhone.fr\/wp-content\/uploads\/2022\/03\/07-Messe-Soleil-des-Nations-Anamn\u00e8se.pdf\" class=\"wp-block-file__button\" download>T\u00e9l\u00e9charger<\/a><\/div>\n\n\n\n<figure class=\"wp-block-audio\"><audio controls src=\"http:\/\/paroisse.saintmicheldurhone.fr\/wp-content\/uploads\/2022\/03\/Anamn\u00e8se-Soleil-des-nations.mp3\"><\/audio><\/figure>\n\n\n\n<p> Tu es venu, Tu reviendras <\/p>\n\n\n\n<figure class=\"wp-block-audio\"><audio controls src=\"http:\/\/paroisse.saintmicheldurhone.fr\/wp-content\/uploads\/2022\/05\/tu-est-venu-tu-reviendrasflv.mp3\"><\/audio><\/figure>\n\n\n\n<p class=\"has-background has-huge-font-size has-pale-cyan-blue-background-color\">Agneau de Dieu<\/p>\n\n\n\n<div class=\"wp-block-file\"><a href=\"http:\/\/paroisse.saintmicheldurhone.fr\/wp-content\/uploads\/2022\/01\/Agnus-messe-polyphonique-P.-Richard.pdf\">Agnus messe polyphonique P. Richard<\/a><a href=\"http:\/\/paroisse.saintmicheldurhone.fr\/wp-content\/uploads\/2022\/01\/Agnus-messe-polyphonique-P.-Richard.pdf\" class=\"wp-block-file__button\" download>T\u00e9l\u00e9charger<\/a><\/div>\n\n\n\n<figure class=\"wp-block-audio\"><audio controls src=\"http:\/\/paroisse.saintmicheldurhone.fr\/wp-content\/uploads\/2022\/01\/AgnusRichard.mp3\"><\/audio><\/figure>\n\n\n\n<div class=\"wp-block-file\"><a href=\"http:\/\/paroisse.saintmicheldurhone.fr\/wp-content\/uploads\/2022\/02\/Messe-de-Saint-Fran\u00e7ois-Xavier-Agnus.pdf\">Messe de Saint Fran\u00e7ois-Xavier &#8211; Agnus<\/a><a href=\"http:\/\/paroisse.saintmicheldurhone.fr\/wp-content\/uploads\/2022\/02\/Messe-de-Saint-Fran\u00e7ois-Xavier-Agnus.pdf\" class=\"wp-block-file__button\" download>T\u00e9l\u00e9charger<\/a><\/div>\n\n\n\n<figure class=\"wp-block-audio\"><audio controls src=\"http:\/\/paroisse.saintmicheldurhone.fr\/wp-content\/uploads\/2022\/03\/Agneau-de-Dieu-messe-de-St-Fran\u00e7ois-Xavier.mp3\"><\/audio><\/figure>\n\n\n\n<p> La paix, la paix, donne-nous Seigneur la paix&nbsp;  <\/p>\n\n\n\n<figure class=\"wp-block-audio\"><audio controls src=\"http:\/\/paroisse.saintmicheldurhone.fr\/wp-content\/uploads\/2022\/05\/raymond-fau-donne-nous-la-paix.mp3\"><\/audio><\/figure>\n\n\n\n<p class=\"has-background has-huge-font-size has-pale-cyan-blue-background-color\">Offertoire<\/p>\n\n\n\n<div class=\"wp-block-file\"><a href=\"http:\/\/paroisse.saintmicheldurhone.fr\/wp-content\/uploads\/2022\/01\/Comme-lui.pdf\">Comme lui<\/a><a href=\"http:\/\/paroisse.saintmicheldurhone.fr\/wp-content\/uploads\/2022\/01\/Comme-lui.pdf\" class=\"wp-block-file__button\" download>T\u00e9l\u00e9charger<\/a><\/div>\n\n\n\n<figure class=\"wp-block-audio\"><audio controls src=\"http:\/\/paroisse.saintmicheldurhone.fr\/wp-content\/uploads\/2022\/01\/Comme-lui.-Robert-Lebel.mp3\"><\/audio><\/figure>\n\n\n\n<figure class=\"wp-block-audio\"><audio controls src=\"http:\/\/paroisse.saintmicheldurhone.fr\/wp-content\/uploads\/2022\/04\/Venez-approchons-nous.mp3\"><\/audio><\/figure>\n\n\n\n<p class=\"has-background has-huge-font-size has-pale-cyan-blue-background-color\">Notre P\u00e8re<\/p>\n\n\n\n<div class=\"wp-block-file\"><a href=\"http:\/\/paroisse.saintmicheldurhone.fr\/wp-content\/uploads\/2022\/02\/Notre-P\u00e8re-messe-de-la-grace-Glorious.pdf\">Notre P\u00e8re messe de la grace Glorious<\/a><a href=\"http:\/\/paroisse.saintmicheldurhone.fr\/wp-content\/uploads\/2022\/02\/Notre-P\u00e8re-messe-de-la-grace-Glorious.pdf\" class=\"wp-block-file__button\" download>T\u00e9l\u00e9charger<\/a><\/div>\n\n\n\n<figure class=\"wp-block-audio\"><audio controls><\/audio><\/figure>\n\n\n\n<p class=\"has-background has-huge-font-size has-pale-cyan-blue-background-color\">Communion<\/p>\n\n\n\n<div class=\"wp-block-file\"><a href=\"http:\/\/paroisse.saintmicheldurhone.fr\/wp-content\/uploads\/2022\/02\/Venez-approchons-nous.pdf\">Venez approchons-nous<\/a><a href=\"http:\/\/paroisse.saintmicheldurhone.fr\/wp-content\/uploads\/2022\/02\/Venez-approchons-nous.pdf\" class=\"wp-block-file__button\" download>T\u00e9l\u00e9charger<\/a><\/div>\n","protected":false},"excerpt":{"rendered":"<p>Cantiques Chercher avec toi Marie Nous chanterons pour toi Chants de car\u00eame ICI Demandes de pardon Gloire \u00e0 Dieu Gloire \u00e0 Dieu &#8211; Patrick RICHARD Acclamations Chante all\u00e9luia au Seigneur [&hellip;]<\/p>\n","protected":false},"author":1,"featured_media":0,"parent":0,"menu_order":0,"comment_status":"closed","ping_status":"closed","template":"","meta":{"_uag_custom_page_level_css":"","site-sidebar-layout":"default","site-content-layout":"default","ast-site-content-layout":"default","site-content-style":"default","site-sidebar-style":"default","ast-global-header-display":"","ast-banner-title-visibility":"","ast-main-header-display":"","ast-hfb-above-header-display":"","ast-hfb-below-header-display":"","ast-hfb-mobile-header-display":"","site-post-title":"","ast-breadcrumbs-content":"","ast-featured-img":"","footer-sml-layout":"","ast-disable-related-posts":"","theme-transparent-header-meta":"default","adv-header-id-meta":"","stick-header-meta":"","header-above-stick-meta":"","header-main-stick-meta":"","header-below-stick-meta":"","astra-migrate-meta-layouts":"default","ast-page-background-enabled":"default","ast-page-background-meta":{"desktop":{"background-color":"var(--ast-global-color-4)","background-image":"","background-repeat":"repeat","background-position":"center center","background-size":"auto","background-attachment":"scroll","background-type":"","background-media":"","overlay-type":"","overlay-color":"","overlay-opacity":"","overlay-gradient":""},"tablet":{"background-color":"","background-image":"","background-repeat":"repeat","background-position":"center center","background-size":"auto","background-attachment":"scroll","background-type":"","background-media":"","overlay-type":"","overlay-color":"","overlay-opacity":"","overlay-gradient":""},"mobile":{"background-color":"","background-image":"","background-repeat":"repeat","background-position":"center center","background-size":"auto","background-attachment":"scroll","background-type":"","background-media":"","overlay-type":"","overlay-color":"","overlay-opacity":"","overlay-gradient":""}},"ast-content-background-meta":{"desktop":{"background-color":"var(--ast-global-color-5)","background-image":"","background-repeat":"repeat","background-position":"center center","background-size":"auto","background-attachment":"scroll","background-type":"","background-media":"","overlay-type":"","overlay-color":"","overlay-opacity":"","overlay-gradient":""},"tablet":{"background-color":"var(--ast-global-color-5)","background-image":"","background-repeat":"repeat","background-position":"center center","background-size":"auto","background-attachment":"scroll","background-type":"","background-media":"","overlay-type":"","overlay-color":"","overlay-opacity":"","overlay-gradient":""},"mobile":{"background-color":"var(--ast-global-color-5)","background-image":"","background-repeat":"repeat","background-position":"center center","background-size":"auto","background-attachment":"scroll","background-type":"","background-media":"","overlay-type":"","overlay-color":"","overlay-opacity":"","overlay-gradient":""}},"footnotes":""},"class_list":["post-2279","page","type-page","status-publish","hentry"],"yoast_head":"<!-- This site is optimized with the Yoast SEO plugin v26.6 - https:\/\/yoast.com\/wordpress\/plugins\/seo\/ -->\n<title>Quelques chants -<\/title>\n<meta name=\"robots\" content=\"index, follow, max-snippet:-1, max-image-preview:large, max-video-preview:-1\" \/>\n<link rel=\"canonical\" href=\"http:\/\/paroisse.saintmicheldurhone.fr\/?page_id=2279\" \/>\n<meta property=\"og:locale\" content=\"fr_FR\" \/>\n<meta property=\"og:type\" content=\"article\" \/>\n<meta property=\"og:title\" content=\"Quelques chants -\" \/>\n<meta property=\"og:description\" content=\"Cantiques Chercher avec toi Marie Nous chanterons pour toi Chants de car\u00eame ICI Demandes de pardon Gloire \u00e0 Dieu Gloire \u00e0 Dieu &#8211; Patrick RICHARD Acclamations Chante all\u00e9luia au Seigneur [&hellip;]\" \/>\n<meta property=\"og:url\" content=\"http:\/\/paroisse.saintmicheldurhone.fr\/?page_id=2279\" \/>\n<meta property=\"article:modified_time\" content=\"2023-10-27T08:03:19+00:00\" \/>\n<meta property=\"og:image\" content=\"http:\/\/paroisse.saintmicheldurhone.fr\/wp-content\/uploads\/2022\/01\/Alleluia-1024x349.jpg\" \/>\n<meta name=\"twitter:card\" content=\"summary_large_image\" \/>\n<meta name=\"twitter:label1\" content=\"Dur\u00e9e de lecture estim\u00e9e\" \/>\n\t<meta name=\"twitter:data1\" content=\"1 minute\" \/>\n<script type=\"application\/ld+json\" class=\"yoast-schema-graph\">{\"@context\":\"https:\/\/schema.org\",\"@graph\":[{\"@type\":\"WebPage\",\"@id\":\"http:\/\/paroisse.saintmicheldurhone.fr\/?page_id=2279\",\"url\":\"http:\/\/paroisse.saintmicheldurhone.fr\/?page_id=2279\",\"name\":\"Quelques chants -\",\"isPartOf\":{\"@id\":\"http:\/\/paroisse.saintmicheldurhone.fr\/#website\"},\"primaryImageOfPage\":{\"@id\":\"http:\/\/paroisse.saintmicheldurhone.fr\/?page_id=2279#primaryimage\"},\"image\":{\"@id\":\"http:\/\/paroisse.saintmicheldurhone.fr\/?page_id=2279#primaryimage\"},\"thumbnailUrl\":\"http:\/\/paroisse.saintmicheldurhone.fr\/wp-content\/uploads\/2022\/01\/Alleluia-1024x349.jpg\",\"datePublished\":\"2022-01-25T19:32:11+00:00\",\"dateModified\":\"2023-10-27T08:03:19+00:00\",\"breadcrumb\":{\"@id\":\"http:\/\/paroisse.saintmicheldurhone.fr\/?page_id=2279#breadcrumb\"},\"inLanguage\":\"fr-FR\",\"potentialAction\":[{\"@type\":\"ReadAction\",\"target\":[\"http:\/\/paroisse.saintmicheldurhone.fr\/?page_id=2279\"]}]},{\"@type\":\"ImageObject\",\"inLanguage\":\"fr-FR\",\"@id\":\"http:\/\/paroisse.saintmicheldurhone.fr\/?page_id=2279#primaryimage\",\"url\":\"https:\/\/paroisse.saintmicheldurhone.fr\/wp-content\/uploads\/2022\/01\/Alleluia.jpg\",\"contentUrl\":\"https:\/\/paroisse.saintmicheldurhone.fr\/wp-content\/uploads\/2022\/01\/Alleluia.jpg\",\"width\":1603,\"height\":546},{\"@type\":\"BreadcrumbList\",\"@id\":\"http:\/\/paroisse.saintmicheldurhone.fr\/?page_id=2279#breadcrumb\",\"itemListElement\":[{\"@type\":\"ListItem\",\"position\":1,\"name\":\"Accueil\",\"item\":\"https:\/\/paroisse.saintmicheldurhone.fr\/\"},{\"@type\":\"ListItem\",\"position\":2,\"name\":\"Quelques chants\"}]},{\"@type\":\"WebSite\",\"@id\":\"http:\/\/paroisse.saintmicheldurhone.fr\/#website\",\"url\":\"http:\/\/paroisse.saintmicheldurhone.fr\/\",\"name\":\"Paroisse Saint Nicolas du Rh\u00f4ne\",\"description\":\"\",\"publisher\":{\"@id\":\"http:\/\/paroisse.saintmicheldurhone.fr\/#organization\"},\"potentialAction\":[{\"@type\":\"SearchAction\",\"target\":{\"@type\":\"EntryPoint\",\"urlTemplate\":\"http:\/\/paroisse.saintmicheldurhone.fr\/?s={search_term_string}\"},\"query-input\":{\"@type\":\"PropertyValueSpecification\",\"valueRequired\":true,\"valueName\":\"search_term_string\"}}],\"inLanguage\":\"fr-FR\"},{\"@type\":\"Organization\",\"@id\":\"http:\/\/paroisse.saintmicheldurhone.fr\/#organization\",\"name\":\"Paroisse Saint Nicolas du Rh\u00f4ne\",\"url\":\"http:\/\/paroisse.saintmicheldurhone.fr\/\",\"logo\":{\"@type\":\"ImageObject\",\"inLanguage\":\"fr-FR\",\"@id\":\"http:\/\/paroisse.saintmicheldurhone.fr\/#\/schema\/logo\/image\/\",\"url\":\"https:\/\/paroisse.saintmicheldurhone.fr\/wp-content\/uploads\/2022\/09\/cropped-logo-paroisse.jpg\",\"contentUrl\":\"https:\/\/paroisse.saintmicheldurhone.fr\/wp-content\/uploads\/2022\/09\/cropped-logo-paroisse.jpg\",\"width\":1228,\"height\":567,\"caption\":\"Paroisse Saint Nicolas du Rh\u00f4ne\"},\"image\":{\"@id\":\"http:\/\/paroisse.saintmicheldurhone.fr\/#\/schema\/logo\/image\/\"}}]}<\/script>\n<!-- \/ Yoast SEO plugin. -->","yoast_head_json":{"title":"Quelques chants -","robots":{"index":"index","follow":"follow","max-snippet":"max-snippet:-1","max-image-preview":"max-image-preview:large","max-video-preview":"max-video-preview:-1"},"canonical":"http:\/\/paroisse.saintmicheldurhone.fr\/?page_id=2279","og_locale":"fr_FR","og_type":"article","og_title":"Quelques chants -","og_description":"Cantiques Chercher avec toi Marie Nous chanterons pour toi Chants de car\u00eame ICI Demandes de pardon Gloire \u00e0 Dieu Gloire \u00e0 Dieu &#8211; Patrick RICHARD Acclamations Chante all\u00e9luia au Seigneur [&hellip;]","og_url":"http:\/\/paroisse.saintmicheldurhone.fr\/?page_id=2279","article_modified_time":"2023-10-27T08:03:19+00:00","og_image":[{"url":"http:\/\/paroisse.saintmicheldurhone.fr\/wp-content\/uploads\/2022\/01\/Alleluia-1024x349.jpg","type":"","width":"","height":""}],"twitter_card":"summary_large_image","twitter_misc":{"Dur\u00e9e de lecture estim\u00e9e":"1 minute"},"schema":{"@context":"https:\/\/schema.org","@graph":[{"@type":"WebPage","@id":"http:\/\/paroisse.saintmicheldurhone.fr\/?page_id=2279","url":"http:\/\/paroisse.saintmicheldurhone.fr\/?page_id=2279","name":"Quelques chants -","isPartOf":{"@id":"http:\/\/paroisse.saintmicheldurhone.fr\/#website"},"primaryImageOfPage":{"@id":"http:\/\/paroisse.saintmicheldurhone.fr\/?page_id=2279#primaryimage"},"image":{"@id":"http:\/\/paroisse.saintmicheldurhone.fr\/?page_id=2279#primaryimage"},"thumbnailUrl":"http:\/\/paroisse.saintmicheldurhone.fr\/wp-content\/uploads\/2022\/01\/Alleluia-1024x349.jpg","datePublished":"2022-01-25T19:32:11+00:00","dateModified":"2023-10-27T08:03:19+00:00","breadcrumb":{"@id":"http:\/\/paroisse.saintmicheldurhone.fr\/?page_id=2279#breadcrumb"},"inLanguage":"fr-FR","potentialAction":[{"@type":"ReadAction","target":["http:\/\/paroisse.saintmicheldurhone.fr\/?page_id=2279"]}]},{"@type":"ImageObject","inLanguage":"fr-FR","@id":"http:\/\/paroisse.saintmicheldurhone.fr\/?page_id=2279#primaryimage","url":"https:\/\/paroisse.saintmicheldurhone.fr\/wp-content\/uploads\/2022\/01\/Alleluia.jpg","contentUrl":"https:\/\/paroisse.saintmicheldurhone.fr\/wp-content\/uploads\/2022\/01\/Alleluia.jpg","width":1603,"height":546},{"@type":"BreadcrumbList","@id":"http:\/\/paroisse.saintmicheldurhone.fr\/?page_id=2279#breadcrumb","itemListElement":[{"@type":"ListItem","position":1,"name":"Accueil","item":"https:\/\/paroisse.saintmicheldurhone.fr\/"},{"@type":"ListItem","position":2,"name":"Quelques chants"}]},{"@type":"WebSite","@id":"http:\/\/paroisse.saintmicheldurhone.fr\/#website","url":"http:\/\/paroisse.saintmicheldurhone.fr\/","name":"Paroisse Saint Nicolas du Rh\u00f4ne","description":"","publisher":{"@id":"http:\/\/paroisse.saintmicheldurhone.fr\/#organization"},"potentialAction":[{"@type":"SearchAction","target":{"@type":"EntryPoint","urlTemplate":"http:\/\/paroisse.saintmicheldurhone.fr\/?s={search_term_string}"},"query-input":{"@type":"PropertyValueSpecification","valueRequired":true,"valueName":"search_term_string"}}],"inLanguage":"fr-FR"},{"@type":"Organization","@id":"http:\/\/paroisse.saintmicheldurhone.fr\/#organization","name":"Paroisse Saint Nicolas du Rh\u00f4ne","url":"http:\/\/paroisse.saintmicheldurhone.fr\/","logo":{"@type":"ImageObject","inLanguage":"fr-FR","@id":"http:\/\/paroisse.saintmicheldurhone.fr\/#\/schema\/logo\/image\/","url":"https:\/\/paroisse.saintmicheldurhone.fr\/wp-content\/uploads\/2022\/09\/cropped-logo-paroisse.jpg","contentUrl":"https:\/\/paroisse.saintmicheldurhone.fr\/wp-content\/uploads\/2022\/09\/cropped-logo-paroisse.jpg","width":1228,"height":567,"caption":"Paroisse Saint Nicolas du Rh\u00f4ne"},"image":{"@id":"http:\/\/paroisse.saintmicheldurhone.fr\/#\/schema\/logo\/image\/"}}]}},"uagb_featured_image_src":{"full":false,"thumbnail":false,"medium":false,"medium_large":false,"large":false,"1536x1536":false,"2048x2048":false},"uagb_author_info":{"display_name":"2019","author_link":"https:\/\/paroisse.saintmicheldurhone.fr\/?author=1"},"uagb_comment_info":0,"uagb_excerpt":"Cantiques Chercher avec toi Marie Nous chanterons pour toi Chants de car\u00eame ICI Demandes de pardon Gloire \u00e0 Dieu Gloire \u00e0 Dieu &#8211; Patrick RICHARD Acclamations Chante all\u00e9luia au Seigneur [&hellip;]","_links":{"self":[{"href":"https:\/\/paroisse.saintmicheldurhone.fr\/index.php?rest_route=\/wp\/v2\/pages\/2279","targetHints":{"allow":["GET"]}}],"collection":[{"href":"https:\/\/paroisse.saintmicheldurhone.fr\/index.php?rest_route=\/wp\/v2\/pages"}],"about":[{"href":"https:\/\/paroisse.saintmicheldurhone.fr\/index.php?rest_route=\/wp\/v2\/types\/page"}],"author":[{"embeddable":true,"href":"https:\/\/paroisse.saintmicheldurhone.fr\/index.php?rest_route=\/wp\/v2\/users\/1"}],"replies":[{"embeddable":true,"href":"https:\/\/paroisse.saintmicheldurhone.fr\/index.php?rest_route=%2Fwp%2Fv2%2Fcomments&post=2279"}],"version-history":[{"count":18,"href":"https:\/\/paroisse.saintmicheldurhone.fr\/index.php?rest_route=\/wp\/v2\/pages\/2279\/revisions"}],"predecessor-version":[{"id":3649,"href":"https:\/\/paroisse.saintmicheldurhone.fr\/index.php?rest_route=\/wp\/v2\/pages\/2279\/revisions\/3649"}],"wp:attachment":[{"href":"https:\/\/paroisse.saintmicheldurhone.fr\/index.php?rest_route=%2Fwp%2Fv2%2Fmedia&parent=2279"}],"curies":[{"name":"wp","href":"https:\/\/api.w.org\/{rel}","templated":true}]}}