{"id":260,"date":"2019-11-14T00:34:19","date_gmt":"2019-11-13T23:34:19","guid":{"rendered":"http:\/\/paroisse.saintmicheldurhone.fr\/?page_id=260"},"modified":"2025-09-01T13:44:41","modified_gmt":"2025-09-01T11:44:41","slug":"reconciliation-2","status":"publish","type":"page","link":"https:\/\/paroisse.saintmicheldurhone.fr\/?page_id=260","title":{"rendered":"R\u00e9conciliation"},"content":{"rendered":"<p><strong>CONFESSIONS<\/strong><\/p>\n<p>Tous les vendredis de 18h30 \u00e0 19h30 \u00e0 Beauchastel (Chapelle)<\/p>\n<p>Les samedis de 10h \u00e0 10h30 \u00e0 l&rsquo;\u00e9glise Saint Vincent (La Voulte)<\/p>\n\n\n<\/p>\n<p>\n\n\n<\/p>\n<p>\n\n\n<\/p>\n<h3 class=\"wp-block-heading\">Pourquoi faut-il un sacrement pour le pardon\u00a0?<\/h3>\n<p>\n\n\n<\/p>\n<p>\n\n\n<\/p>\n<figure><img decoding=\"async\" src=\"http:\/\/paroisse.saintmicheldurhone.fr\/wp-content\/uploads\/2019\/11\/pardon.jpg\" alt=\"\" \/><\/figure>\n<p>\n\n\n<\/p>\n<p>\n\n\n<\/p>\n<p>A notre bapt\u00eame, nous avons conclu une alliance avec Dieu\u00a0: participer avec son Esprit au projet de Dieu.<br \/>Ce projet, c\u2019est maintenir sa cr\u00e9ation \u00e0 son image\u00a0; pour nous concr\u00e9tement, cela veut dire\u00a0:<br \/>\u00a0\u00a0aimer son prochain comme Dieu nous a aim\u00e9, car nous sommes tous des enfants du P\u00e8re,<br \/>\u00a0\u00a0aimer et louer Dieu,<br \/>\u00a0\u00a0respecter la terre sur laquelle nous vivons,<br \/>\u00a0\u00a0se respecter soi-m\u00eame, car nous aussi nous sommes cr\u00e9\u00e9s par Dieu.<\/p>\n<p>\n\n\n<\/p>\n<p>\n\n\n<\/p>\n<p>Malheureusement, dans notre vie quotidienne, il nous arrive de rompre cette alliance, de nous \u00e9loigner de Dieu. C\u2019est ce que l\u2019on appelle le p\u00e9ch\u00e9. Chaque fois que volontairement nous blessons ou n\u2019aidons pas les autres ou nous-m\u00eame, c\u2019est Dieu qui est P\u00e8re de tous que nous blessons, que nous offensons.<\/p>\n<p>\n\n\n<\/p>\n<p>\n\n\n<\/p>\n<p>Heureusement, Dieu nous aime\u00a0! Sa tendresse est sans limite, Dieu est fid\u00e8le. Et pour peu que nous regrettions nos actes, nos paroles ou notre manque de volont\u00e9 et que nous d\u00e9sirions revenir vers Dieu, Il accepte de \u00ab\u00a0refaire alliance\u00a0\u00bb avec nous, de nous pardonner. Le pardon ne veut pas dire l\u2019oubli, m\u00eame si J\u00e9sus Christ a compl\u00e8tement pardonn\u00e9 aux hommes qui l\u2019ont crucifi\u00e9\u00a0: il a gard\u00e9 les stigmates des clous et de la lance. Et puis n\u2019oublions pas que, comme tout sacrement, celui-ci nous donne une gr\u00e2ce\u00a0: la joie int\u00e9rieure de se savoir aim\u00e9 et pardonn\u00e9\u00a0!<\/p>\n<p>\n\n\n<\/p>\n<p>\n\n\n<\/p>\n<p>Apr\u00e8s la r\u00e9surrection, le Christ envoie ses ap\u00f4tres poursuivre son \u0153uvre de r\u00e9conciliation entre les hommes et entre les hommes et Dieu. Chez les catholiques, le pardon que Dieu donne au p\u00e9cheur par la m\u00e9diation du Christ est signifi\u00e9 par la parole et le geste du pr\u00eatre, dans le sacrement de r\u00e9conciliation.<\/p>\n<p>\n\n\n<\/p>\n<p>\n\n\n<\/p>\n<p>Pouvons-nous concevoir une relation humaine sans pardon\u00a0? De m\u00eame, si nous voulons vivre avec Dieu, l\u2019Eglise demande que nous recevions au moins une fois par an le sacrement de la r\u00e9conciliation.<\/p>\n<p>\n\n\n<\/p>\n<p>\n\n\n<\/p>\n<h3 class=\"wp-block-heading\">Pourquoi aller voir un pr\u00eatre\u00a0?<\/h3>\n<p>\n\n\n<\/p>\n<p>\n\n\n<\/p>\n<p><strong>On peut se confesser \u00e0 Dieu directement.<\/strong>\u00a0C\u2019est vrai que nous avons bien d\u2019autres occasions de recevoir le pardon de Dieu, par exemple en prenant le temps d\u2019un examen de conscience ou dans le rite p\u00e9nitentiel au d\u00e9but de la messe.<br \/>Mais il est bon de nous entendre dire explicitement par le pr\u00eatre de la part de Dieu\u00a0: \u00ab\u00a0je te pardonne\u00a0\u00bb. C\u2019est la logique de l\u2019Incarnation, depuis que Dieu s\u2019est dit et donn\u00e9 \u00e0 l\u2019humanit\u00e9 dans les paroles et les gestes d\u2019un homme, J\u00e9sus, son enfant.<br \/>Et c\u2019est apr\u00e8s avoir entendu cette parole, ce pardon que nous pouvons nous r\u00e9jouir de l\u2019alliance renou\u00e9e avec Dieu, que nous pouvons revivifier notre relation avec Lui, comme nous pouvons le vivre dans toute relation humaine.<br \/>De vivre ce sacrement par l\u2019interm\u00e9diaire du pr\u00eatre est aussi le meilleur moyen de faire progresser sa vie spirituelle\u00a0: il est toujours bon d\u2019avoir un avis ext\u00e9rieur et d\u2019expert sur comment am\u00e9liorer sa relation \u00e0 Dieu et aux autres.<\/p>\n<p>\n\n\n<\/p>\n<p>\n\n\n<\/p>\n<p><strong>Cela me g\u00eane de l\u2019ennuyer avec mes histoires\u00a0!<\/strong>\u00a0Un pr\u00eatre, c\u2019est d\u2019abord un fr\u00e8re. Il n\u2019a pas forc\u00e9ment des talents de conseiller spirituel. De toute fa\u00e7on, ce n\u2019est pas un gourou. Et il est p\u00e9cheur, lui aussi. Lui aussi ne tient quotidiennement que par le don et le pardon de Dieu. Il a \u00e9t\u00e9 fait ministre, serviteur et signe vivant de ce don de Dieu et de ce pardon, qui, lui aussi, le d\u00e9passe. Pr\u00e9sidant l\u2019Eucharistie et toute la vie de la communaut\u00e9, il a la charge de ces gestes et paroles qui font revivre, comme ces paroles du pardon.<br \/>Et puis vous ne le d\u00e9rangez jamais quand vous lui demandez ce pour quoi il est fait\u00a0! N\u2019h\u00e9sitez pas \u00e0 l\u2019aborder \u00e0 la sortie d\u2019une messe.<\/p>\n<p>\n\n\n<\/p>\n<p>\n\n\n<\/p>\n<h3 class=\"wp-block-heading\">C\u00e9l\u00e9brations p\u00e9nitentielles<\/h3>\n<p>\n\n\n<\/p>\n<p>\n\n\n<\/p>\n<p>Les c\u00e9l\u00e9brations communautaires p\u00e9nitentielles ne sont pas pr\u00e9vues pour des raisons de commodit\u00e9s, mais pour signifier que c\u2019est toute la communaut\u00e9 qui doit f\u00eater le pardon du Seigneur.<\/p>\n<p>\n\n\n<\/p>\n<p>\n\n\n<\/p>\n<h3 class=\"wp-block-heading\">Comment se pr\u00e9parer\u00a0?<\/h3>\n<p>\n\n\n<\/p>\n<p>\n\n\n<\/p>\n<p>On commence habituellement en faisant son examen de conscience, mais il y a quelque chose \u00e0 faire avant. La r\u00e9forme liturgique de Vatican II insiste sur ce point. Nous devons d\u2019abord nous mettre devant la Parole de Dieu en lisant un passage de la Bible. L\u2019\u00e9coute de la Parole en nous r\u00e9v\u00e9lant l\u2019amour de Dieu et sa mis\u00e9ricorde nous d\u00e9voile en m\u00eame temps notre propre p\u00e9ch\u00e9.<\/p>\n<p>\n\n\n<\/p>\n<p>\n\n\n<\/p>\n<p>Il y a des mani\u00e8res tr\u00e8s diverses de faire son examen de conscience. On peut partir des B\u00e9atitudes, du Notre P\u00e8re ou d\u2019un texte de la Bible qui nous a touch\u00e9. On peut chercher les p\u00e9ch\u00e9s que l\u2019on a faits par pens\u00e9e, par parole, par action et par omission. Celui-ci peut aussi \u00eatre centr\u00e9 sur un aspect de la vie. Dans une optique traditionnelle, on peut le faire \u00e0 partir des commandements de Dieu et de l\u2019\u00c9glise.<\/p>\n<p>\n\n\n<\/p>\n<p>\n\n\n<\/p>\n<h3 class=\"wp-block-heading\">Comment se d\u00e9roule la confession\u00a0?<\/h3>\n<p>\n\n\n<\/p>\n<p>\n\n\n<\/p>\n<p>Le sacrement est donn\u00e9 individuellement dans un dialogue de pri\u00e8re entre le pr\u00eatre et vous\u00a0:<br \/>\u00a0\u00a0vous demandez le pardon de Dieu et avouez vos p\u00e9ch\u00e9s\u00a0;<br \/>\u00a0le pr\u00eatre vous aide \u00e0 mesurer la grandeur de l\u2019amour de Dieu et de sa mis\u00e9ricorde\u00a0;<br \/>\u00a0\u00a0vous dites une pri\u00e8re de contrition, c.\u00e0.d. de repentir\u00a0;<br \/>\u00a0\u00a0Le pr\u00eatre vous donne l\u2019absolution, le pardon des p\u00e9ch\u00e9s, de la part du Seigneur et vous invite \u00e0 un acte concret ou \u00e0 une pri\u00e8re manifestant une ferme volont\u00e9 de vivre le pardon de Dieu.<\/p>\n<p>\n\n\n<\/p>\n<p>\n\n\n<\/p>\n<p><em>Le pr\u00eatre est tenu strictement au secret de l\u2019aveu re\u00e7u<\/em><\/p>\n<p>\n\n\n","protected":false},"excerpt":{"rendered":"<p>CONFESSIONS Tous les vendredis de 18h30 \u00e0 19h30 \u00e0 Beauchastel (Chapelle) Les samedis de 10h \u00e0 10h30 \u00e0 l&rsquo;\u00e9glise Saint Vincent (La Voulte) Pourquoi faut-il un sacrement pour le pardon\u00a0? [&hellip;]<\/p>\n","protected":false},"author":1,"featured_media":0,"parent":0,"menu_order":0,"comment_status":"closed","ping_status":"closed","template":"","meta":{"_uag_custom_page_level_css":"","site-sidebar-layout":"default","site-content-layout":"default","ast-site-content-layout":"default","site-content-style":"default","site-sidebar-style":"default","ast-global-header-display":"","ast-banner-title-visibility":"","ast-main-header-display":"","ast-hfb-above-header-display":"","ast-hfb-below-header-display":"","ast-hfb-mobile-header-display":"","site-post-title":"","ast-breadcrumbs-content":"","ast-featured-img":"","footer-sml-layout":"","ast-disable-related-posts":"","theme-transparent-header-meta":"default","adv-header-id-meta":"","stick-header-meta":"","header-above-stick-meta":"","header-main-stick-meta":"","header-below-stick-meta":"","astra-migrate-meta-layouts":"default","ast-page-background-enabled":"default","ast-page-background-meta":{"desktop":{"background-color":"var(--ast-global-color-4)","background-image":"","background-repeat":"repeat","background-position":"center center","background-size":"auto","background-attachment":"scroll","background-type":"","background-media":"","overlay-type":"","overlay-color":"","overlay-opacity":"","overlay-gradient":""},"tablet":{"background-color":"","background-image":"","background-repeat":"repeat","background-position":"center center","background-size":"auto","background-attachment":"scroll","background-type":"","background-media":"","overlay-type":"","overlay-color":"","overlay-opacity":"","overlay-gradient":""},"mobile":{"background-color":"","background-image":"","background-repeat":"repeat","background-position":"center center","background-size":"auto","background-attachment":"scroll","background-type":"","background-media":"","overlay-type":"","overlay-color":"","overlay-opacity":"","overlay-gradient":""}},"ast-content-background-meta":{"desktop":{"background-color":"var(--ast-global-color-5)","background-image":"","background-repeat":"repeat","background-position":"center center","background-size":"auto","background-attachment":"scroll","background-type":"","background-media":"","overlay-type":"","overlay-color":"","overlay-opacity":"","overlay-gradient":""},"tablet":{"background-color":"var(--ast-global-color-5)","background-image":"","background-repeat":"repeat","background-position":"center center","background-size":"auto","background-attachment":"scroll","background-type":"","background-media":"","overlay-type":"","overlay-color":"","overlay-opacity":"","overlay-gradient":""},"mobile":{"background-color":"var(--ast-global-color-5)","background-image":"","background-repeat":"repeat","background-position":"center center","background-size":"auto","background-attachment":"scroll","background-type":"","background-media":"","overlay-type":"","overlay-color":"","overlay-opacity":"","overlay-gradient":""}},"footnotes":""},"class_list":["post-260","page","type-page","status-publish","hentry"],"yoast_head":"<!-- This site is optimized with the Yoast SEO plugin v26.6 - https:\/\/yoast.com\/wordpress\/plugins\/seo\/ -->\n<title>R\u00e9conciliation -<\/title>\n<meta name=\"robots\" content=\"index, follow, max-snippet:-1, max-image-preview:large, max-video-preview:-1\" \/>\n<link rel=\"canonical\" href=\"https:\/\/paroisse.saintmicheldurhone.fr\/?page_id=260\" \/>\n<meta property=\"og:locale\" content=\"fr_FR\" \/>\n<meta property=\"og:type\" content=\"article\" \/>\n<meta property=\"og:title\" content=\"R\u00e9conciliation -\" \/>\n<meta property=\"og:description\" content=\"CONFESSIONS Tous les vendredis de 18h30 \u00e0 19h30 \u00e0 Beauchastel (Chapelle) Les samedis de 10h \u00e0 10h30 \u00e0 l&rsquo;\u00e9glise Saint Vincent (La Voulte) Pourquoi faut-il un sacrement pour le pardon\u00a0? [&hellip;]\" \/>\n<meta property=\"og:url\" content=\"https:\/\/paroisse.saintmicheldurhone.fr\/?page_id=260\" \/>\n<meta property=\"article:modified_time\" content=\"2025-09-01T11:44:41+00:00\" \/>\n<meta property=\"og:image\" content=\"http:\/\/paroisse.saintmicheldurhone.fr\/wp-content\/uploads\/2019\/11\/pardon.jpg\" \/>\n<meta name=\"twitter:card\" content=\"summary_large_image\" \/>\n<meta name=\"twitter:label1\" content=\"Dur\u00e9e de lecture estim\u00e9e\" \/>\n\t<meta name=\"twitter:data1\" content=\"5 minutes\" \/>\n<script type=\"application\/ld+json\" class=\"yoast-schema-graph\">{\"@context\":\"https:\/\/schema.org\",\"@graph\":[{\"@type\":\"WebPage\",\"@id\":\"https:\/\/paroisse.saintmicheldurhone.fr\/?page_id=260\",\"url\":\"https:\/\/paroisse.saintmicheldurhone.fr\/?page_id=260\",\"name\":\"R\u00e9conciliation -\",\"isPartOf\":{\"@id\":\"http:\/\/paroisse.saintmicheldurhone.fr\/#website\"},\"primaryImageOfPage\":{\"@id\":\"https:\/\/paroisse.saintmicheldurhone.fr\/?page_id=260#primaryimage\"},\"image\":{\"@id\":\"https:\/\/paroisse.saintmicheldurhone.fr\/?page_id=260#primaryimage\"},\"thumbnailUrl\":\"http:\/\/paroisse.saintmicheldurhone.fr\/wp-content\/uploads\/2019\/11\/pardon.jpg\",\"datePublished\":\"2019-11-13T23:34:19+00:00\",\"dateModified\":\"2025-09-01T11:44:41+00:00\",\"breadcrumb\":{\"@id\":\"https:\/\/paroisse.saintmicheldurhone.fr\/?page_id=260#breadcrumb\"},\"inLanguage\":\"fr-FR\",\"potentialAction\":[{\"@type\":\"ReadAction\",\"target\":[\"https:\/\/paroisse.saintmicheldurhone.fr\/?page_id=260\"]}]},{\"@type\":\"ImageObject\",\"inLanguage\":\"fr-FR\",\"@id\":\"https:\/\/paroisse.saintmicheldurhone.fr\/?page_id=260#primaryimage\",\"url\":\"https:\/\/paroisse.saintmicheldurhone.fr\/wp-content\/uploads\/2019\/11\/pardon.jpg\",\"contentUrl\":\"https:\/\/paroisse.saintmicheldurhone.fr\/wp-content\/uploads\/2019\/11\/pardon.jpg\",\"width\":680,\"height\":407},{\"@type\":\"BreadcrumbList\",\"@id\":\"https:\/\/paroisse.saintmicheldurhone.fr\/?page_id=260#breadcrumb\",\"itemListElement\":[{\"@type\":\"ListItem\",\"position\":1,\"name\":\"Accueil\",\"item\":\"https:\/\/paroisse.saintmicheldurhone.fr\/\"},{\"@type\":\"ListItem\",\"position\":2,\"name\":\"R\u00e9conciliation\"}]},{\"@type\":\"WebSite\",\"@id\":\"http:\/\/paroisse.saintmicheldurhone.fr\/#website\",\"url\":\"http:\/\/paroisse.saintmicheldurhone.fr\/\",\"name\":\"Paroisse Saint Nicolas du Rh\u00f4ne\",\"description\":\"\",\"publisher\":{\"@id\":\"http:\/\/paroisse.saintmicheldurhone.fr\/#organization\"},\"potentialAction\":[{\"@type\":\"SearchAction\",\"target\":{\"@type\":\"EntryPoint\",\"urlTemplate\":\"http:\/\/paroisse.saintmicheldurhone.fr\/?s={search_term_string}\"},\"query-input\":{\"@type\":\"PropertyValueSpecification\",\"valueRequired\":true,\"valueName\":\"search_term_string\"}}],\"inLanguage\":\"fr-FR\"},{\"@type\":\"Organization\",\"@id\":\"http:\/\/paroisse.saintmicheldurhone.fr\/#organization\",\"name\":\"Paroisse Saint Nicolas du Rh\u00f4ne\",\"url\":\"http:\/\/paroisse.saintmicheldurhone.fr\/\",\"logo\":{\"@type\":\"ImageObject\",\"inLanguage\":\"fr-FR\",\"@id\":\"http:\/\/paroisse.saintmicheldurhone.fr\/#\/schema\/logo\/image\/\",\"url\":\"https:\/\/paroisse.saintmicheldurhone.fr\/wp-content\/uploads\/2022\/09\/cropped-logo-paroisse.jpg\",\"contentUrl\":\"https:\/\/paroisse.saintmicheldurhone.fr\/wp-content\/uploads\/2022\/09\/cropped-logo-paroisse.jpg\",\"width\":1228,\"height\":567,\"caption\":\"Paroisse Saint Nicolas du Rh\u00f4ne\"},\"image\":{\"@id\":\"http:\/\/paroisse.saintmicheldurhone.fr\/#\/schema\/logo\/image\/\"}}]}<\/script>\n<!-- \/ Yoast SEO plugin. -->","yoast_head_json":{"title":"R\u00e9conciliation -","robots":{"index":"index","follow":"follow","max-snippet":"max-snippet:-1","max-image-preview":"max-image-preview:large","max-video-preview":"max-video-preview:-1"},"canonical":"https:\/\/paroisse.saintmicheldurhone.fr\/?page_id=260","og_locale":"fr_FR","og_type":"article","og_title":"R\u00e9conciliation -","og_description":"CONFESSIONS Tous les vendredis de 18h30 \u00e0 19h30 \u00e0 Beauchastel (Chapelle) Les samedis de 10h \u00e0 10h30 \u00e0 l&rsquo;\u00e9glise Saint Vincent (La Voulte) Pourquoi faut-il un sacrement pour le pardon\u00a0? [&hellip;]","og_url":"https:\/\/paroisse.saintmicheldurhone.fr\/?page_id=260","article_modified_time":"2025-09-01T11:44:41+00:00","og_image":[{"url":"http:\/\/paroisse.saintmicheldurhone.fr\/wp-content\/uploads\/2019\/11\/pardon.jpg","type":"","width":"","height":""}],"twitter_card":"summary_large_image","twitter_misc":{"Dur\u00e9e de lecture estim\u00e9e":"5 minutes"},"schema":{"@context":"https:\/\/schema.org","@graph":[{"@type":"WebPage","@id":"https:\/\/paroisse.saintmicheldurhone.fr\/?page_id=260","url":"https:\/\/paroisse.saintmicheldurhone.fr\/?page_id=260","name":"R\u00e9conciliation -","isPartOf":{"@id":"http:\/\/paroisse.saintmicheldurhone.fr\/#website"},"primaryImageOfPage":{"@id":"https:\/\/paroisse.saintmicheldurhone.fr\/?page_id=260#primaryimage"},"image":{"@id":"https:\/\/paroisse.saintmicheldurhone.fr\/?page_id=260#primaryimage"},"thumbnailUrl":"http:\/\/paroisse.saintmicheldurhone.fr\/wp-content\/uploads\/2019\/11\/pardon.jpg","datePublished":"2019-11-13T23:34:19+00:00","dateModified":"2025-09-01T11:44:41+00:00","breadcrumb":{"@id":"https:\/\/paroisse.saintmicheldurhone.fr\/?page_id=260#breadcrumb"},"inLanguage":"fr-FR","potentialAction":[{"@type":"ReadAction","target":["https:\/\/paroisse.saintmicheldurhone.fr\/?page_id=260"]}]},{"@type":"ImageObject","inLanguage":"fr-FR","@id":"https:\/\/paroisse.saintmicheldurhone.fr\/?page_id=260#primaryimage","url":"https:\/\/paroisse.saintmicheldurhone.fr\/wp-content\/uploads\/2019\/11\/pardon.jpg","contentUrl":"https:\/\/paroisse.saintmicheldurhone.fr\/wp-content\/uploads\/2019\/11\/pardon.jpg","width":680,"height":407},{"@type":"BreadcrumbList","@id":"https:\/\/paroisse.saintmicheldurhone.fr\/?page_id=260#breadcrumb","itemListElement":[{"@type":"ListItem","position":1,"name":"Accueil","item":"https:\/\/paroisse.saintmicheldurhone.fr\/"},{"@type":"ListItem","position":2,"name":"R\u00e9conciliation"}]},{"@type":"WebSite","@id":"http:\/\/paroisse.saintmicheldurhone.fr\/#website","url":"http:\/\/paroisse.saintmicheldurhone.fr\/","name":"Paroisse Saint Nicolas du Rh\u00f4ne","description":"","publisher":{"@id":"http:\/\/paroisse.saintmicheldurhone.fr\/#organization"},"potentialAction":[{"@type":"SearchAction","target":{"@type":"EntryPoint","urlTemplate":"http:\/\/paroisse.saintmicheldurhone.fr\/?s={search_term_string}"},"query-input":{"@type":"PropertyValueSpecification","valueRequired":true,"valueName":"search_term_string"}}],"inLanguage":"fr-FR"},{"@type":"Organization","@id":"http:\/\/paroisse.saintmicheldurhone.fr\/#organization","name":"Paroisse Saint Nicolas du Rh\u00f4ne","url":"http:\/\/paroisse.saintmicheldurhone.fr\/","logo":{"@type":"ImageObject","inLanguage":"fr-FR","@id":"http:\/\/paroisse.saintmicheldurhone.fr\/#\/schema\/logo\/image\/","url":"https:\/\/paroisse.saintmicheldurhone.fr\/wp-content\/uploads\/2022\/09\/cropped-logo-paroisse.jpg","contentUrl":"https:\/\/paroisse.saintmicheldurhone.fr\/wp-content\/uploads\/2022\/09\/cropped-logo-paroisse.jpg","width":1228,"height":567,"caption":"Paroisse Saint Nicolas du Rh\u00f4ne"},"image":{"@id":"http:\/\/paroisse.saintmicheldurhone.fr\/#\/schema\/logo\/image\/"}}]}},"uagb_featured_image_src":{"full":false,"thumbnail":false,"medium":false,"medium_large":false,"large":false,"1536x1536":false,"2048x2048":false},"uagb_author_info":{"display_name":"2019","author_link":"https:\/\/paroisse.saintmicheldurhone.fr\/?author=1"},"uagb_comment_info":0,"uagb_excerpt":"CONFESSIONS Tous les vendredis de 18h30 \u00e0 19h30 \u00e0 Beauchastel (Chapelle) Les samedis de 10h \u00e0 10h30 \u00e0 l&rsquo;\u00e9glise Saint Vincent (La Voulte) Pourquoi faut-il un sacrement pour le pardon\u00a0? [&hellip;]","_links":{"self":[{"href":"https:\/\/paroisse.saintmicheldurhone.fr\/index.php?rest_route=\/wp\/v2\/pages\/260","targetHints":{"allow":["GET"]}}],"collection":[{"href":"https:\/\/paroisse.saintmicheldurhone.fr\/index.php?rest_route=\/wp\/v2\/pages"}],"about":[{"href":"https:\/\/paroisse.saintmicheldurhone.fr\/index.php?rest_route=\/wp\/v2\/types\/page"}],"author":[{"embeddable":true,"href":"https:\/\/paroisse.saintmicheldurhone.fr\/index.php?rest_route=\/wp\/v2\/users\/1"}],"replies":[{"embeddable":true,"href":"https:\/\/paroisse.saintmicheldurhone.fr\/index.php?rest_route=%2Fwp%2Fv2%2Fcomments&post=260"}],"version-history":[{"count":16,"href":"https:\/\/paroisse.saintmicheldurhone.fr\/index.php?rest_route=\/wp\/v2\/pages\/260\/revisions"}],"predecessor-version":[{"id":5370,"href":"https:\/\/paroisse.saintmicheldurhone.fr\/index.php?rest_route=\/wp\/v2\/pages\/260\/revisions\/5370"}],"wp:attachment":[{"href":"https:\/\/paroisse.saintmicheldurhone.fr\/index.php?rest_route=%2Fwp%2Fv2%2Fmedia&parent=260"}],"curies":[{"name":"wp","href":"https:\/\/api.w.org\/{rel}","templated":true}]}}