{"id":269,"date":"2019-11-14T16:50:43","date_gmt":"2019-11-14T15:50:43","guid":{"rendered":"http:\/\/paroisse.saintmicheldurhone.fr\/?page_id=269"},"modified":"2026-01-07T20:29:54","modified_gmt":"2026-01-07T19:29:54","slug":"aumonerie-des-jeunes","status":"publish","type":"page","link":"https:\/\/paroisse.saintmicheldurhone.fr\/?page_id=269","title":{"rendered":"Aum\u00f4nerie des jeunes"},"content":{"rendered":"\n<div class=\"wp-block-group is-layout-flow wp-block-group-is-layout-flow\">\n<p class=\"has-pale-cyan-blue-background-color has-background\"><em>&nbsp;\u00ab La t\u00e2che propre de l\u2019Aum\u00f4nerie de l\u2019Enseignement Public est d\u2019assurer une pr\u00e9sence d\u2019Eglise aupr\u00e8s des jeunes scolaris\u00e9s dans les lyc\u00e9es et les coll\u00e8ges de l\u2019enseignement public, au service de leur croissance humaine et spirituelle et de la d\u00e9couverte de l\u2019\u00e9vangile&nbsp;de J\u00e9sus-Christ.&nbsp;\u00bb<\/em><\/p>\n\n\n\n<p class=\"has-pale-cyan-blue-background-color has-background\">Nous accompagnons les jeunes pendant leurs ann\u00e9es de coll\u00e8ge et de lyc\u00e9e, nous cheminons avec eux et partageons leurs r\u00e9flexions, leurs interrogations sur les sujets qui les pr\u00e9occupent, de chr\u00e9tien \u00e0 chr\u00e9tien.<\/p>\n\n\n\n<p class=\"has-pale-cyan-blue-background-color has-background\">La foi, la responsabilisation, l\u2019amour,&nbsp; l\u2019amiti\u00e9, le respect, l&rsquo;\u00e9cologie, les droits des personnes\u2026 sont abord\u00e9s lors de discussions, rencontres de t\u00e9moins, de jeux, dans la pri\u00e8re\u2026<\/p>\n\n\n\n<p class=\"has-pale-cyan-blue-background-color has-background\">Un temps de pri\u00e8re est propos\u00e9 \u00e0 chaque rencontre, autour de l&rsquo;\u00e9vangile du dimanche, ou d&rsquo;autres textes de la Bible. Nous mettrons l\u2019accent sur la pri\u00e8re individuelle et en groupe.<\/p>\n\n\n\n<p class=\"has-pale-cyan-blue-background-color has-background\">Chaque rencontre se termine par un repas partag\u00e9 (dans la mesure du possible).<\/p>\n\n\n\n<p class=\"has-text-align-center\"><strong>Activit\u00e9s de l&rsquo;aum\u00f4nerie des jeunes 2023 &#8211; 2024<\/strong><\/p>\n\n\n\n<blockquote class=\"wp-block-quote is-style-default is-layout-flow wp-block-quote-is-layout-flow\">\n<p>Lieu de la rencontre d&rsquo;aum\u00f4nerie : salle paroissiale de Charmes (juste derri\u00e8re l&rsquo;\u00e9glise)<\/p>\n<\/blockquote>\n<\/div>\n\n\n\n<div class=\"wp-block-group is-layout-flow wp-block-group-is-layout-flow\">\n<div class=\"wp-block-group has-background is-layout-flow wp-block-group-is-layout-flow\" style=\"background-color:#ccf599\"><a href=\"https:\/\/paroisse.saintmicheldurhone.fr\/wp-content\/uploads\/2024\/03\/Programme-aum\u00f4nerie-2023-2024.pdf\" class=\"pdfemb-viewer\" style=\"\" data-width=\"max\" data-height=\"max\" data-toolbar=\"bottom\" data-toolbar-fixed=\"on\">Programme-aum\u00f4nerie-2023-2024<\/a>\n<p class=\"wp-block-pdfemb-pdf-embedder-viewer\"><\/p>\n\n\n\n<div class=\"wp-block-media-text alignwide\"><figure class=\"wp-block-media-text__media\"><img loading=\"lazy\" decoding=\"async\" width=\"680\" height=\"407\" src=\"http:\/\/paroisse.saintmicheldurhone.fr\/wp-content\/uploads\/2019\/11\/lumiere.jpg\" alt=\"\" class=\"wp-image-481 size-full\" srcset=\"https:\/\/paroisse.saintmicheldurhone.fr\/wp-content\/uploads\/2019\/11\/lumiere.jpg 680w, https:\/\/paroisse.saintmicheldurhone.fr\/wp-content\/uploads\/2019\/11\/lumiere-300x180.jpg 300w\" sizes=\"auto, (max-width: 680px) 100vw, 680px\" \/><\/figure><div class=\"wp-block-media-text__content\">\n<figure class=\"wp-block-image size-large\"><img loading=\"lazy\" decoding=\"async\" width=\"1024\" height=\"453\" src=\"http:\/\/paroisse.saintmicheldurhone.fr\/wp-content\/uploads\/2021\/11\/image-1024x453.png\" alt=\"\" class=\"wp-image-2022\" srcset=\"https:\/\/paroisse.saintmicheldurhone.fr\/wp-content\/uploads\/2021\/11\/image-1024x453.png 1024w, https:\/\/paroisse.saintmicheldurhone.fr\/wp-content\/uploads\/2021\/11\/image-300x133.png 300w, https:\/\/paroisse.saintmicheldurhone.fr\/wp-content\/uploads\/2021\/11\/image-768x340.png 768w, https:\/\/paroisse.saintmicheldurhone.fr\/wp-content\/uploads\/2021\/11\/image-1536x680.png 1536w, https:\/\/paroisse.saintmicheldurhone.fr\/wp-content\/uploads\/2021\/11\/image-2048x906.png 2048w\" sizes=\"auto, (max-width: 1024px) 100vw, 1024px\" \/><\/figure>\n<\/div><\/div>\n\n\n\n<p class=\"has-text-color\" style=\"color:#ffffff\">.<\/p>\n\n\n\n<p class=\"has-text-align-center\">Activit\u00e9s de l&rsquo;ann\u00e9e 2022 &#8211; 2023<\/p>\n\n\n\n<figure class=\"wp-block-image size-large\"><img loading=\"lazy\" decoding=\"async\" width=\"1024\" height=\"683\" src=\"http:\/\/paroisse.saintmicheldurhone.fr\/wp-content\/uploads\/2022\/11\/IMG_2947-1024x683.jpg\" alt=\"\" class=\"wp-image-2863\" srcset=\"https:\/\/paroisse.saintmicheldurhone.fr\/wp-content\/uploads\/2022\/11\/IMG_2947-1024x683.jpg 1024w, https:\/\/paroisse.saintmicheldurhone.fr\/wp-content\/uploads\/2022\/11\/IMG_2947-300x200.jpg 300w, https:\/\/paroisse.saintmicheldurhone.fr\/wp-content\/uploads\/2022\/11\/IMG_2947-768x512.jpg 768w, https:\/\/paroisse.saintmicheldurhone.fr\/wp-content\/uploads\/2022\/11\/IMG_2947-1536x1024.jpg 1536w, https:\/\/paroisse.saintmicheldurhone.fr\/wp-content\/uploads\/2022\/11\/IMG_2947-2048x1365.jpg 2048w\" sizes=\"auto, (max-width: 1024px) 100vw, 1024px\" \/><figcaption class=\"wp-element-caption\">Confirmation de L\u00e9na, Marie et Camille le 1er octobre 2022 en l&rsquo;\u00e9glise St Vincent de La Voulte, \u00e0 l&rsquo;occasion de l&rsquo;inauguration de la nouvelle paroisse St Nicolas du Rh\u00f4ne.<\/figcaption><\/figure>\n<\/div>\n\n\n\n<figure class=\"wp-block-image aligncenter size-large\"><img loading=\"lazy\" decoding=\"async\" width=\"1024\" height=\"683\" src=\"http:\/\/paroisse.saintmicheldurhone.fr\/wp-content\/uploads\/2020\/11\/IMG_9701-1024x683.jpg\" alt=\"\" class=\"wp-image-1398\" srcset=\"https:\/\/paroisse.saintmicheldurhone.fr\/wp-content\/uploads\/2020\/11\/IMG_9701-1024x683.jpg 1024w, https:\/\/paroisse.saintmicheldurhone.fr\/wp-content\/uploads\/2020\/11\/IMG_9701-300x200.jpg 300w, https:\/\/paroisse.saintmicheldurhone.fr\/wp-content\/uploads\/2020\/11\/IMG_9701-768x512.jpg 768w, https:\/\/paroisse.saintmicheldurhone.fr\/wp-content\/uploads\/2020\/11\/IMG_9701-1536x1024.jpg 1536w, https:\/\/paroisse.saintmicheldurhone.fr\/wp-content\/uploads\/2020\/11\/IMG_9701-2048x1365.jpg 2048w\" sizes=\"auto, (max-width: 1024px) 100vw, 1024px\" \/><\/figure>\n\n\n<a href=\"https:\/\/paroisse.saintmicheldurhone.fr\/wp-content\/uploads\/2020\/11\/Amonerie-ann\u00e9e-Laudato-si.pdf\" class=\"pdfemb-viewer\" style=\"\" data-width=\"max\" data-height=\"max\" data-toolbar=\"bottom\" data-toolbar-fixed=\"on\">Amonerie-ann\u00e9e-Laudato-si<\/a>\n<p class=\"wp-block-pdfemb-pdf-embedder-viewer\"><\/p>\n\n\n<a href=\"https:\/\/paroisse.saintmicheldurhone.fr\/wp-content\/uploads\/2021\/11\/Attestation-Pollen.pdf\" class=\"pdfemb-viewer\" style=\"\" data-width=\"max\" data-height=\"max\" data-toolbar=\"bottom\" data-toolbar-fixed=\"on\">Attestation-Pollen<\/a>\n<p class=\"wp-block-pdfemb-pdf-embedder-viewer\"><\/p>\n\n\n\n<p><\/p>\n<\/div>\n\n\n\n<h1 class=\"wp-block-heading\">La Confirmation<\/h1>\n\n\n\n<figure class=\"wp-block-image alignleft size-large\"><img loading=\"lazy\" decoding=\"async\" width=\"680\" height=\"408\" src=\"http:\/\/paroisse.saintmicheldurhone.fr\/wp-content\/uploads\/2019\/11\/es5.jpg\" alt=\"\" class=\"wp-image-483\" srcset=\"https:\/\/paroisse.saintmicheldurhone.fr\/wp-content\/uploads\/2019\/11\/es5.jpg 680w, https:\/\/paroisse.saintmicheldurhone.fr\/wp-content\/uploads\/2019\/11\/es5-300x180.jpg 300w\" sizes=\"auto, (max-width: 680px) 100vw, 680px\" \/><\/figure>\n\n\n\n<p><strong>Le sacrement de Confirmation<\/strong>&nbsp;est la confirmation du bapt\u00eame&nbsp;: c\u2019est la clef de sa compr\u00e9hension. Dans la vie, beaucoup d\u2019actes (comme le mariage) ont besoin d\u2019\u00eatre r\u00e9assum\u00e9s, confirm\u00e9s de temps en temps. Pour la vie chr\u00e9tienne, il en est aussi ainsi, mais une seule confirmation suffit, parce que&nbsp;:<\/p>\n\n\n\n<p><strong>elle est d\u2019abord confirmation du don de Dieu.<\/strong><br>Dieu veut confirmer publiquement qu\u2019il souhaite \u00eatre reconnu par ceux qui vont recevoir le sacrement, comme leur P\u00e8re et qu\u2019il ne cesse de leur prodiguer son amour. La vie chr\u00e9tienne n\u2019est pas d\u2019abord une morale, elle est avant tout accueil d\u2019un don, le don que Dieu fait aux hommes de vivre dans son Esprit.<br>\u00ab&nbsp;L\u2019Esprit-Saint et nous-m\u00eames avons d\u00e9cid\u00e9&nbsp;\u00bb, proclament les envoy\u00e9s des ap\u00f4tres (Ac 15,28). Qu\u2019il est beau ce \u201cet\u201d&nbsp;! Comme elle est belle cette coordination, cette \u201csynergie\u201d entre l\u2019initiative de Dieu et la participation de l\u2019homme.<\/p>\n\n\n\n<p><strong>elle est reconnaissance, confirmation solennelle, de l\u2019appartenance pl\u00e9ni\u00e8re au Peuple de Dieu.<\/strong><br>La confirmation prend son sens dans son lien avec l\u2019\u00e9v\u00eaque. Celui-ci est le signe de l\u2019\u00c9glise universelle. D\u2019ailleurs, historiquement, le bapt\u00eame et la confirmation \u00e9taient c\u00e9l\u00e9br\u00e9s ensemble par l\u2019\u00e9v\u00eaque, mais au fur et \u00e0 mesure que l\u2019\u00c9glise grandissait, l\u2019\u00e9v\u00eaque ne pouvant plus assumer toutes les c\u00e9l\u00e9brations, les bapt\u00eames ont \u00e9t\u00e9 d\u00e9l\u00e9gu\u00e9s aux pr\u00eatres alors que la Confirmation est rest\u00e9e g\u00e9n\u00e9ralement une c\u00e9l\u00e9bration pr\u00e9sid\u00e9e par l\u2019\u00e9v\u00eaque, successeur des ap\u00f4tres, qui ont re\u00e7u le Saint-Esprit lors de la Pentec\u00f4te.<br>La Confirmation est le signe de l\u2019adoption du confirm\u00e9 par l\u2019\u00c9glise universelle&nbsp;: adoption qui lui donne ses pleins pouvoirs et ses pleins devoirs.<br>Dans la primitive \u00c9glise, on ne partageait la pri\u00e8re des chr\u00e9tiens rassembl\u00e9s qu\u2019apr\u00e8s avoir re\u00e7u la marque de l\u2019Esprit. Ainsi le confirm\u00e9 peut-il parler dans l\u2019\u00c9glise et parler au nom de sa foi. Il devient t\u00e9moin de la communaut\u00e9.<\/p>\n\n\n\n<figure class=\"wp-block-image alignright size-large is-resized\"><img loading=\"lazy\" decoding=\"async\" width=\"1024\" height=\"768\" src=\"http:\/\/paroisse.saintmicheldurhone.fr\/wp-content\/uploads\/2019\/11\/IMG_0361-1024x768.jpg\" alt=\"\" class=\"wp-image-460\" style=\"width:512px;height:384px\" srcset=\"https:\/\/paroisse.saintmicheldurhone.fr\/wp-content\/uploads\/2019\/11\/IMG_0361-1024x768.jpg 1024w, https:\/\/paroisse.saintmicheldurhone.fr\/wp-content\/uploads\/2019\/11\/IMG_0361-1024x768-300x225.jpg 300w, https:\/\/paroisse.saintmicheldurhone.fr\/wp-content\/uploads\/2019\/11\/IMG_0361-1024x768-768x576.jpg 768w\" sizes=\"auto, (max-width: 1024px) 100vw, 1024px\" \/><\/figure>\n\n\n\n<p>Comme tout sacrement , la confirmation associe gestes et parole.&nbsp;<strong>Les gestes de l\u2019imposition des mains (appel de l\u2019Esprit) et de la chrismation (application du saint-chr\u00eame, un m\u00e9lange d\u2019huile et de baume) sont li\u00e9s \u00e0 une parole&nbsp;: \u00ab&nbsp;sois marqu\u00e9 de l\u2019Esprit-Saint, le don de Dieu&nbsp;\u00bb.<\/strong><br>Dans notre culture, il est rare d\u2019utiliser l\u2019huile sur notre corps. Mais dans l\u2019Ancien Testament, les pr\u00eatres et les rois \u00e9taient oints en signe de cons\u00e9cration et d\u2019\u00e9lection. Dans l\u2019antiquit\u00e9, l\u2019huile seule ou m\u00e9lang\u00e9e \u00e0 du baume servait \u00e0 soigner et \u00e0 se parfumer. Elle \u00e9tait enduite sur le corps et gr\u00e2ce \u00e0 ses propri\u00e9t\u00e9s, elle p\u00e9n\u00e9trait dans la peau, calmait ou vivifiait la personne ou bien lui permettait de sentir bon. De m\u00eame, l\u2019\u00c9glise pense que l\u2019Esprit-Saint doit impr\u00e9gner toute la personne pour que ses dons puissent s\u2019\u00e9panouir. Les 7 dons de l\u2019Esprit sont&nbsp;: la sagesse, l\u2019intelligence, le conseil, la force, la connaissance, l\u2019affection filiale et l\u2019adoration.<\/p>\n\n\n\n<figure class=\"wp-block-image alignright size-large is-resized\"><img loading=\"lazy\" decoding=\"async\" width=\"1024\" height=\"768\" src=\"http:\/\/paroisse.saintmicheldurhone.fr\/wp-content\/uploads\/2019\/11\/IMG_0369-1024x768.jpg\" alt=\"\" class=\"wp-image-462\" style=\"width:512px;height:384px\" srcset=\"https:\/\/paroisse.saintmicheldurhone.fr\/wp-content\/uploads\/2019\/11\/IMG_0369-1024x768.jpg 1024w, https:\/\/paroisse.saintmicheldurhone.fr\/wp-content\/uploads\/2019\/11\/IMG_0369-1024x768-300x225.jpg 300w, https:\/\/paroisse.saintmicheldurhone.fr\/wp-content\/uploads\/2019\/11\/IMG_0369-1024x768-768x576.jpg 768w\" sizes=\"auto, (max-width: 1024px) 100vw, 1024px\" \/><\/figure>\n\n\n\n<p>Il n\u2019est jamais trop tard pour demander \u00e0 recevoir le sacrement de la Confirmation. Sur notre paroisse, nous proposons une pr\u00e9paration pour les jeunes \u00e0 partir de 15 ans. <\/p>\n\n\n\n<p>Une pr\u00e9paration pour les adultes est propos\u00e9e au niveau dioc\u00e9sain.<\/p>\n\n\n\n<p>Pour plus de renseignements, vous pouvez contacter <\/p>\n\n\n\n<p><a href=\"https:\/\/paroisse.saintmicheldurhone.fr\/?page_id=189\">Ludovic FRAISSE, diacre<\/a><\/p>\n\n\n\n<p><\/p>\n\n\n\n<p><\/p>\n\n\n\n<p><\/p>\n","protected":false},"excerpt":{"rendered":"<p>&nbsp;\u00ab La t\u00e2che propre de l\u2019Aum\u00f4nerie de l\u2019Enseignement Public est d\u2019assurer une pr\u00e9sence d\u2019Eglise aupr\u00e8s des jeunes scolaris\u00e9s dans les lyc\u00e9es et les coll\u00e8ges de l\u2019enseignement public, au service de [&hellip;]<\/p>\n","protected":false},"author":1,"featured_media":0,"parent":0,"menu_order":0,"comment_status":"closed","ping_status":"closed","template":"","meta":{"_uag_custom_page_level_css":"","site-sidebar-layout":"default","site-content-layout":"default","ast-site-content-layout":"default","site-content-style":"default","site-sidebar-style":"default","ast-global-header-display":"","ast-banner-title-visibility":"","ast-main-header-display":"","ast-hfb-above-header-display":"","ast-hfb-below-header-display":"","ast-hfb-mobile-header-display":"","site-post-title":"","ast-breadcrumbs-content":"","ast-featured-img":"","footer-sml-layout":"","ast-disable-related-posts":"","theme-transparent-header-meta":"default","adv-header-id-meta":"","stick-header-meta":"","header-above-stick-meta":"","header-main-stick-meta":"","header-below-stick-meta":"","astra-migrate-meta-layouts":"set","ast-page-background-enabled":"default","ast-page-background-meta":{"desktop":{"background-color":"var(--ast-global-color-4)","background-image":"","background-repeat":"repeat","background-position":"center center","background-size":"auto","background-attachment":"scroll","background-type":"","background-media":"","overlay-type":"","overlay-color":"","overlay-opacity":"","overlay-gradient":""},"tablet":{"background-color":"","background-image":"","background-repeat":"repeat","background-position":"center center","background-size":"auto","background-attachment":"scroll","background-type":"","background-media":"","overlay-type":"","overlay-color":"","overlay-opacity":"","overlay-gradient":""},"mobile":{"background-color":"","background-image":"","background-repeat":"repeat","background-position":"center center","background-size":"auto","background-attachment":"scroll","background-type":"","background-media":"","overlay-type":"","overlay-color":"","overlay-opacity":"","overlay-gradient":""}},"ast-content-background-meta":{"desktop":{"background-color":"var(--ast-global-color-5)","background-image":"","background-repeat":"repeat","background-position":"center center","background-size":"auto","background-attachment":"scroll","background-type":"","background-media":"","overlay-type":"","overlay-color":"","overlay-opacity":"","overlay-gradient":""},"tablet":{"background-color":"var(--ast-global-color-5)","background-image":"","background-repeat":"repeat","background-position":"center center","background-size":"auto","background-attachment":"scroll","background-type":"","background-media":"","overlay-type":"","overlay-color":"","overlay-opacity":"","overlay-gradient":""},"mobile":{"background-color":"var(--ast-global-color-5)","background-image":"","background-repeat":"repeat","background-position":"center center","background-size":"auto","background-attachment":"scroll","background-type":"","background-media":"","overlay-type":"","overlay-color":"","overlay-opacity":"","overlay-gradient":""}},"footnotes":""},"class_list":["post-269","page","type-page","status-publish","hentry"],"yoast_head":"<!-- This site is optimized with the Yoast SEO plugin v26.6 - https:\/\/yoast.com\/wordpress\/plugins\/seo\/ -->\n<title>Aum\u00f4nerie des jeunes -<\/title>\n<meta name=\"robots\" content=\"index, follow, max-snippet:-1, max-image-preview:large, max-video-preview:-1\" \/>\n<link rel=\"canonical\" href=\"https:\/\/paroisse.saintmicheldurhone.fr\/?page_id=269\" \/>\n<meta property=\"og:locale\" content=\"fr_FR\" \/>\n<meta property=\"og:type\" content=\"article\" \/>\n<meta property=\"og:title\" content=\"Aum\u00f4nerie des jeunes -\" \/>\n<meta property=\"og:description\" content=\"&nbsp;\u00ab La t\u00e2che propre de l\u2019Aum\u00f4nerie de l\u2019Enseignement Public est d\u2019assurer une pr\u00e9sence d\u2019Eglise aupr\u00e8s des jeunes scolaris\u00e9s dans les lyc\u00e9es et les coll\u00e8ges de l\u2019enseignement public, au service de [&hellip;]\" \/>\n<meta property=\"og:url\" content=\"https:\/\/paroisse.saintmicheldurhone.fr\/?page_id=269\" \/>\n<meta property=\"article:modified_time\" content=\"2026-01-07T19:29:54+00:00\" \/>\n<meta property=\"og:image\" content=\"https:\/\/paroisse.saintmicheldurhone.fr\/wp-content\/uploads\/2019\/11\/lumiere.jpg\" \/>\n\t<meta property=\"og:image:width\" content=\"680\" \/>\n\t<meta property=\"og:image:height\" content=\"407\" \/>\n\t<meta property=\"og:image:type\" content=\"image\/jpeg\" \/>\n<meta name=\"twitter:card\" content=\"summary_large_image\" \/>\n<meta name=\"twitter:label1\" content=\"Dur\u00e9e de lecture estim\u00e9e\" \/>\n\t<meta name=\"twitter:data1\" content=\"5 minutes\" \/>\n<script type=\"application\/ld+json\" class=\"yoast-schema-graph\">{\"@context\":\"https:\/\/schema.org\",\"@graph\":[{\"@type\":\"WebPage\",\"@id\":\"https:\/\/paroisse.saintmicheldurhone.fr\/?page_id=269\",\"url\":\"https:\/\/paroisse.saintmicheldurhone.fr\/?page_id=269\",\"name\":\"Aum\u00f4nerie des jeunes -\",\"isPartOf\":{\"@id\":\"http:\/\/paroisse.saintmicheldurhone.fr\/#website\"},\"primaryImageOfPage\":{\"@id\":\"https:\/\/paroisse.saintmicheldurhone.fr\/?page_id=269#primaryimage\"},\"image\":{\"@id\":\"https:\/\/paroisse.saintmicheldurhone.fr\/?page_id=269#primaryimage\"},\"thumbnailUrl\":\"http:\/\/paroisse.saintmicheldurhone.fr\/wp-content\/uploads\/2019\/11\/lumiere.jpg\",\"datePublished\":\"2019-11-14T15:50:43+00:00\",\"dateModified\":\"2026-01-07T19:29:54+00:00\",\"breadcrumb\":{\"@id\":\"https:\/\/paroisse.saintmicheldurhone.fr\/?page_id=269#breadcrumb\"},\"inLanguage\":\"fr-FR\",\"potentialAction\":[{\"@type\":\"ReadAction\",\"target\":[\"https:\/\/paroisse.saintmicheldurhone.fr\/?page_id=269\"]}]},{\"@type\":\"ImageObject\",\"inLanguage\":\"fr-FR\",\"@id\":\"https:\/\/paroisse.saintmicheldurhone.fr\/?page_id=269#primaryimage\",\"url\":\"https:\/\/paroisse.saintmicheldurhone.fr\/wp-content\/uploads\/2019\/11\/lumiere.jpg\",\"contentUrl\":\"https:\/\/paroisse.saintmicheldurhone.fr\/wp-content\/uploads\/2019\/11\/lumiere.jpg\",\"width\":680,\"height\":407},{\"@type\":\"BreadcrumbList\",\"@id\":\"https:\/\/paroisse.saintmicheldurhone.fr\/?page_id=269#breadcrumb\",\"itemListElement\":[{\"@type\":\"ListItem\",\"position\":1,\"name\":\"Accueil\",\"item\":\"https:\/\/paroisse.saintmicheldurhone.fr\/\"},{\"@type\":\"ListItem\",\"position\":2,\"name\":\"Aum\u00f4nerie des jeunes\"}]},{\"@type\":\"WebSite\",\"@id\":\"http:\/\/paroisse.saintmicheldurhone.fr\/#website\",\"url\":\"http:\/\/paroisse.saintmicheldurhone.fr\/\",\"name\":\"Paroisse Saint Nicolas du Rh\u00f4ne\",\"description\":\"\",\"publisher\":{\"@id\":\"http:\/\/paroisse.saintmicheldurhone.fr\/#organization\"},\"potentialAction\":[{\"@type\":\"SearchAction\",\"target\":{\"@type\":\"EntryPoint\",\"urlTemplate\":\"http:\/\/paroisse.saintmicheldurhone.fr\/?s={search_term_string}\"},\"query-input\":{\"@type\":\"PropertyValueSpecification\",\"valueRequired\":true,\"valueName\":\"search_term_string\"}}],\"inLanguage\":\"fr-FR\"},{\"@type\":\"Organization\",\"@id\":\"http:\/\/paroisse.saintmicheldurhone.fr\/#organization\",\"name\":\"Paroisse Saint Nicolas du Rh\u00f4ne\",\"url\":\"http:\/\/paroisse.saintmicheldurhone.fr\/\",\"logo\":{\"@type\":\"ImageObject\",\"inLanguage\":\"fr-FR\",\"@id\":\"http:\/\/paroisse.saintmicheldurhone.fr\/#\/schema\/logo\/image\/\",\"url\":\"https:\/\/paroisse.saintmicheldurhone.fr\/wp-content\/uploads\/2022\/09\/cropped-logo-paroisse.jpg\",\"contentUrl\":\"https:\/\/paroisse.saintmicheldurhone.fr\/wp-content\/uploads\/2022\/09\/cropped-logo-paroisse.jpg\",\"width\":1228,\"height\":567,\"caption\":\"Paroisse Saint Nicolas du Rh\u00f4ne\"},\"image\":{\"@id\":\"http:\/\/paroisse.saintmicheldurhone.fr\/#\/schema\/logo\/image\/\"}}]}<\/script>\n<!-- \/ Yoast SEO plugin. -->","yoast_head_json":{"title":"Aum\u00f4nerie des jeunes -","robots":{"index":"index","follow":"follow","max-snippet":"max-snippet:-1","max-image-preview":"max-image-preview:large","max-video-preview":"max-video-preview:-1"},"canonical":"https:\/\/paroisse.saintmicheldurhone.fr\/?page_id=269","og_locale":"fr_FR","og_type":"article","og_title":"Aum\u00f4nerie des jeunes -","og_description":"&nbsp;\u00ab La t\u00e2che propre de l\u2019Aum\u00f4nerie de l\u2019Enseignement Public est d\u2019assurer une pr\u00e9sence d\u2019Eglise aupr\u00e8s des jeunes scolaris\u00e9s dans les lyc\u00e9es et les coll\u00e8ges de l\u2019enseignement public, au service de [&hellip;]","og_url":"https:\/\/paroisse.saintmicheldurhone.fr\/?page_id=269","article_modified_time":"2026-01-07T19:29:54+00:00","og_image":[{"width":680,"height":407,"url":"https:\/\/paroisse.saintmicheldurhone.fr\/wp-content\/uploads\/2019\/11\/lumiere.jpg","type":"image\/jpeg"}],"twitter_card":"summary_large_image","twitter_misc":{"Dur\u00e9e de lecture estim\u00e9e":"5 minutes"},"schema":{"@context":"https:\/\/schema.org","@graph":[{"@type":"WebPage","@id":"https:\/\/paroisse.saintmicheldurhone.fr\/?page_id=269","url":"https:\/\/paroisse.saintmicheldurhone.fr\/?page_id=269","name":"Aum\u00f4nerie des jeunes -","isPartOf":{"@id":"http:\/\/paroisse.saintmicheldurhone.fr\/#website"},"primaryImageOfPage":{"@id":"https:\/\/paroisse.saintmicheldurhone.fr\/?page_id=269#primaryimage"},"image":{"@id":"https:\/\/paroisse.saintmicheldurhone.fr\/?page_id=269#primaryimage"},"thumbnailUrl":"http:\/\/paroisse.saintmicheldurhone.fr\/wp-content\/uploads\/2019\/11\/lumiere.jpg","datePublished":"2019-11-14T15:50:43+00:00","dateModified":"2026-01-07T19:29:54+00:00","breadcrumb":{"@id":"https:\/\/paroisse.saintmicheldurhone.fr\/?page_id=269#breadcrumb"},"inLanguage":"fr-FR","potentialAction":[{"@type":"ReadAction","target":["https:\/\/paroisse.saintmicheldurhone.fr\/?page_id=269"]}]},{"@type":"ImageObject","inLanguage":"fr-FR","@id":"https:\/\/paroisse.saintmicheldurhone.fr\/?page_id=269#primaryimage","url":"https:\/\/paroisse.saintmicheldurhone.fr\/wp-content\/uploads\/2019\/11\/lumiere.jpg","contentUrl":"https:\/\/paroisse.saintmicheldurhone.fr\/wp-content\/uploads\/2019\/11\/lumiere.jpg","width":680,"height":407},{"@type":"BreadcrumbList","@id":"https:\/\/paroisse.saintmicheldurhone.fr\/?page_id=269#breadcrumb","itemListElement":[{"@type":"ListItem","position":1,"name":"Accueil","item":"https:\/\/paroisse.saintmicheldurhone.fr\/"},{"@type":"ListItem","position":2,"name":"Aum\u00f4nerie des jeunes"}]},{"@type":"WebSite","@id":"http:\/\/paroisse.saintmicheldurhone.fr\/#website","url":"http:\/\/paroisse.saintmicheldurhone.fr\/","name":"Paroisse Saint Nicolas du Rh\u00f4ne","description":"","publisher":{"@id":"http:\/\/paroisse.saintmicheldurhone.fr\/#organization"},"potentialAction":[{"@type":"SearchAction","target":{"@type":"EntryPoint","urlTemplate":"http:\/\/paroisse.saintmicheldurhone.fr\/?s={search_term_string}"},"query-input":{"@type":"PropertyValueSpecification","valueRequired":true,"valueName":"search_term_string"}}],"inLanguage":"fr-FR"},{"@type":"Organization","@id":"http:\/\/paroisse.saintmicheldurhone.fr\/#organization","name":"Paroisse Saint Nicolas du Rh\u00f4ne","url":"http:\/\/paroisse.saintmicheldurhone.fr\/","logo":{"@type":"ImageObject","inLanguage":"fr-FR","@id":"http:\/\/paroisse.saintmicheldurhone.fr\/#\/schema\/logo\/image\/","url":"https:\/\/paroisse.saintmicheldurhone.fr\/wp-content\/uploads\/2022\/09\/cropped-logo-paroisse.jpg","contentUrl":"https:\/\/paroisse.saintmicheldurhone.fr\/wp-content\/uploads\/2022\/09\/cropped-logo-paroisse.jpg","width":1228,"height":567,"caption":"Paroisse Saint Nicolas du Rh\u00f4ne"},"image":{"@id":"http:\/\/paroisse.saintmicheldurhone.fr\/#\/schema\/logo\/image\/"}}]}},"uagb_featured_image_src":{"full":false,"thumbnail":false,"medium":false,"medium_large":false,"large":false,"1536x1536":false,"2048x2048":false},"uagb_author_info":{"display_name":"2019","author_link":"https:\/\/paroisse.saintmicheldurhone.fr\/?author=1"},"uagb_comment_info":0,"uagb_excerpt":"&nbsp;\u00ab La t\u00e2che propre de l\u2019Aum\u00f4nerie de l\u2019Enseignement Public est d\u2019assurer une pr\u00e9sence d\u2019Eglise aupr\u00e8s des jeunes scolaris\u00e9s dans les lyc\u00e9es et les coll\u00e8ges de l\u2019enseignement public, au service de [&hellip;]","_links":{"self":[{"href":"https:\/\/paroisse.saintmicheldurhone.fr\/index.php?rest_route=\/wp\/v2\/pages\/269","targetHints":{"allow":["GET"]}}],"collection":[{"href":"https:\/\/paroisse.saintmicheldurhone.fr\/index.php?rest_route=\/wp\/v2\/pages"}],"about":[{"href":"https:\/\/paroisse.saintmicheldurhone.fr\/index.php?rest_route=\/wp\/v2\/types\/page"}],"author":[{"embeddable":true,"href":"https:\/\/paroisse.saintmicheldurhone.fr\/index.php?rest_route=\/wp\/v2\/users\/1"}],"replies":[{"embeddable":true,"href":"https:\/\/paroisse.saintmicheldurhone.fr\/index.php?rest_route=%2Fwp%2Fv2%2Fcomments&post=269"}],"version-history":[{"count":20,"href":"https:\/\/paroisse.saintmicheldurhone.fr\/index.php?rest_route=\/wp\/v2\/pages\/269\/revisions"}],"predecessor-version":[{"id":5622,"href":"https:\/\/paroisse.saintmicheldurhone.fr\/index.php?rest_route=\/wp\/v2\/pages\/269\/revisions\/5622"}],"wp:attachment":[{"href":"https:\/\/paroisse.saintmicheldurhone.fr\/index.php?rest_route=%2Fwp%2Fv2%2Fmedia&parent=269"}],"curies":[{"name":"wp","href":"https:\/\/api.w.org\/{rel}","templated":true}]}}