{"id":430,"date":"2019-11-18T13:38:44","date_gmt":"2019-11-18T12:38:44","guid":{"rendered":"http:\/\/paroisse.saintmicheldurhone.fr\/?page_id=430"},"modified":"2019-11-19T11:56:36","modified_gmt":"2019-11-19T10:56:36","slug":"charmes-sur-rhone","status":"publish","type":"page","link":"https:\/\/paroisse.saintmicheldurhone.fr\/?page_id=430","title":{"rendered":"Charmes sur Rh\u00f4ne"},"content":{"rendered":"\n<h2 class=\"wp-block-heading\">\u00e9glise Saint-Pierre aux Liens.<\/h2>\n\n\n\n<div class=\"wp-block-image\"><figure class=\"alignright size-large is-resized\"><img loading=\"lazy\" decoding=\"async\" src=\"http:\/\/paroisse.saintmicheldurhone.fr\/wp-content\/uploads\/2019\/11\/2013_08_31-11h-50m-57s-22.jpg\" alt=\"\" class=\"wp-image-448\" width=\"267\" height=\"400\" srcset=\"https:\/\/paroisse.saintmicheldurhone.fr\/wp-content\/uploads\/2019\/11\/2013_08_31-11h-50m-57s-22.jpg 534w, https:\/\/paroisse.saintmicheldurhone.fr\/wp-content\/uploads\/2019\/11\/2013_08_31-11h-50m-57s-22-200x300.jpg 200w\" sizes=\"auto, (max-width: 267px) 100vw, 267px\" \/><\/figure><\/div>\n\n\n\n<p>\u00c9difice de style n\u00e9o-gothique construit \u00e0 partir de 1873. \u0152uvre de l\u2019architecte&nbsp;valentinois Ernest Tracol, concepteur de beaucoup d \u2019\u00e9glises de la r\u00e9gion&nbsp;: Vernoux, Cornas\u2026elle rempla\u00e7a l \u2019\u00e9glise datant du XIII\u00b0 si\u00e8cle qui s\u2019\u00e9levait au c\u0153ur du village m\u00e9di\u00e9val, il subsiste de nos jours le clocher, la \u00abTour de Charmes&nbsp;\u00bb et le soubassement du ch\u0153ur, qui sert de mur de sout\u00e8nement au petit parc (l\u2019ancien cimeti\u00e8re).<\/p>\n\n\n\n<div class=\"wp-block-image\"><figure class=\"alignleft size-large\"><img loading=\"lazy\" decoding=\"async\" width=\"213\" height=\"300\" src=\"http:\/\/paroisse.saintmicheldurhone.fr\/wp-content\/uploads\/2019\/11\/abb\u00e9-Bomel-2-213x300.jpg\" alt=\"\" class=\"wp-image-503\"\/><\/figure><\/div>\n\n\n\n<p>D\u00e8s sa nomination \u00e0 la cure de Charmes en 1865,&nbsp;<strong>l\u2019abb\u00e9 Antoine Bomel<\/strong>&nbsp;reprend en main le projet de construction d\u2019une nouvelle \u00e9glise. Un&nbsp; projet qui avait vu le jour cinq ans plus t\u00f4t, malgr\u00e9 une forte opposition, gr\u00e2ce au maire Marmey (un protestant&nbsp;!) Le nouveau cur\u00e9 lance des souscriptions afin de r\u00e9colter les fonts n\u00e9cessaires.<\/p>\n\n\n\n<p>Le terrain est achet\u00e9 en novembre 1872, la premi\u00e8re pierre est pos\u00e9e, et b\u00e9nite \u00e0 P\u00e2ques 1873, apr\u00e8s une grande procession \u00e0 travers le village. Les travaux se d\u00e9roulent sans probl\u00e8me jusqu\u2019en mars 1875, le maire d\u00e9cide alors l\u2019arr\u00eat de la construction. L\u2019\u00e9glise n\u2019est pourtant pas termin\u00e9e, le dallage n\u2019est pas fait, il n\u2019y a pas de portes, le clocher n\u2019a pas de fl\u00e8che\u2026La municipalit\u00e9 affirme qu\u2019elle ne peut plus payer. Pourtant elle a re\u00e7u des subventions de l \u2019\u00c9tat, mais cet argent a myst\u00e9rieusement disparue&nbsp;! L\u2019abb\u00e9 Bomel engage alors une v\u00e9ritable lutte avec l\u2019administration afin qu\u2019elle poursuive le chantier, envoie des courriers \u00e0 la pr\u00e9fecture&nbsp;\u2026en vain. Il d\u00e9cide donc de commander lui-m\u00eame l\u2019ach\u00e8vement du b\u00e2timent, et pour limiter les frais, autorise les ma\u00e7ons \u00e0 pr\u00e9lever des mat\u00e9riaux \u00e0 l\u2019ancienne \u00e9glise, tuiles et pierres, notamment pour r\u00e9aliser les fonts baptismaux et la seconde sacristie. Le cur\u00e9 paye lui-m\u00eame la fin des travaux car la paroisse n\u2019a plus d\u2019argent en caisse, et il ne veut pas faire de nouvelle collecte aupr\u00e8s des paroissiens.<\/p>\n\n\n\n<p>L \u2019abb\u00e9 Bomel est fier de voir \u00ab&nbsp;son&nbsp;\u00bb \u00e9glise enfin achev\u00e9e, apr\u00e8s trois ans d \u2018un chantier, \u00e0 la fin plut\u00f4t tumultueuse. Le premi\u00e8re messe y est c\u00e9l\u00e9br\u00e9e<strong>&nbsp;le 28 mai 1876.<\/strong><\/p>\n\n\n\n<p>&nbsp;&nbsp;&nbsp;&nbsp;&nbsp;&nbsp;&nbsp;&nbsp;&nbsp;&nbsp;&nbsp; On ach\u00e8ve de d\u00e9molir, \u00e0 ce moment l\u00e0, la vielle \u00e9glise. Les mat\u00e9riaux sont vendus, et on transf\u00e8re certains \u00e9l\u00e9ments vers la nouvelle, comme le ma\u00eetre-autel en bois, du d\u00e9but du XVIII \u00b0 si\u00e8cle, qui meublera pour un temps la sacristie nord, le b\u00e9nitie<strong>r&nbsp;<\/strong>du XIII \u00b0 si\u00e8cle, la cloche datant de 1661 et le&nbsp;<strong>christ en bois<\/strong>&nbsp;du XVII \u00b0 si\u00e8cle (class\u00e9 monument historique).<\/p>\n\n\n\n<h3 class=\"wp-block-heading\">La restauration de l\u2019\u00e9glise en 1963:<\/h3>\n\n\n\n<p>Extrait d\u2019un cahier m\u00e9moires du P\u00e8re Z\u00e9phirin Malosse, cur\u00e9 de St Georges et Charmes de 1961 \u00e0 1982.<\/p>\n\n\n\n<p><em>&nbsp;&nbsp;\u00bb Depuis la construction de l\u2019\u00e9glise, rien n\u2019avait \u00e9t\u00e9 fait dans l\u2019\u00e9difice. En 1963 son \u00e9tat \u00e9tait mis\u00e9rable. Une grosse partie du cr\u00e9pissage \u00e9tait tomb\u00e9 ou \u00e9tait sur le point de le faire. Ce qui restait de bon \u00e9tait couvert d\u2019une telle quantit\u00e9 de poussi\u00e8re que l\u2019\u00e9glise avait un aspect sale et d\u00e9labr\u00e9. L\u2019\u00e9clairage se faisait par deux lustres \u00e9lectrifi\u00e9s, ou par des baladeuses. Un certain nombre de chaises de toutes cat\u00e9gories, hauteurs, forme, solidit\u00e9, se m\u00ealaient \u00e0 7, 8 bancs aux formes et dimensions diverses. Deux vieux po\u00eales&nbsp;&nbsp; \u00e0 charbon, r\u00e9cup\u00e9r\u00e9s chez des cur\u00e9s voisins, d\u00e9gag\u00e9s davantage de fum\u00e9 que de chaleur. Un certain dimanche, de l\u2019autel je ne pus voir les fid\u00e8les qui \u00e9taient en face du second pilier, que dire alors de ceux qui \u00e9taient au fond&nbsp;!!! . Bref tout \u00e9tait \u00e0 revoir et \u00e0 restaurer.<\/em><\/p>\n\n\n\n<p><em>&nbsp;&nbsp;&nbsp;&nbsp;&nbsp;&nbsp;&nbsp;&nbsp;&nbsp;&nbsp;&nbsp; D\u00e8s mon arriv\u00e9e ici, je pensais \u00e0 la restauration de cette \u00e9glise . Dans mes visites, je faisais part de mon id\u00e9e \u00e0 mes paroissiens et tous \u00e9taient d\u2019avis que &nbsp;\u00ab&nbsp;notre \u00e9glise&nbsp;\u00bb avait besoin d\u2019une am\u00e9lioration, mais il fallait trouver l\u2019argent. Jusqu\u2019\u00e0 cette \u00e9poque les finances de la paroisse avaient \u00e9t\u00e9 orient\u00e9 et consacrer \u00e0 l\u2019\u00e9cole libre&nbsp;: am\u00e9lioration des locaux et traitement des institutrices. Mais depuis la loi Debr\u00e9 du 29 d\u00e9cembre 1960, l\u2019\u00e9cole libre de Charmes \u00e9tait sous contrat&nbsp;; et donc l\u2019\u00e9tablissement ayant \u00e9t\u00e9 agr\u00e9\u00e9 par l\u2019\u00e9tat, le personnel \u00e9tait pay\u00e9 par lui. La paroisse pouvait donc orienter ses finances vers la restauration de l\u2019\u00e9glise.<\/em><\/p>\n\n\n\n<p><em>&nbsp;&nbsp;&nbsp;&nbsp;&nbsp;&nbsp;&nbsp;&nbsp;&nbsp;&nbsp;&nbsp; Durant l\u2019ann\u00e9e 1962 je pus organiser s\u00e9ances \u2013 kermesse \u2013 loto \u2013 au profit de l\u2019\u00e9glise. En janvier 1963, je transmettais \u00e0 Viviers le d\u00e9tail des divers am\u00e9nagements envisag\u00e9s. Un architecte de Valence, M. Joulie, fut charg\u00e9 par l\u2019\u00e9v\u00each\u00e9 de venir voir l\u2019\u00e9glise, de me conseiller et de surveiller les travaux. Durant le premier trimestre je contactais les entrepreneurs et monsieur le Maire de Charmes.<\/em><\/p>\n\n\n\n<p><em>&nbsp;&nbsp;&nbsp;&nbsp;&nbsp;&nbsp;&nbsp;&nbsp;&nbsp;&nbsp;&nbsp; L\u2019architecte, lors de sa premi\u00e8re visite, constata que le premier mal de l\u2019\u00e9glise \u00e9tait l\u2019humidit\u00e9. Du c\u00f4t\u00e9 nord, entre le mur voisin et l\u2019\u00e9glise, c\u2019\u00e9tait terre battue avec broussailles, buisson, r\u00e9sidu de tous les d\u00e9tritus du quartier. L\u2019eau s\u2019infiltrait dans les fondations et ressortait \u00e0 l\u2019int\u00e9rieur. De plus le mauvais \u00e9tat des chenaux descendant du toit, laissait couler l\u2019eau le long des murs et s\u2019infiltrait \u00e0 l\u2019int\u00e9rieur.<\/em><\/p>\n\n\n\n<p><em>&nbsp;&nbsp;&nbsp;&nbsp;&nbsp;&nbsp;&nbsp;&nbsp;&nbsp;&nbsp;&nbsp; Monsieur le Maire de Charmes, qui \u00e9tait \u00e0 cette \u00e9poque M. Henri Roulle, posa la question \u00e0 son conseil municipal, lors d\u2019une r\u00e9union&nbsp;: l\u2019\u00e9glise \u00e9tant b\u00e2timent public et municipal. L\u2019unanimit\u00e9 du conseil, fut d\u2019avis favorable&nbsp;: Faire ce qui incombait \u00e0 la mairie de faire, tout ce qui touche \u00e0 la solidit\u00e9 de l\u2019\u00e9difice, c\u2019est \u00e0 dire, toiture, cr\u00e9pissage, chenaux et glacis au nord de l\u2019\u00e9glise.<\/em><\/p>\n\n\n\n<p><em>&nbsp;&nbsp;&nbsp;&nbsp;&nbsp;&nbsp;&nbsp;&nbsp;&nbsp;&nbsp;&nbsp; Le lundi de P\u00e2ques, je d\u00e9m\u00e9nageais donc toute l\u2019\u00e9glise \u00e0 la salle d\u2019\u0153uvres, je fis ce travail avec les gar\u00e7ons de la paroisse, le 15 avril. La salle \u00e9tait pratique et agr\u00e9able&nbsp;: l\u2019autel sur la sc\u00e8ne etc\u2026les gens aimaient bien leur \u00e9glise d\u2019occasion.<\/em><\/p>\n\n\n\n<p><em>D\u00e8s les premiers jours de cette m\u00eame semaine, les entrepreneurs commen\u00e7aient les travaux. Ceux-ci furent ex\u00e9cut\u00e9s par des entreprises de Charmes. La ma\u00e7onnerie fut confi\u00e9e \u00e0 M. Bourdon Fran\u00e7ois (cr\u00e9pissage, glacis, chemin\u00e9e, toiture) la peinture, qui \u00e9tait la partie la plus importante des travaux, fut faite par l\u2019entreprise Paul Dubois, 9 ouvriers poss\u00e9dant le mat\u00e9riel n\u00e9cessaire&nbsp;: compresseur, \u00e9chafaudages 11 m\u00e8tres, etc. L\u2019\u00e9clairage fut confi\u00e9 \u00e0 Monsieur G\u00e9las. Par l\u2019interm\u00e9diaire de l\u2019entr\u2019aide dioc\u00e9saine, j\u2019achetais le mat\u00e9riel et M. G\u00e9las fit l\u2019installation gratuitement. M. Zancanaro fit les bancs. Le mod\u00e8le fut pris sur les bancs de la chapelle des Perri\u00e8res \u00e0 Annonay. La r\u00e9fection des chenaux, l\u2019installation des po\u00eales fut confi\u00e9e \u00e0 M. Avon, zingueur \u00e0 Charmes.<\/em><\/p>\n\n\n\n<p><em>&nbsp;&nbsp;&nbsp;&nbsp;&nbsp;&nbsp;&nbsp;&nbsp;&nbsp;&nbsp;&nbsp; Les travaux furent ex\u00e9cut\u00e9s normalement et rapidement. J\u2019avais demand\u00e9 que l\u2019\u00e9glise soit pr\u00eate pour la Premi\u00e8re Communion, que j\u2019avais fix\u00e9 \u00e0 Pentec\u00f4te&nbsp;: 2 juin. Cette date avait \u00e9t\u00e9 arr\u00eat\u00e9e surtout pour presser les entrepreneurs. Je dus cependant retarder la Premi\u00e8re Communion d\u2019une semaine. Le 9 juin tout \u00e9tait pr\u00eat.&nbsp;\u00bb<\/em><\/p>\n\n\n\n<h3 class=\"wp-block-heading\">Le Christ de Charmes, Class\u00e9 Monument Historique.<\/h3>\n\n\n\n<div class=\"wp-block-image\"><figure class=\"alignright size-large\"><img loading=\"lazy\" decoding=\"async\" width=\"250\" height=\"300\" src=\"http:\/\/paroisse.saintmicheldurhone.fr\/wp-content\/uploads\/2019\/11\/Christ-250x300.jpg\" alt=\"\" class=\"wp-image-500\"\/><\/figure><\/div>\n\n\n\n<p>&nbsp;&nbsp;&nbsp;&nbsp;&nbsp;&nbsp;&nbsp;&nbsp;&nbsp;&nbsp;&nbsp; L\u2019\u00e9glise de Charmes rec\u00e8le une \u0153uvre remarquable par sa beaut\u00e9 et son&nbsp;r\u00e9alisme&nbsp;: un Christ sculpt\u00e9 dans un bois tr\u00e8s dur, recouvert d \u2019une peinture couleur chair, et ayant pour dimensions, du sommet de la t\u00eate \u00e0 la plante des pieds, 1,65 m\u00e8tres, ce qui \u00e9tait la taille moyenne d\u2019un homme de la r\u00e9gion. Il est support\u00e9 par une croix en ch\u00eane, d\u2019une envergure de 2 m\u00e8tres, sur environ 2,5 m\u00e8tres de hauteur.<\/p>\n\n\n\n<p>Cette sculpture date du XVII \u00b0 si\u00e8cle, l\u2019absence de signature ne nous permet pas de conna\u00eetre son auteur, mais la l\u00e9gende locale parle d \u2019 un vieux berger d\u2019origine espagnole, qui l \u2019aurait con\u00e7ue et r\u00e9alis\u00e9e. Il est cependant certains que l\u2019artiste a du bien \u00e9tudier l\u2019anatomie des morts, car le r\u00e9alisme de la reproduction est frappant, avec les traits d\u2019un corps que la vie vient de quitter. L\u2019artiste a r\u00e9alis\u00e9 son \u0153uvre avec une aisance \u00e9tonnante, pas la moindre h\u00e9sitation. Le ciseau a creus\u00e9 juste, de la bouche entrouverte d\u2019o\u00f9 le dernier souffle vient de passer, aux yeux \u00e0 demi-clos qui attendent qu\u2019on les ferme. L\u2019attitude donn\u00e9e par la mort est rendue ici dans toute sa v\u00e9rit\u00e9.<\/p>\n\n\n\n<p>Lors de son transfert dans l \u2019\u00e9glise actuelle, le Christ fut d\u2019abord plac\u00e9 dans le ch\u0153ur, mais on ne tarda pas de le rel\u00e9guer \u00e0 la tribune, loin des regards, car il \u00ab&nbsp;faisait peur aux enfants&nbsp;\u00bb (paroles de l \u2019abb\u00e9 Bomel )<\/p>\n\n\n\n<p>Le 24 f\u00e9vier 1921, par d\u00e9cret du Minist\u00e8re de l\u2019instruction publique et des beaux-arts, le Christ de Charmes est class\u00e9 parmi les monuments historiques fran\u00e7ais.<\/p>\n\n\n\n<p>Les paroissiens d\u00e9cident en 1958, avec l\u2019accord de la commission des monuments historiques,&nbsp; de replacer ce Christ dans le ch\u0153ur, devant l\u2019abside de la sainte-Famille qui devait \u00eatre ferm\u00e9e par un mur de moellons (non r\u00e9alis\u00e9). Il retrouva ainsi sa place au-dessus du ma\u00eetre-autel (enlev\u00e9 en 1977, pour faire place \u00e0 l\u2019orgue)<\/p>\n\n\n\n<h3 class=\"wp-block-heading\">Petit Historique de l\u2019orgue&nbsp;:<\/h3>\n\n\n\n<p>texte du P\u00e8re Z\u00e9phirin Malosse, Cur\u00e9, \u00e0 l\u2019initiative de l\u2019installation de l\u2019orgue&nbsp;:<\/p>\n\n\n\n<p><em>\u00ab&nbsp;En 1973-74, la commission dioc\u00e9saine de liturgie mis en vente les orgues du petit s\u00e9minaire St Charles, apr\u00e8s sa fermeture. Souvent le P\u00e8re Montagne me sollicitait pour que je fasse l\u2019achat de ces orgues. Je m\u2019y int\u00e9ressais une premi\u00e8re fois en novembre 1975. quelques mois plus tard je formais le comit\u00e9 paroissial, en vue d\u2019une d\u00e9cision \u00e0 prendre pour l\u2019achat de ces orgues. Le comit\u00e9 fut d\u2019accord.(\u2026). Le P\u00e8re Montagne me conseilla de m\u2019adresser au P. Ducol d\u2019Aubenas, qui m\u2019orienta plut\u00f4t, vers l\u2019achat d\u2019orgues neuves.<\/em><\/p>\n\n\n\n<p><em>Apr\u00e8s plusieurs rencontres de mise au point, il m\u2019adressa \u00e0 un facteur d\u2019orgues de Colmar, M. Bois. Le P\u00e8re Ducol composa la liste de jeux \u00e0 mettre, en fonction des finances. Un rendez-vous avec M. Bois, le P\u00e8re Ducol, des membres du comit\u00e9 et moi-m\u00eame eut lieu \u00e0 Charmes en ao\u00fbt 1976&nbsp;: choix de l\u2019emplacement, style, jeux\u2026Quelque temps apr\u00e8s le devis de M. Bois \u00e9tait sign\u00e9 par le pr\u00e9sident du comit\u00e9, M. Richerot. Les orgues \u00e9taient promises pour fin mai, d\u00e9but juin 1977. entre temps je demandais au comit\u00e9 d&nbsp;\u2018ajouter le plein jeux 3 rangs \u00e0 l\u2019orgue pour l\u2019enrichir. Le devis, dans son ensemble, s\u2019\u00e9levait \u00e0 57 450.60 F (\u2026), il fut d\u00e9cid\u00e9 de faire une kermesse \u00e0 l\u2019automne&nbsp;; le 17 octobre 1976. C\u2019\u00e9tait risqu\u00e9 et c\u2019\u00e9tait pris de cours. Une lettre fut envoy\u00e9e aux paroissiens leur annon\u00e7ant le double projet&nbsp;: orgues et kermesse. Le projet d\u2019orgues ne fit pas l\u2019unanimit\u00e9, certains jugeant cela inutile, et doutait de la r\u00e9ussite de la f\u00eate. Tout le monde se mit \u00e0 la pr\u00e9paration de la kermesse, et favoris\u00e9e par le beau temps, elle fut une vraie r\u00e9ussite sur le plan financier et moral . Malgr\u00e9 le peu de temps pour la pr\u00e9parer, la f\u00eate fut tr\u00e8s compl\u00e8te. Il ne restait plus qu\u2019\u00e0 attendre l\u2019arriv\u00e9e de l\u2019instrument, mais auparavant \u00e0 pr\u00e9parer le ch\u0153ur de l\u2019\u00e9glise.<\/em><\/p>\n\n\n\n<p><em>&nbsp;&nbsp;&nbsp;&nbsp;&nbsp;&nbsp;&nbsp;&nbsp;&nbsp;&nbsp;&nbsp; La premi\u00e8re chose entreprise fut l\u2019avanc\u00e9 du ch\u0153ur, qui fut faite par les hommes de la Paroisse. Moi-m\u00eame aid\u00e9 de quelques hommes, je d\u00e9molis l\u2019ancien autel toujours en place, la table-autel actuelle fut reb\u00e2tie par le marbrier Charre de Valence.(\u2026) Le tabernacle en fer forg\u00e9 fut fait par M. Elie Saby, mar\u00e9chal \u00e0 Charmes, ainsi que le support de Bible. M. Bois, facteur d\u2019orgues, eut du retard dans la livraison de l\u2019instrument. Il vint seulement le 18 juillet. L\u2019installation et l\u2019harmonisation dura deux semaines. Ils furent re\u00e7us par les familles aux repas de midi et du soir, chose qui fut tr\u00e8s sympathique. La mise en service de l\u2019orgue au service de la liturgie, se fit le dimanche 4 septembre 1977.<\/em><\/p>\n\n\n\n<p><em>&nbsp;&nbsp;&nbsp;&nbsp;&nbsp;&nbsp;&nbsp;&nbsp;&nbsp;&nbsp;&nbsp; L\u2019inauguration officielle se fit le 16 d\u00e9cembre 1978, par un concert donn\u00e9 par la commission dioc\u00e9saine de musique et liturgie&nbsp;.&nbsp;\u00bb<\/em><\/p>\n\n\n\n<p>Pr\u00e9sentation technique de l\u2019instrument&nbsp;:&nbsp;Petit orgue (\u00e9volutif, possibilit\u00e9 de 4 jeux en plus) du facteur Bois \u00e0 Colmar 2 claviers&nbsp; (54 notes )1 p\u00e9dalier 30 notes . R\u00e9cit : Bourdon 8\u2032&nbsp;&nbsp; Flute \u00e0 chemin\u00e9e&nbsp; 4 \u2018&nbsp; Tierce 1\u2032 3\/5&nbsp;&nbsp; Lariot 1\u2032 1\/3&nbsp; \u2026..Grand Orgue : Principal 8\u2032&nbsp;&nbsp; Prestant 4\u2032&nbsp;&nbsp; Doublette 2\u2032&nbsp;&nbsp;&nbsp; Plein jeux&nbsp; 3 rangs&nbsp;&nbsp;&nbsp; Cymbale&nbsp; 2 rangs.&nbsp;&nbsp;&nbsp; P\u00e9dalier&nbsp; Sous basse&nbsp; 16\u2019&nbsp;&nbsp; ,&nbsp;&nbsp; accouplement r\u00e9cit sur G.O.&nbsp; , Tirasses R\u00e9cit \/P\u00e9dalier&nbsp;&nbsp; G.O. \/P\u00e9dalier ;&nbsp; Tremblant g\u00e9n\u00e9ral<\/p>\n\n\n\n<h6 class=\"wp-block-heading\">Depuis juin 2017, une association \u00ab&nbsp;Les amis des orgues de St Pierre \u00e0 Charmes&nbsp;\u00bb veille \u00e0 l\u2019entretien et la mise en valeur de cet instrument.<\/h6>\n\n\n\n<h6 class=\"wp-block-heading\">Contact: Christian Nad\u00e9: 06 24 57 74 13.<\/h6>\n\n\n\n<p>D\u2019apr\u00e8s Alain Saint-Andr\u00e9 et Ludovic FRAISSE<\/p>\n","protected":false},"excerpt":{"rendered":"<p>\u00e9glise Saint-Pierre aux Liens. \u00c9difice de style n\u00e9o-gothique construit \u00e0 partir de 1873. \u0152uvre de l\u2019architecte&nbsp;valentinois Ernest Tracol, concepteur de beaucoup d \u2019\u00e9glises de la r\u00e9gion&nbsp;: Vernoux, Cornas\u2026elle rempla\u00e7a l [&hellip;]<\/p>\n","protected":false},"author":1,"featured_media":0,"parent":0,"menu_order":0,"comment_status":"closed","ping_status":"closed","template":"","meta":{"_uag_custom_page_level_css":"","site-sidebar-layout":"default","site-content-layout":"default","ast-site-content-layout":"default","site-content-style":"default","site-sidebar-style":"default","ast-global-header-display":"","ast-banner-title-visibility":"","ast-main-header-display":"","ast-hfb-above-header-display":"","ast-hfb-below-header-display":"","ast-hfb-mobile-header-display":"","site-post-title":"","ast-breadcrumbs-content":"","ast-featured-img":"","footer-sml-layout":"","ast-disable-related-posts":"","theme-transparent-header-meta":"default","adv-header-id-meta":"","stick-header-meta":"","header-above-stick-meta":"","header-main-stick-meta":"","header-below-stick-meta":"","astra-migrate-meta-layouts":"default","ast-page-background-enabled":"default","ast-page-background-meta":{"desktop":{"background-color":"var(--ast-global-color-4)","background-image":"","background-repeat":"repeat","background-position":"center center","background-size":"auto","background-attachment":"scroll","background-type":"","background-media":"","overlay-type":"","overlay-color":"","overlay-opacity":"","overlay-gradient":""},"tablet":{"background-color":"","background-image":"","background-repeat":"repeat","background-position":"center center","background-size":"auto","background-attachment":"scroll","background-type":"","background-media":"","overlay-type":"","overlay-color":"","overlay-opacity":"","overlay-gradient":""},"mobile":{"background-color":"","background-image":"","background-repeat":"repeat","background-position":"center center","background-size":"auto","background-attachment":"scroll","background-type":"","background-media":"","overlay-type":"","overlay-color":"","overlay-opacity":"","overlay-gradient":""}},"ast-content-background-meta":{"desktop":{"background-color":"var(--ast-global-color-5)","background-image":"","background-repeat":"repeat","background-position":"center center","background-size":"auto","background-attachment":"scroll","background-type":"","background-media":"","overlay-type":"","overlay-color":"","overlay-opacity":"","overlay-gradient":""},"tablet":{"background-color":"var(--ast-global-color-5)","background-image":"","background-repeat":"repeat","background-position":"center center","background-size":"auto","background-attachment":"scroll","background-type":"","background-media":"","overlay-type":"","overlay-color":"","overlay-opacity":"","overlay-gradient":""},"mobile":{"background-color":"var(--ast-global-color-5)","background-image":"","background-repeat":"repeat","background-position":"center center","background-size":"auto","background-attachment":"scroll","background-type":"","background-media":"","overlay-type":"","overlay-color":"","overlay-opacity":"","overlay-gradient":""}},"footnotes":""},"class_list":["post-430","page","type-page","status-publish","hentry"],"yoast_head":"<!-- This site is optimized with the Yoast SEO plugin v26.6 - https:\/\/yoast.com\/wordpress\/plugins\/seo\/ -->\n<title>Charmes sur Rh\u00f4ne -<\/title>\n<meta name=\"robots\" content=\"index, follow, max-snippet:-1, max-image-preview:large, max-video-preview:-1\" \/>\n<link rel=\"canonical\" href=\"https:\/\/paroisse.saintmicheldurhone.fr\/?page_id=430\" \/>\n<meta property=\"og:locale\" content=\"fr_FR\" \/>\n<meta property=\"og:type\" content=\"article\" \/>\n<meta property=\"og:title\" content=\"Charmes sur Rh\u00f4ne -\" \/>\n<meta property=\"og:description\" content=\"\u00e9glise Saint-Pierre aux Liens. \u00c9difice de style n\u00e9o-gothique construit \u00e0 partir de 1873. \u0152uvre de l\u2019architecte&nbsp;valentinois Ernest Tracol, concepteur de beaucoup d \u2019\u00e9glises de la r\u00e9gion&nbsp;: Vernoux, Cornas\u2026elle rempla\u00e7a l [&hellip;]\" \/>\n<meta property=\"og:url\" content=\"https:\/\/paroisse.saintmicheldurhone.fr\/?page_id=430\" \/>\n<meta property=\"article:modified_time\" content=\"2019-11-19T10:56:36+00:00\" \/>\n<meta property=\"og:image\" content=\"http:\/\/paroisse.saintmicheldurhone.fr\/wp-content\/uploads\/2019\/11\/2013_08_31-11h-50m-57s-22.jpg\" \/>\n<meta name=\"twitter:card\" content=\"summary_large_image\" \/>\n<meta name=\"twitter:label1\" content=\"Dur\u00e9e de lecture estim\u00e9e\" \/>\n\t<meta name=\"twitter:data1\" content=\"12 minutes\" \/>\n<script type=\"application\/ld+json\" class=\"yoast-schema-graph\">{\"@context\":\"https:\/\/schema.org\",\"@graph\":[{\"@type\":\"WebPage\",\"@id\":\"https:\/\/paroisse.saintmicheldurhone.fr\/?page_id=430\",\"url\":\"https:\/\/paroisse.saintmicheldurhone.fr\/?page_id=430\",\"name\":\"Charmes sur Rh\u00f4ne -\",\"isPartOf\":{\"@id\":\"http:\/\/paroisse.saintmicheldurhone.fr\/#website\"},\"primaryImageOfPage\":{\"@id\":\"https:\/\/paroisse.saintmicheldurhone.fr\/?page_id=430#primaryimage\"},\"image\":{\"@id\":\"https:\/\/paroisse.saintmicheldurhone.fr\/?page_id=430#primaryimage\"},\"thumbnailUrl\":\"http:\/\/paroisse.saintmicheldurhone.fr\/wp-content\/uploads\/2019\/11\/2013_08_31-11h-50m-57s-22.jpg\",\"datePublished\":\"2019-11-18T12:38:44+00:00\",\"dateModified\":\"2019-11-19T10:56:36+00:00\",\"breadcrumb\":{\"@id\":\"https:\/\/paroisse.saintmicheldurhone.fr\/?page_id=430#breadcrumb\"},\"inLanguage\":\"fr-FR\",\"potentialAction\":[{\"@type\":\"ReadAction\",\"target\":[\"https:\/\/paroisse.saintmicheldurhone.fr\/?page_id=430\"]}]},{\"@type\":\"ImageObject\",\"inLanguage\":\"fr-FR\",\"@id\":\"https:\/\/paroisse.saintmicheldurhone.fr\/?page_id=430#primaryimage\",\"url\":\"https:\/\/paroisse.saintmicheldurhone.fr\/wp-content\/uploads\/2019\/11\/2013_08_31-11h-50m-57s-22.jpg\",\"contentUrl\":\"https:\/\/paroisse.saintmicheldurhone.fr\/wp-content\/uploads\/2019\/11\/2013_08_31-11h-50m-57s-22.jpg\",\"width\":534,\"height\":800},{\"@type\":\"BreadcrumbList\",\"@id\":\"https:\/\/paroisse.saintmicheldurhone.fr\/?page_id=430#breadcrumb\",\"itemListElement\":[{\"@type\":\"ListItem\",\"position\":1,\"name\":\"Accueil\",\"item\":\"https:\/\/paroisse.saintmicheldurhone.fr\/\"},{\"@type\":\"ListItem\",\"position\":2,\"name\":\"Charmes sur Rh\u00f4ne\"}]},{\"@type\":\"WebSite\",\"@id\":\"http:\/\/paroisse.saintmicheldurhone.fr\/#website\",\"url\":\"http:\/\/paroisse.saintmicheldurhone.fr\/\",\"name\":\"Paroisse Saint Nicolas du Rh\u00f4ne\",\"description\":\"\",\"publisher\":{\"@id\":\"http:\/\/paroisse.saintmicheldurhone.fr\/#organization\"},\"potentialAction\":[{\"@type\":\"SearchAction\",\"target\":{\"@type\":\"EntryPoint\",\"urlTemplate\":\"http:\/\/paroisse.saintmicheldurhone.fr\/?s={search_term_string}\"},\"query-input\":{\"@type\":\"PropertyValueSpecification\",\"valueRequired\":true,\"valueName\":\"search_term_string\"}}],\"inLanguage\":\"fr-FR\"},{\"@type\":\"Organization\",\"@id\":\"http:\/\/paroisse.saintmicheldurhone.fr\/#organization\",\"name\":\"Paroisse Saint Nicolas du Rh\u00f4ne\",\"url\":\"http:\/\/paroisse.saintmicheldurhone.fr\/\",\"logo\":{\"@type\":\"ImageObject\",\"inLanguage\":\"fr-FR\",\"@id\":\"http:\/\/paroisse.saintmicheldurhone.fr\/#\/schema\/logo\/image\/\",\"url\":\"https:\/\/paroisse.saintmicheldurhone.fr\/wp-content\/uploads\/2022\/09\/cropped-logo-paroisse.jpg\",\"contentUrl\":\"https:\/\/paroisse.saintmicheldurhone.fr\/wp-content\/uploads\/2022\/09\/cropped-logo-paroisse.jpg\",\"width\":1228,\"height\":567,\"caption\":\"Paroisse Saint Nicolas du Rh\u00f4ne\"},\"image\":{\"@id\":\"http:\/\/paroisse.saintmicheldurhone.fr\/#\/schema\/logo\/image\/\"}}]}<\/script>\n<!-- \/ Yoast SEO plugin. -->","yoast_head_json":{"title":"Charmes sur Rh\u00f4ne -","robots":{"index":"index","follow":"follow","max-snippet":"max-snippet:-1","max-image-preview":"max-image-preview:large","max-video-preview":"max-video-preview:-1"},"canonical":"https:\/\/paroisse.saintmicheldurhone.fr\/?page_id=430","og_locale":"fr_FR","og_type":"article","og_title":"Charmes sur Rh\u00f4ne -","og_description":"\u00e9glise Saint-Pierre aux Liens. \u00c9difice de style n\u00e9o-gothique construit \u00e0 partir de 1873. \u0152uvre de l\u2019architecte&nbsp;valentinois Ernest Tracol, concepteur de beaucoup d \u2019\u00e9glises de la r\u00e9gion&nbsp;: Vernoux, Cornas\u2026elle rempla\u00e7a l [&hellip;]","og_url":"https:\/\/paroisse.saintmicheldurhone.fr\/?page_id=430","article_modified_time":"2019-11-19T10:56:36+00:00","og_image":[{"url":"http:\/\/paroisse.saintmicheldurhone.fr\/wp-content\/uploads\/2019\/11\/2013_08_31-11h-50m-57s-22.jpg","type":"","width":"","height":""}],"twitter_card":"summary_large_image","twitter_misc":{"Dur\u00e9e de lecture estim\u00e9e":"12 minutes"},"schema":{"@context":"https:\/\/schema.org","@graph":[{"@type":"WebPage","@id":"https:\/\/paroisse.saintmicheldurhone.fr\/?page_id=430","url":"https:\/\/paroisse.saintmicheldurhone.fr\/?page_id=430","name":"Charmes sur Rh\u00f4ne -","isPartOf":{"@id":"http:\/\/paroisse.saintmicheldurhone.fr\/#website"},"primaryImageOfPage":{"@id":"https:\/\/paroisse.saintmicheldurhone.fr\/?page_id=430#primaryimage"},"image":{"@id":"https:\/\/paroisse.saintmicheldurhone.fr\/?page_id=430#primaryimage"},"thumbnailUrl":"http:\/\/paroisse.saintmicheldurhone.fr\/wp-content\/uploads\/2019\/11\/2013_08_31-11h-50m-57s-22.jpg","datePublished":"2019-11-18T12:38:44+00:00","dateModified":"2019-11-19T10:56:36+00:00","breadcrumb":{"@id":"https:\/\/paroisse.saintmicheldurhone.fr\/?page_id=430#breadcrumb"},"inLanguage":"fr-FR","potentialAction":[{"@type":"ReadAction","target":["https:\/\/paroisse.saintmicheldurhone.fr\/?page_id=430"]}]},{"@type":"ImageObject","inLanguage":"fr-FR","@id":"https:\/\/paroisse.saintmicheldurhone.fr\/?page_id=430#primaryimage","url":"https:\/\/paroisse.saintmicheldurhone.fr\/wp-content\/uploads\/2019\/11\/2013_08_31-11h-50m-57s-22.jpg","contentUrl":"https:\/\/paroisse.saintmicheldurhone.fr\/wp-content\/uploads\/2019\/11\/2013_08_31-11h-50m-57s-22.jpg","width":534,"height":800},{"@type":"BreadcrumbList","@id":"https:\/\/paroisse.saintmicheldurhone.fr\/?page_id=430#breadcrumb","itemListElement":[{"@type":"ListItem","position":1,"name":"Accueil","item":"https:\/\/paroisse.saintmicheldurhone.fr\/"},{"@type":"ListItem","position":2,"name":"Charmes sur Rh\u00f4ne"}]},{"@type":"WebSite","@id":"http:\/\/paroisse.saintmicheldurhone.fr\/#website","url":"http:\/\/paroisse.saintmicheldurhone.fr\/","name":"Paroisse Saint Nicolas du Rh\u00f4ne","description":"","publisher":{"@id":"http:\/\/paroisse.saintmicheldurhone.fr\/#organization"},"potentialAction":[{"@type":"SearchAction","target":{"@type":"EntryPoint","urlTemplate":"http:\/\/paroisse.saintmicheldurhone.fr\/?s={search_term_string}"},"query-input":{"@type":"PropertyValueSpecification","valueRequired":true,"valueName":"search_term_string"}}],"inLanguage":"fr-FR"},{"@type":"Organization","@id":"http:\/\/paroisse.saintmicheldurhone.fr\/#organization","name":"Paroisse Saint Nicolas du Rh\u00f4ne","url":"http:\/\/paroisse.saintmicheldurhone.fr\/","logo":{"@type":"ImageObject","inLanguage":"fr-FR","@id":"http:\/\/paroisse.saintmicheldurhone.fr\/#\/schema\/logo\/image\/","url":"https:\/\/paroisse.saintmicheldurhone.fr\/wp-content\/uploads\/2022\/09\/cropped-logo-paroisse.jpg","contentUrl":"https:\/\/paroisse.saintmicheldurhone.fr\/wp-content\/uploads\/2022\/09\/cropped-logo-paroisse.jpg","width":1228,"height":567,"caption":"Paroisse Saint Nicolas du Rh\u00f4ne"},"image":{"@id":"http:\/\/paroisse.saintmicheldurhone.fr\/#\/schema\/logo\/image\/"}}]}},"uagb_featured_image_src":{"full":false,"thumbnail":false,"medium":false,"medium_large":false,"large":false,"1536x1536":false,"2048x2048":false},"uagb_author_info":{"display_name":"2019","author_link":"https:\/\/paroisse.saintmicheldurhone.fr\/?author=1"},"uagb_comment_info":0,"uagb_excerpt":"\u00e9glise Saint-Pierre aux Liens. \u00c9difice de style n\u00e9o-gothique construit \u00e0 partir de 1873. \u0152uvre de l\u2019architecte&nbsp;valentinois Ernest Tracol, concepteur de beaucoup d \u2019\u00e9glises de la r\u00e9gion&nbsp;: Vernoux, Cornas\u2026elle rempla\u00e7a l [&hellip;]","_links":{"self":[{"href":"https:\/\/paroisse.saintmicheldurhone.fr\/index.php?rest_route=\/wp\/v2\/pages\/430","targetHints":{"allow":["GET"]}}],"collection":[{"href":"https:\/\/paroisse.saintmicheldurhone.fr\/index.php?rest_route=\/wp\/v2\/pages"}],"about":[{"href":"https:\/\/paroisse.saintmicheldurhone.fr\/index.php?rest_route=\/wp\/v2\/types\/page"}],"author":[{"embeddable":true,"href":"https:\/\/paroisse.saintmicheldurhone.fr\/index.php?rest_route=\/wp\/v2\/users\/1"}],"replies":[{"embeddable":true,"href":"https:\/\/paroisse.saintmicheldurhone.fr\/index.php?rest_route=%2Fwp%2Fv2%2Fcomments&post=430"}],"version-history":[{"count":0,"href":"https:\/\/paroisse.saintmicheldurhone.fr\/index.php?rest_route=\/wp\/v2\/pages\/430\/revisions"}],"wp:attachment":[{"href":"https:\/\/paroisse.saintmicheldurhone.fr\/index.php?rest_route=%2Fwp%2Fv2%2Fmedia&parent=430"}],"curies":[{"name":"wp","href":"https:\/\/api.w.org\/{rel}","templated":true}]}}