{"id":432,"date":"2019-11-18T13:39:48","date_gmt":"2019-11-18T12:39:48","guid":{"rendered":"http:\/\/paroisse.saintmicheldurhone.fr\/?page_id=432"},"modified":"2019-11-19T12:06:31","modified_gmt":"2019-11-19T11:06:31","slug":"la-voulte-sur-rhone","status":"publish","type":"page","link":"https:\/\/paroisse.saintmicheldurhone.fr\/?page_id=432","title":{"rendered":"La Voulte sur Rh\u00f4ne"},"content":{"rendered":"\n<h3 class=\"wp-block-heading\">\u00e9glise Saint-Vincent<\/h3>\n\n\n\n<div class=\"wp-block-image\"><figure class=\"alignleft size-large is-resized\"><img loading=\"lazy\" decoding=\"async\" src=\"http:\/\/paroisse.saintmicheldurhone.fr\/wp-content\/uploads\/2019\/11\/La_Voulte-sur-Rh\u00f4ne_-_grand_place_and_church-768x886.jpg\" alt=\"\" class=\"wp-image-509\" width=\"384\" height=\"443\" srcset=\"https:\/\/paroisse.saintmicheldurhone.fr\/wp-content\/uploads\/2019\/11\/La_Voulte-sur-Rh\u00f4ne_-_grand_place_and_church-768x886.jpg 768w, https:\/\/paroisse.saintmicheldurhone.fr\/wp-content\/uploads\/2019\/11\/La_Voulte-sur-Rh\u00f4ne_-_grand_place_and_church-768x886-260x300.jpg 260w\" sizes=\"auto, (max-width: 384px) 100vw, 384px\" \/><\/figure><\/div>\n\n\n\n<p>1\/&nbsp;&nbsp;&nbsp;Historique de la construction&nbsp;:<\/p>\n\n\n\n<p>Au d\u00e9but du XIX\u00e8me si\u00e8cle, le nombre de fid\u00e8les&nbsp; se trouve fortement accru par l\u2019arriv\u00e9e massive de personnel employ\u00e9 tant aux Mines de la Boissine qu\u2019aux Fonderies, install\u00e9es dans l\u2019actuel parc Baboin-Jobert. La population passera ainsi en peu de temps de 2000 \u00e0 plus de 3000 habitants.<\/p>\n\n\n\n<p>Ensuite, l\u2019\u00e9tat de l\u2019\u00e9glise romane, alors fort d\u00e9labr\u00e9e, et les r\u00e9parations qui s\u2019av\u00e9raient n\u00e9cessaires (dont une menace d\u2019effondrement de la vo\u00fbte) et auraient grev\u00e9 le budget paroissial. L\u2019\u00c9tat, repr\u00e9sent\u00e9 par le pr\u00e9fet de l\u2019Ard\u00e8che, L\u00e9on Chevreau, refuse d\u2019engager le moindre centime. Il faut donc trouver une solution \u2026 locale.<\/p>\n\n\n\n<p>Ce sera finalement la volont\u00e9 conjugu\u00e9e de la municipalit\u00e9 (elle donnera le terrain en c\u00e9dant le vieux fort de la Bistour, lui-m\u00eame en mauvais \u00e9tat), et de la \u00ab&nbsp;Compagnies des Fonderies de Terrenoire, La Voulte et Bess\u00e8ges&nbsp;\u00bb (elle financera les travaux), qui permettra la construction d\u2019une nouvelle \u00e9glise paroissiale dont la 1<sup>\u00e8re<\/sup>&nbsp;pierre sera pos\u00e9e le 22 septembre 1856&nbsp; par le maire, Louis Vautro, lui-m\u00eame directeur des Fonderies, et le cur\u00e9-archipr\u00eatre, monsieur Armand.<\/p>\n\n\n\n<p>Elle sera consacr\u00e9e le 11 septembre 1859 par Mgr Delcusy, \u00e9v\u00eaque de Viviers (de 1857 \u00e0 1877), accompagn\u00e9 de Mgr Lyonnet, \u00e9v\u00eaque de Valence (de 1857 \u00e0 1864), et de Mgr Lamouroux de Pompignac, \u00e9v\u00eaque de St Flour (successeur du pr\u00e9c\u00e9dent de 1857 \u00e0 1877).<\/p>\n\n\n\n<div class=\"wp-block-image\"><figure class=\"alignright size-large\"><img loading=\"lazy\" decoding=\"async\" width=\"300\" height=\"288\" src=\"http:\/\/paroisse.saintmicheldurhone.fr\/wp-content\/uploads\/2019\/11\/La_Voulte-sur-Rh\u00f4ne_-_foundation_plaque_of_the_church-300x288.jpg\" alt=\"\" class=\"wp-image-510\"\/><\/figure><\/div>\n\n\n\n<p>Des plaques&nbsp; comm\u00e9moratives en marbre blanc sont fix\u00e9es sur les piliers du transept et des croix de cons\u00e9cration sont peintes sur chacune des colonnes de l\u2019\u00e9difice.<\/p>\n\n\n\n<p>Les archives signalent que le Conseil de Fabrique \u2013 organe de gestion des paroisses institu\u00e9 par le Concordat de 1801- dans sa s\u00e9ance du 5 juillet 1857 d\u00e9clare \u00ab&nbsp;qu\u2019il ne peut contribuer en rien et pour rien (sic) dans la construction entreprise, ses ressources ne suffisant pas m\u00eame pour l\u2019entretien du culte&nbsp;\u00bb.<\/p>\n\n\n\n<p>R\u00e9alis\u00e9e en belles pierres de taille, elle sera vite rougie par l\u2019oxyde de fer des Fonderies, comme toutes les maisons de la ville&nbsp;:&nbsp;\u00ab&nbsp;on les dirait badigeonn\u00e9es avec du sang&nbsp;\u00bb, dira m\u00eame Albert du Boys en 1846. Implant\u00e9e sur le rocher lui-m\u00eame,&nbsp; elle s\u2019encastre dans les vestiges de l\u2019ancien Fort dont subsistent encore quelques murs, place du Jeu de Paume.<\/p>\n\n\n\n<p>Le style choisi par les commanditaires fut le n\u00e9o-roman, avec des lambrequins sur la fa\u00e7ade, un clocher \u00e0 fen\u00eatres g\u00e9min\u00e9es aux 1<sup>er<\/sup>&nbsp;et 2<sup>\u00e8me<\/sup>&nbsp;niveaux, puis trilob\u00e9es au 3<sup>\u00e8me<\/sup>&nbsp;niveau, ce qui lui donne un air de campanile florentin. Le tympan du porche d\u2019entr\u00e9e reprend les formes de celui du vieux temple&nbsp;d\u00e9sert\u00e9 : un arc double support\u00e9 par des colonnes jumelles \u00e0 chapiteaux sculpt\u00e9s.<\/p>\n\n\n\n<p>L\u2019\u00e9difice est en forme de croix latine et se compose d\u2019une nef centrale et de deux nefs lat\u00e9rales, avec un transept s\u00e9parant ces trois nefs du ch\u0153ur qu\u2019on peut estimer un peu r\u00e9duit par rapport \u00e0 l\u2019ensemble de l\u2019\u00e9difice.<\/p>\n\n\n\n<div class=\"wp-block-image\"><figure class=\"alignright size-large\"><img loading=\"lazy\" decoding=\"async\" width=\"239\" height=\"300\" src=\"http:\/\/paroisse.saintmicheldurhone.fr\/wp-content\/uploads\/2019\/11\/font-baptismaux-LV-1-239x300.jpg\" alt=\"\" class=\"wp-image-508\"\/><\/figure><\/div>\n\n\n\n<p>De chaque c\u00f4t\u00e9 du tambour d\u2019entr\u00e9e, deux chapelles. L\u2019une accueille les Fonts Baptismaux, abritant une sc\u00e8ne du Bapt\u00eame du Christ en alb\u00e2tre, et une croix de procession d\u2019\u00e9poque Restauration, l\u2019ensemble provenant de l\u2019ancienne \u00e9glise St Vincent. Le portail en fer forg\u00e9 porte \u00e0 son sommet l\u2019inscription latine&nbsp;:&nbsp;<em>\u00ab&nbsp;fons irigo salutis&nbsp;\u00bb<\/em>&nbsp;(Cette fontaine est la source du Salut). L\u2019autre chapelle servait pour les messes de semaine, depuis les ann\u00e9es 1970.<\/p>\n\n\n\n<p>Le dallage \u00e0 cabochons en pierres de Viviers se substitue au b\u00e9ton initialement pr\u00e9vu dans le cahier des charges.<\/p>\n\n\n\n<p>La fa\u00e7ade comporte \u00e9galement une horloge, comme l\u2019ancien fort que l\u2019\u00e9glise a remplac\u00e9.<\/p>\n\n\n\n<p>2\/&nbsp;&nbsp;&nbsp;Mobilier de l\u2019\u00e9glise&nbsp;:<\/p>\n\n\n\n<p>Il est constitu\u00e9 \u00e0 la fois d\u2019emprunts \u00e0 l\u2019ancien lieu de culte, et de dons, mais on regrette, d\u00e9j\u00e0 \u00e0 l\u2019\u00e9poque, qu\u2019un inventaire r\u00e9gulier ne soit pas tenu \u00e0 jour par le Conseil de Fabrique, propri\u00e9taire de l\u2019\u00e9difice (il deviendra communal en 1905).<\/p>\n\n\n\n<p>On r\u00e9cup\u00e8re donc&nbsp;la cloche de l\u2019ancienne \u00e9glise, refondue gr\u00e2ce au duc d\u2019Aumale, fils de Louis-Philippe, qui donna 300 francs, et celle de l\u2019ancien beffroi de la Bistour. Les deux autres cloches ont \u00e9t\u00e9 offertes, l\u2019une par les Fonderies, l\u2019autre par les fid\u00e8les.<\/p>\n\n\n\n<p>Quelques objets d\u2019art furent aussi transport\u00e9s&nbsp;d\u2019un b\u00e2timent \u00e0 l\u2019 autre :<\/p>\n\n\n\n<div class=\"wp-block-image\"><figure class=\"alignright size-large\"><img loading=\"lazy\" decoding=\"async\" width=\"202\" height=\"300\" src=\"http:\/\/paroisse.saintmicheldurhone.fr\/wp-content\/uploads\/2019\/11\/La_Voulte-sur-Rh\u00f4ne_-_Assomption_avec_les_portraits_du_duc_et_de_la_duchesse_de_Ventadour-202x300.jpg\" alt=\"\" class=\"wp-image-513\"\/><\/figure><\/div>\n\n\n\n<div class=\"wp-block-image\"><figure class=\"alignleft size-large\"><img loading=\"lazy\" decoding=\"async\" width=\"300\" height=\"219\" src=\"http:\/\/paroisse.saintmicheldurhone.fr\/wp-content\/uploads\/2019\/11\/autel-LV-300x219.jpg\" alt=\"\" class=\"wp-image-507\"\/><\/figure><\/div>\n\n\n\n<ul class=\"wp-block-list\"><li>dans le tambour, le b\u00e9nitier \u00e0 pi\u00e8tement en balustre (XVII\u00e8me).<\/li><li>de chaque c\u00f4t\u00e9 du tambour, deux statues, de dimension modeste, en tilleul peint et dor\u00e9, repr\u00e9sentant des saints li\u00e9s aux activit\u00e9s voultaines de l\u2019\u00e9poque : St Nicolas, patron des mariniers, et St Eloy, patron des m\u00e9tallurgistes.<\/li><li>dans le ch\u0153ur, le tableau figurant Anne de L\u00e9vis-Ventadour et sa femme, Marguerite de Montmorency, en pri\u00e8re sous la repr\u00e9sentation de l\u2019Assomption de la Vierge (dont le dogme ne sera proclam\u00e9 qu\u2019en 1950, par le pape Pie XII).<\/li><li>Le bas-relief en marbre du ma\u00eetre-autel, figurant \u00ab&nbsp;la D\u00e9ploration du Christ&nbsp;\u00bb et inspir\u00e9 d\u2019une sc\u00e8ne identique, en bronze, de Germain Pilon (1528-1590), sculpteur repr\u00e9sent\u00e9 au Louvre. Il figure la descente de croix au soir du Vendredi Saint et repr\u00e9sente, autour du Christ, Marie, sa m\u00e8re, Marie-Madeleine, reconnaissable \u00e0 son abondante chevelure, et une des femmes pr\u00e9sentes au pied de la Croix. Le sculpteur, inconnu, a su remarquablement mettre en valeur des \u00e9l\u00e9ments anatomiques (chevelure, musculature de J\u00e9sus, visages en pleurs) et vestimentaires (drap\u00e9 des tissus). On pense \u00e0 Michel-Ange et au courant mani\u00e9riste, auquel se rattachent ces deux artistes, et qui caract\u00e9rise le d\u00e9cor de la Chapelle castrale (dite \u00ab&nbsp;des Princes&nbsp;\u00bb).<\/li><\/ul>\n\n\n\n<p>Les deux \u00e9l\u00e9ments sont class\u00e9s Monuments Historiques depuis 1903. Ils figuraient auparavant dans la Chapelle des Princes.<\/p>\n\n\n\n<ul class=\"wp-block-list\"><li>enfin, la chaire d\u2019\u00e9poque Louis XV, en noyer sculpt\u00e9, chef d\u2019\u0153uvre d\u2019\u00e9b\u00e9nisterie XVIII\u00e8me (rel\u00e9gu\u00e9e depuis les ann\u00e9es 80, dans le transept gauche).<\/li><\/ul>\n\n\n\n<p>Les autres \u00e9l\u00e9ments du mobilier proviennent en partie d\u2019un pr\u00eat de Monsieur Armand, cur\u00e9, au Conseil de Fabrique, pour la somme de 2342,60 francs. Purent ainsi \u00eatre acquis&nbsp;:<\/p>\n\n\n\n<div class=\"wp-block-image\"><figure class=\"alignright size-large is-resized\"><img loading=\"lazy\" decoding=\"async\" src=\"http:\/\/paroisse.saintmicheldurhone.fr\/wp-content\/uploads\/2019\/11\/croix-tabernacle-1-768x985.jpg\" alt=\"\" class=\"wp-image-506\" width=\"384\" height=\"493\" srcset=\"https:\/\/paroisse.saintmicheldurhone.fr\/wp-content\/uploads\/2019\/11\/croix-tabernacle-1-768x985.jpg 768w, https:\/\/paroisse.saintmicheldurhone.fr\/wp-content\/uploads\/2019\/11\/croix-tabernacle-1-768x985-234x300.jpg 234w\" sizes=\"auto, (max-width: 384px) 100vw, 384px\" \/><\/figure><\/div>\n\n\n\n<ul class=\"wp-block-list\"><li>les 3 autels (majeur, de la Vierge \u00e0 l\u2019Enfant, de St R\u00e9gis) ex\u00e9cut\u00e9s par&nbsp;monsieur Ferlin, marbrier de Valence. Ils repr\u00e9sentent, l\u2019un le bas-relief dont il a \u00e9t\u00e9 question plus haut, encadr\u00e9 de chaque c\u00f4t\u00e9, de deux personnages&nbsp;en habits liturgiques m\u00e9di\u00e9vaux&nbsp;: un \u00e9v\u00eaque coiff\u00e9 de sa mitre, et un Pape reconnaissable \u00e0 sa croix tridentine, l\u2019autre trois des litanies de Marie, \u00e0 savoir&nbsp;: rose mystique, tour de David, arche d\u2019Alliance, le troisi\u00e8me enfin une draperie m\u00e9rovingienne. Actuellement son tabernacle conserve la Sainte R\u00e9serve et la statue de St R\u00e9gis a \u00e9t\u00e9 d\u00e9plac\u00e9e dans le transept droit). Il est surmont\u00e9 d\u2019un remarquable Crucifix XVIII\u00e8me en noyer.<\/li><\/ul>\n\n\n\n<div class=\"wp-block-image\"><figure class=\"alignleft size-large\"><img loading=\"lazy\" decoding=\"async\" width=\"233\" height=\"300\" src=\"http:\/\/paroisse.saintmicheldurhone.fr\/wp-content\/uploads\/2019\/11\/La_Voulte-sur-Rh\u00f4ne_-_martyr_-_sans_cadre-233x300.jpg\" alt=\"\" class=\"wp-image-511\"\/><\/figure><\/div>\n\n\n\n<ul class=\"wp-block-list\"><li>le chemin de croix (14 stations), \u0153uvre des ateliers Migne d\u2019Avignon.<\/li><li>les statues en tilleul peint et dor\u00e9, des autels lat\u00e9raux (Vierge \u00e0 l\u2019Enfant et St&nbsp;Fran\u00e7ois R\u00e9gis, patron du Vivarais), le tableau de St Vincent (patron de la paroisse et du dioc\u00e8se de Viviers) avec la palme du martyre, rev\u00eatu, comme diacre, d\u2019une dalmatique et peu visible, dans le transept gauche), b\u00e9nis, eux, le 20 novembre 1859.<\/li><li>la boiserie du ch\u0153ur, ex\u00e9cut\u00e9e sur les conseils de monsieur Eug\u00e8ne Moli\u00e8re du Bourg, membre du Conseil de Fabrique.<\/li><li>enfin des livres liturgiques et des meubles \u00ab&nbsp;de premi\u00e8re n\u00e9cessit\u00e9&nbsp;\u00bb, comme le beau fauteuil Napol\u00e9on III du c\u00e9l\u00e9brant, dont l\u2019envers du dossier repr\u00e9sente les armoiries papales&nbsp;: tiare et clefs de St Pierre (on est alors en pleinultramontanisme).<\/li><\/ul>\n\n\n\n<p>Monsieur Montusclat, cur\u00e9 (1824-1885) fit placer les confessionnaux, les deux autels du Sacr\u00e9-C\u0153ur (d\u00e9votion d\u00e9velopp\u00e9e apr\u00e8s la guerre de 1870) et de St Joseph (d\u00e9votion encourag\u00e9e par les Encycliques papales), qu\u2019il consacra le 20 octobre 1878, ainsi que le tambour d\u2019entr\u00e9e.<\/p>\n\n\n\n<div class=\"wp-block-image\"><figure class=\"alignright size-large\"><img loading=\"lazy\" decoding=\"async\" width=\"229\" height=\"300\" src=\"http:\/\/paroisse.saintmicheldurhone.fr\/wp-content\/uploads\/2019\/11\/La_Voulte-sur-Rh\u00f4ne_-_Adoration_of_the_Magi-229x300.jpg\" alt=\"\" class=\"wp-image-514\"\/><\/figure><\/div>\n\n\n\n<p>Monsieur Allignol, son successeur, acheta le tableau de l\u2019adoration des Mages, belle&nbsp;copie de Rubens (original au Louvre) et fit r\u00e9aliser les retables au-dessus des autels sus-nomm\u00e9s.<\/p>\n\n\n\n<p>A cette \u00e9poque fut offerte la cr\u00e8che biblique de l\u2019\u00e9glise, r\u00e9alis\u00e9e en Avignon et d\u2019une remarquable facture.<\/p>\n\n\n\n<p>D\u2019autres \u00e9l\u00e9ments furent offerts par des voultains&nbsp;au moment de la construction :<\/p>\n\n\n\n<div class=\"wp-block-image\"><figure class=\"alignleft size-large\"><img loading=\"lazy\" decoding=\"async\" width=\"251\" height=\"300\" src=\"http:\/\/paroisse.saintmicheldurhone.fr\/wp-content\/uploads\/2019\/11\/lustre-LV-251x300.jpg\" alt=\"\" class=\"wp-image-512\"\/><\/figure><\/div>\n\n\n\n<ul class=\"wp-block-list\"><li>les lustres \u00e0 pendeloques par les mariniers (qui firent graver une ancre de marine sur certains cristaux).<\/li><\/ul>\n\n\n\n<ul class=\"wp-block-list\"><li>la statue de Ste Barbe, patronne des mineurs, tr\u00e8s nombreux alors \u00e0 La Voulte (bois dor\u00e9).<\/li><li>les chaises (disparues aujourd\u2019hui, marqu\u00e9es LA VOULTE au fer rouge sur le dossier) remplac\u00e9es par des bancs dans les ann\u00e9es 50.<\/li><li>les portes des sacristies, en noyer d\u2019\u00e9poque Renaissance, provenant du Ch\u00e2teau et class\u00e9es Monument Historiques. Elles repr\u00e9sentent des panoplies d\u2019armes du XVI\u00e8me si\u00e8cle (hallebardes, \u00e9p\u00e9es, morion, boucliers, masse d\u2019arme).<\/li><\/ul>\n\n\n\n<p>Ces deux derniers \u00e9l\u00e9ments furent offerts par les Fonderies.<\/p>\n\n\n\n<ul class=\"wp-block-list\"><li>la lampe du St Sacrement et les vitraux&nbsp; sont des dons de familles de la ville (ceux de la tribune, souffl\u00e9s lors du bombardement d\u2019ao\u00fbt 1944, ont \u00e9t\u00e9 remplac\u00e9s apr\u00e8s-guerre et ceux du ch\u0153ur, d\u00e9pos\u00e9s dans les ann\u00e9es 80, figuraient St Jean, St Pierre, et St Paul).<\/li><\/ul>\n\n\n\n<p>La&nbsp; garniture du ma\u00eetre-autel (croix et six cand\u00e9labres en bronze dor\u00e9) fut remplac\u00e9e apr\u00e8s-guerre par des objets \u00e9quivalents en bois. Elle avait une illustre provenance puisque offerte par l\u2019imp\u00e9ratrice Eug\u00e9nie \u00e0 l\u2019occasion de la construction de l\u2019\u00e9glise.<\/p>\n\n\n\n<p>Les cur\u00e9s successifs achet\u00e8rent ou command\u00e8rent d\u2019autres d\u00e9cors&nbsp;: statues en terre cuite (St Cur\u00e9 d\u2019Ars, St Antoine de Padoue, Ste Th\u00e9r\u00e8se de l\u2019Enfant-J\u00e9sus, Vierge de Lourdes, et une version peu connue de Ste Jeanne d\u2019Arc, sculpt\u00e9e par&nbsp;Andr\u00e9 Besqueut en 1912, toiles de la Passion dans le ch\u0153ur, et du Sacr\u00e9-C\u0153ur ador\u00e9 par les anges dans le transept droit.<\/p>\n\n\n\n<p>Notons, enfin, que la Chapelle \u00ab&nbsp;des Princes&nbsp;\u00bb, d\u2019\u00e9poque gothique, dans l\u2019enceinte du Ch\u00e2teau, m\u00e9rite aussi une visite, en particulier pour son d\u00e9cor int\u00e9rieur, de style mani\u00e9riste (d\u00e9but XVII\u00e8me).<\/p>\n\n\n\n<p>La chapelle St Michel a \u00e9t\u00e9 construite en 1965, au nord de la ville, quartier Hannibal.<\/p>\n\n\n\n<p>&nbsp;d\u2019apr\u00e8s Philippe BRUN<\/p>\n","protected":false},"excerpt":{"rendered":"<p>\u00e9glise Saint-Vincent 1\/&nbsp;&nbsp;&nbsp;Historique de la construction&nbsp;: Au d\u00e9but du XIX\u00e8me si\u00e8cle, le nombre de fid\u00e8les&nbsp; se trouve fortement accru par l\u2019arriv\u00e9e massive de personnel employ\u00e9 tant aux Mines de la [&hellip;]<\/p>\n","protected":false},"author":1,"featured_media":0,"parent":0,"menu_order":0,"comment_status":"closed","ping_status":"closed","template":"","meta":{"_uag_custom_page_level_css":"","site-sidebar-layout":"default","site-content-layout":"default","ast-site-content-layout":"default","site-content-style":"default","site-sidebar-style":"default","ast-global-header-display":"","ast-banner-title-visibility":"","ast-main-header-display":"","ast-hfb-above-header-display":"","ast-hfb-below-header-display":"","ast-hfb-mobile-header-display":"","site-post-title":"","ast-breadcrumbs-content":"","ast-featured-img":"","footer-sml-layout":"","ast-disable-related-posts":"","theme-transparent-header-meta":"default","adv-header-id-meta":"","stick-header-meta":"","header-above-stick-meta":"","header-main-stick-meta":"","header-below-stick-meta":"","astra-migrate-meta-layouts":"default","ast-page-background-enabled":"default","ast-page-background-meta":{"desktop":{"background-color":"var(--ast-global-color-4)","background-image":"","background-repeat":"repeat","background-position":"center center","background-size":"auto","background-attachment":"scroll","background-type":"","background-media":"","overlay-type":"","overlay-color":"","overlay-opacity":"","overlay-gradient":""},"tablet":{"background-color":"","background-image":"","background-repeat":"repeat","background-position":"center center","background-size":"auto","background-attachment":"scroll","background-type":"","background-media":"","overlay-type":"","overlay-color":"","overlay-opacity":"","overlay-gradient":""},"mobile":{"background-color":"","background-image":"","background-repeat":"repeat","background-position":"center center","background-size":"auto","background-attachment":"scroll","background-type":"","background-media":"","overlay-type":"","overlay-color":"","overlay-opacity":"","overlay-gradient":""}},"ast-content-background-meta":{"desktop":{"background-color":"var(--ast-global-color-5)","background-image":"","background-repeat":"repeat","background-position":"center center","background-size":"auto","background-attachment":"scroll","background-type":"","background-media":"","overlay-type":"","overlay-color":"","overlay-opacity":"","overlay-gradient":""},"tablet":{"background-color":"var(--ast-global-color-5)","background-image":"","background-repeat":"repeat","background-position":"center center","background-size":"auto","background-attachment":"scroll","background-type":"","background-media":"","overlay-type":"","overlay-color":"","overlay-opacity":"","overlay-gradient":""},"mobile":{"background-color":"var(--ast-global-color-5)","background-image":"","background-repeat":"repeat","background-position":"center center","background-size":"auto","background-attachment":"scroll","background-type":"","background-media":"","overlay-type":"","overlay-color":"","overlay-opacity":"","overlay-gradient":""}},"footnotes":""},"class_list":["post-432","page","type-page","status-publish","hentry"],"yoast_head":"<!-- This site is optimized with the Yoast SEO plugin v26.6 - https:\/\/yoast.com\/wordpress\/plugins\/seo\/ -->\n<title>La Voulte sur Rh\u00f4ne -<\/title>\n<meta name=\"robots\" content=\"index, follow, max-snippet:-1, max-image-preview:large, max-video-preview:-1\" \/>\n<link rel=\"canonical\" href=\"https:\/\/paroisse.saintmicheldurhone.fr\/?page_id=432\" \/>\n<meta property=\"og:locale\" content=\"fr_FR\" \/>\n<meta property=\"og:type\" content=\"article\" \/>\n<meta property=\"og:title\" content=\"La Voulte sur Rh\u00f4ne -\" \/>\n<meta property=\"og:description\" content=\"\u00e9glise Saint-Vincent 1\/&nbsp;&nbsp;&nbsp;Historique de la construction&nbsp;: Au d\u00e9but du XIX\u00e8me si\u00e8cle, le nombre de fid\u00e8les&nbsp; se trouve fortement accru par l\u2019arriv\u00e9e massive de personnel employ\u00e9 tant aux Mines de la [&hellip;]\" \/>\n<meta property=\"og:url\" content=\"https:\/\/paroisse.saintmicheldurhone.fr\/?page_id=432\" \/>\n<meta property=\"article:modified_time\" content=\"2019-11-19T11:06:31+00:00\" \/>\n<meta property=\"og:image\" content=\"http:\/\/paroisse.saintmicheldurhone.fr\/wp-content\/uploads\/2019\/11\/font-baptismaux-LV-1-239x300.jpg\" \/>\n<meta name=\"twitter:card\" content=\"summary_large_image\" \/>\n<meta name=\"twitter:label1\" content=\"Dur\u00e9e de lecture estim\u00e9e\" \/>\n\t<meta name=\"twitter:data1\" content=\"9 minutes\" \/>\n<script type=\"application\/ld+json\" class=\"yoast-schema-graph\">{\"@context\":\"https:\/\/schema.org\",\"@graph\":[{\"@type\":\"WebPage\",\"@id\":\"https:\/\/paroisse.saintmicheldurhone.fr\/?page_id=432\",\"url\":\"https:\/\/paroisse.saintmicheldurhone.fr\/?page_id=432\",\"name\":\"La Voulte sur Rh\u00f4ne -\",\"isPartOf\":{\"@id\":\"http:\/\/paroisse.saintmicheldurhone.fr\/#website\"},\"primaryImageOfPage\":{\"@id\":\"https:\/\/paroisse.saintmicheldurhone.fr\/?page_id=432#primaryimage\"},\"image\":{\"@id\":\"https:\/\/paroisse.saintmicheldurhone.fr\/?page_id=432#primaryimage\"},\"thumbnailUrl\":\"http:\/\/paroisse.saintmicheldurhone.fr\/wp-content\/uploads\/2019\/11\/font-baptismaux-LV-1-239x300.jpg\",\"datePublished\":\"2019-11-18T12:39:48+00:00\",\"dateModified\":\"2019-11-19T11:06:31+00:00\",\"breadcrumb\":{\"@id\":\"https:\/\/paroisse.saintmicheldurhone.fr\/?page_id=432#breadcrumb\"},\"inLanguage\":\"fr-FR\",\"potentialAction\":[{\"@type\":\"ReadAction\",\"target\":[\"https:\/\/paroisse.saintmicheldurhone.fr\/?page_id=432\"]}]},{\"@type\":\"ImageObject\",\"inLanguage\":\"fr-FR\",\"@id\":\"https:\/\/paroisse.saintmicheldurhone.fr\/?page_id=432#primaryimage\",\"url\":\"https:\/\/paroisse.saintmicheldurhone.fr\/wp-content\/uploads\/2019\/11\/font-baptismaux-LV-1-239x300.jpg\",\"contentUrl\":\"https:\/\/paroisse.saintmicheldurhone.fr\/wp-content\/uploads\/2019\/11\/font-baptismaux-LV-1-239x300.jpg\",\"width\":239,\"height\":300},{\"@type\":\"BreadcrumbList\",\"@id\":\"https:\/\/paroisse.saintmicheldurhone.fr\/?page_id=432#breadcrumb\",\"itemListElement\":[{\"@type\":\"ListItem\",\"position\":1,\"name\":\"Accueil\",\"item\":\"https:\/\/paroisse.saintmicheldurhone.fr\/\"},{\"@type\":\"ListItem\",\"position\":2,\"name\":\"La Voulte sur Rh\u00f4ne\"}]},{\"@type\":\"WebSite\",\"@id\":\"http:\/\/paroisse.saintmicheldurhone.fr\/#website\",\"url\":\"http:\/\/paroisse.saintmicheldurhone.fr\/\",\"name\":\"Paroisse Saint Nicolas du Rh\u00f4ne\",\"description\":\"\",\"publisher\":{\"@id\":\"http:\/\/paroisse.saintmicheldurhone.fr\/#organization\"},\"potentialAction\":[{\"@type\":\"SearchAction\",\"target\":{\"@type\":\"EntryPoint\",\"urlTemplate\":\"http:\/\/paroisse.saintmicheldurhone.fr\/?s={search_term_string}\"},\"query-input\":{\"@type\":\"PropertyValueSpecification\",\"valueRequired\":true,\"valueName\":\"search_term_string\"}}],\"inLanguage\":\"fr-FR\"},{\"@type\":\"Organization\",\"@id\":\"http:\/\/paroisse.saintmicheldurhone.fr\/#organization\",\"name\":\"Paroisse Saint Nicolas du Rh\u00f4ne\",\"url\":\"http:\/\/paroisse.saintmicheldurhone.fr\/\",\"logo\":{\"@type\":\"ImageObject\",\"inLanguage\":\"fr-FR\",\"@id\":\"http:\/\/paroisse.saintmicheldurhone.fr\/#\/schema\/logo\/image\/\",\"url\":\"https:\/\/paroisse.saintmicheldurhone.fr\/wp-content\/uploads\/2022\/09\/cropped-logo-paroisse.jpg\",\"contentUrl\":\"https:\/\/paroisse.saintmicheldurhone.fr\/wp-content\/uploads\/2022\/09\/cropped-logo-paroisse.jpg\",\"width\":1228,\"height\":567,\"caption\":\"Paroisse Saint Nicolas du Rh\u00f4ne\"},\"image\":{\"@id\":\"http:\/\/paroisse.saintmicheldurhone.fr\/#\/schema\/logo\/image\/\"}}]}<\/script>\n<!-- \/ Yoast SEO plugin. -->","yoast_head_json":{"title":"La Voulte sur Rh\u00f4ne -","robots":{"index":"index","follow":"follow","max-snippet":"max-snippet:-1","max-image-preview":"max-image-preview:large","max-video-preview":"max-video-preview:-1"},"canonical":"https:\/\/paroisse.saintmicheldurhone.fr\/?page_id=432","og_locale":"fr_FR","og_type":"article","og_title":"La Voulte sur Rh\u00f4ne -","og_description":"\u00e9glise Saint-Vincent 1\/&nbsp;&nbsp;&nbsp;Historique de la construction&nbsp;: Au d\u00e9but du XIX\u00e8me si\u00e8cle, le nombre de fid\u00e8les&nbsp; se trouve fortement accru par l\u2019arriv\u00e9e massive de personnel employ\u00e9 tant aux Mines de la [&hellip;]","og_url":"https:\/\/paroisse.saintmicheldurhone.fr\/?page_id=432","article_modified_time":"2019-11-19T11:06:31+00:00","og_image":[{"url":"http:\/\/paroisse.saintmicheldurhone.fr\/wp-content\/uploads\/2019\/11\/font-baptismaux-LV-1-239x300.jpg","type":"","width":"","height":""}],"twitter_card":"summary_large_image","twitter_misc":{"Dur\u00e9e de lecture estim\u00e9e":"9 minutes"},"schema":{"@context":"https:\/\/schema.org","@graph":[{"@type":"WebPage","@id":"https:\/\/paroisse.saintmicheldurhone.fr\/?page_id=432","url":"https:\/\/paroisse.saintmicheldurhone.fr\/?page_id=432","name":"La Voulte sur Rh\u00f4ne -","isPartOf":{"@id":"http:\/\/paroisse.saintmicheldurhone.fr\/#website"},"primaryImageOfPage":{"@id":"https:\/\/paroisse.saintmicheldurhone.fr\/?page_id=432#primaryimage"},"image":{"@id":"https:\/\/paroisse.saintmicheldurhone.fr\/?page_id=432#primaryimage"},"thumbnailUrl":"http:\/\/paroisse.saintmicheldurhone.fr\/wp-content\/uploads\/2019\/11\/font-baptismaux-LV-1-239x300.jpg","datePublished":"2019-11-18T12:39:48+00:00","dateModified":"2019-11-19T11:06:31+00:00","breadcrumb":{"@id":"https:\/\/paroisse.saintmicheldurhone.fr\/?page_id=432#breadcrumb"},"inLanguage":"fr-FR","potentialAction":[{"@type":"ReadAction","target":["https:\/\/paroisse.saintmicheldurhone.fr\/?page_id=432"]}]},{"@type":"ImageObject","inLanguage":"fr-FR","@id":"https:\/\/paroisse.saintmicheldurhone.fr\/?page_id=432#primaryimage","url":"https:\/\/paroisse.saintmicheldurhone.fr\/wp-content\/uploads\/2019\/11\/font-baptismaux-LV-1-239x300.jpg","contentUrl":"https:\/\/paroisse.saintmicheldurhone.fr\/wp-content\/uploads\/2019\/11\/font-baptismaux-LV-1-239x300.jpg","width":239,"height":300},{"@type":"BreadcrumbList","@id":"https:\/\/paroisse.saintmicheldurhone.fr\/?page_id=432#breadcrumb","itemListElement":[{"@type":"ListItem","position":1,"name":"Accueil","item":"https:\/\/paroisse.saintmicheldurhone.fr\/"},{"@type":"ListItem","position":2,"name":"La Voulte sur Rh\u00f4ne"}]},{"@type":"WebSite","@id":"http:\/\/paroisse.saintmicheldurhone.fr\/#website","url":"http:\/\/paroisse.saintmicheldurhone.fr\/","name":"Paroisse Saint Nicolas du Rh\u00f4ne","description":"","publisher":{"@id":"http:\/\/paroisse.saintmicheldurhone.fr\/#organization"},"potentialAction":[{"@type":"SearchAction","target":{"@type":"EntryPoint","urlTemplate":"http:\/\/paroisse.saintmicheldurhone.fr\/?s={search_term_string}"},"query-input":{"@type":"PropertyValueSpecification","valueRequired":true,"valueName":"search_term_string"}}],"inLanguage":"fr-FR"},{"@type":"Organization","@id":"http:\/\/paroisse.saintmicheldurhone.fr\/#organization","name":"Paroisse Saint Nicolas du Rh\u00f4ne","url":"http:\/\/paroisse.saintmicheldurhone.fr\/","logo":{"@type":"ImageObject","inLanguage":"fr-FR","@id":"http:\/\/paroisse.saintmicheldurhone.fr\/#\/schema\/logo\/image\/","url":"https:\/\/paroisse.saintmicheldurhone.fr\/wp-content\/uploads\/2022\/09\/cropped-logo-paroisse.jpg","contentUrl":"https:\/\/paroisse.saintmicheldurhone.fr\/wp-content\/uploads\/2022\/09\/cropped-logo-paroisse.jpg","width":1228,"height":567,"caption":"Paroisse Saint Nicolas du Rh\u00f4ne"},"image":{"@id":"http:\/\/paroisse.saintmicheldurhone.fr\/#\/schema\/logo\/image\/"}}]}},"uagb_featured_image_src":{"full":false,"thumbnail":false,"medium":false,"medium_large":false,"large":false,"1536x1536":false,"2048x2048":false},"uagb_author_info":{"display_name":"2019","author_link":"https:\/\/paroisse.saintmicheldurhone.fr\/?author=1"},"uagb_comment_info":0,"uagb_excerpt":"\u00e9glise Saint-Vincent 1\/&nbsp;&nbsp;&nbsp;Historique de la construction&nbsp;: Au d\u00e9but du XIX\u00e8me si\u00e8cle, le nombre de fid\u00e8les&nbsp; se trouve fortement accru par l\u2019arriv\u00e9e massive de personnel employ\u00e9 tant aux Mines de la [&hellip;]","_links":{"self":[{"href":"https:\/\/paroisse.saintmicheldurhone.fr\/index.php?rest_route=\/wp\/v2\/pages\/432","targetHints":{"allow":["GET"]}}],"collection":[{"href":"https:\/\/paroisse.saintmicheldurhone.fr\/index.php?rest_route=\/wp\/v2\/pages"}],"about":[{"href":"https:\/\/paroisse.saintmicheldurhone.fr\/index.php?rest_route=\/wp\/v2\/types\/page"}],"author":[{"embeddable":true,"href":"https:\/\/paroisse.saintmicheldurhone.fr\/index.php?rest_route=\/wp\/v2\/users\/1"}],"replies":[{"embeddable":true,"href":"https:\/\/paroisse.saintmicheldurhone.fr\/index.php?rest_route=%2Fwp%2Fv2%2Fcomments&post=432"}],"version-history":[{"count":0,"href":"https:\/\/paroisse.saintmicheldurhone.fr\/index.php?rest_route=\/wp\/v2\/pages\/432\/revisions"}],"wp:attachment":[{"href":"https:\/\/paroisse.saintmicheldurhone.fr\/index.php?rest_route=%2Fwp%2Fv2%2Fmedia&parent=432"}],"curies":[{"name":"wp","href":"https:\/\/api.w.org\/{rel}","templated":true}]}}