{"id":5416,"date":"2025-10-26T17:24:35","date_gmt":"2025-10-26T16:24:35","guid":{"rendered":"https:\/\/paroisse.saintmicheldurhone.fr\/?page_id=5416"},"modified":"2026-03-09T16:54:41","modified_gmt":"2026-03-09T15:54:41","slug":"sermons","status":"publish","type":"page","link":"https:\/\/paroisse.saintmicheldurhone.fr\/?page_id=5416","title":{"rendered":"Sermons"},"content":{"rendered":"\n<div class=\"wp-block-cover is-light\"><img loading=\"lazy\" decoding=\"async\" width=\"802\" height=\"619\" class=\"wp-block-cover__image-background wp-image-5572 size-full\" alt=\"\" src=\"https:\/\/paroisse.saintmicheldurhone.fr\/wp-content\/uploads\/2025\/12\/photo-228.jpg\" data-object-fit=\"cover\" srcset=\"https:\/\/paroisse.saintmicheldurhone.fr\/wp-content\/uploads\/2025\/12\/photo-228.jpg 802w, https:\/\/paroisse.saintmicheldurhone.fr\/wp-content\/uploads\/2025\/12\/photo-228-300x232.jpg 300w, https:\/\/paroisse.saintmicheldurhone.fr\/wp-content\/uploads\/2025\/12\/photo-228-768x593.jpg 768w\" sizes=\"auto, (max-width: 802px) 100vw, 802px\" \/><span aria-hidden=\"true\" class=\"wp-block-cover__background has-background-dim\" style=\"background-color:#afab92\"><\/span><div class=\"wp-block-cover__inner-container is-layout-flow wp-block-cover-is-layout-flow\">\n<h2 class=\"wp-block-heading has-text-align-center has-large-font-size\"><mark style=\"background-color:rgba(0, 0, 0, 0)\" class=\"has-inline-color has-ast-global-color-5-color\">R\u00e9\u00e9coutez les hom\u00e9lies du P\u00e8re Bernard au fur et \u00e0 mesure de l&rsquo;ann\u00e9e liturgique.<\/mark><\/h2>\n<\/div><\/div>\n\n\n\n<div style=\"height:100px\" aria-hidden=\"true\" class=\"wp-block-spacer\"><\/div>\n\n\n\n<h2 class=\"wp-block-heading\"><mark style=\"background-color:rgba(0, 0, 0, 0);color:#9b51e0\" class=\"has-inline-color\">Hom\u00e9lie du 3\u00e8me Dimanche de Car\u00eame<\/mark> (A) (08 Mars 2026)<\/h2>\n\n\n\n<figure class=\"wp-block-audio\"><audio controls src=\"http:\/\/paroisse.saintmicheldurhone.fr\/wp-content\/uploads\/2026\/03\/2026-03-08_3eme-dimanche-careme-A.mp3\"><\/audio><\/figure>\n\n\n\n<hr class=\"wp-block-separator has-alpha-channel-opacity\"\/>\n\n\n\n<h2 class=\"wp-block-heading\"><mark style=\"background-color:rgba(0, 0, 0, 0);color:#9b51e0\" class=\"has-inline-color\">Hom\u00e9lie du 1er Dimanche de Car\u00eame <\/mark>(A) (22 F\u00e9vrier 2026)<\/h2>\n\n\n\n<figure class=\"wp-block-audio\"><audio controls src=\"http:\/\/paroisse.saintmicheldurhone.fr\/wp-content\/uploads\/2026\/02\/2026-02-22_1er-dimanche-careme-A.mp3\"><\/audio><\/figure>\n\n\n\n<hr class=\"wp-block-separator has-alpha-channel-opacity\"\/>\n\n\n\n<h2 class=\"wp-block-heading\"><mark style=\"background-color:rgba(0, 0, 0, 0);color:#9b51e0\" class=\"has-inline-color\">Hom\u00e9lie du Mercredi des cendres<\/mark> (18 F\u00e9vrier 2026) <\/h2>\n\n\n\n<figure class=\"wp-block-audio\"><audio controls src=\"http:\/\/paroisse.saintmicheldurhone.fr\/wp-content\/uploads\/2026\/02\/26.02.18_mercredi-des-Cendres.mp3\"><\/audio><\/figure>\n\n\n\n<hr class=\"wp-block-separator has-alpha-channel-opacity\"\/>\n\n\n\n<h2 class=\"wp-block-heading\"><mark style=\"background-color:rgba(0, 0, 0, 0);color:#00d084\" class=\"has-inline-color\">Hom\u00e9lie 4\u00e8me Dimanche T.O<\/mark> (A) (1er F\u00e9vrier 2026)<\/h2>\n\n\n\n<figure class=\"wp-block-audio\"><audio controls src=\"http:\/\/paroisse.saintmicheldurhone.fr\/wp-content\/uploads\/2026\/02\/2025-02-01_4eme-dimanche-ordinaire-C.mp3\"><\/audio><\/figure>\n\n\n\n<hr class=\"wp-block-separator has-alpha-channel-opacity\"\/>\n\n\n\n<h2 class=\"wp-block-heading\">Hom\u00e9lie de la c\u00e9l\u00e9bration \u0152cum\u00e9nique (25\/01\/2026)<\/h2>\n\n\n\n<figure class=\"wp-block-audio\"><audio controls src=\"http:\/\/paroisse.saintmicheldurhone.fr\/wp-content\/uploads\/2026\/01\/2026-25-01_celebration-oecumenique.mp3\"><\/audio><\/figure>\n\n\n\n<hr class=\"wp-block-separator has-alpha-channel-opacity\"\/>\n\n\n\n<h2 class=\"wp-block-heading\"><mark style=\"background-color:rgba(0, 0, 0, 0);color:#fcb900\" class=\"has-inline-color\">Hom\u00e9lie de la f\u00eate du Bapt\u00eame du Christ<\/mark> (A) (11\/01\/2026)<\/h2>\n\n\n\n<figure class=\"wp-block-audio\"><audio controls src=\"https:\/\/paroisse.saintmicheldurhone.fr\/wp-content\/uploads\/2026\/01\/2026-01-11_bapteme-du-Christ-A.mp3\"><\/audio><\/figure>\n\n\n\n<hr class=\"wp-block-separator has-alpha-channel-opacity\"\/>\n\n\n\n<h2 class=\"wp-block-heading\"><mark style=\"background-color:rgba(0, 0, 0, 0);color:#fcb900\" class=\"has-inline-color\">Hom\u00e9lie de la f\u00eate de l&rsquo;Epiphanie<\/mark> (A) (04\/01\/2026)<\/h2>\n\n\n\n<figure class=\"wp-block-audio\"><audio controls src=\"http:\/\/paroisse.saintmicheldurhone.fr\/wp-content\/uploads\/2026\/01\/2026-01-04_Epiphanie-A.mp3\"><\/audio><\/figure>\n\n\n\n<hr class=\"wp-block-separator has-alpha-channel-opacity\"\/>\n\n\n\n<h2 class=\"wp-block-heading\"><mark style=\"background-color:rgba(0, 0, 0, 0)\" class=\"has-inline-color has-luminous-vivid-amber-color\">Hom\u00e9lie de la f\u00eate de la Sainte Famille<\/mark> (A) (28\/12\/2025)<\/h2>\n\n\n\n<figure class=\"wp-block-audio\"><audio controls src=\"http:\/\/paroisse.saintmicheldurhone.fr\/wp-content\/uploads\/2025\/12\/2025-12-28_Sainte-famille.mp3\"><\/audio><\/figure>\n\n\n\n<hr class=\"wp-block-separator has-alpha-channel-opacity\"\/>\n\n\n\n<h2 class=\"wp-block-heading\"><mark style=\"background-color:rgba(0, 0, 0, 0)\" class=\"has-inline-color has-luminous-vivid-amber-color\">Hom\u00e9lie du jour de No\u00ebl<\/mark> (25\/12\/2025)<\/h2>\n\n\n\n<figure class=\"wp-block-audio\"><audio controls src=\"http:\/\/paroisse.saintmicheldurhone.fr\/wp-content\/uploads\/2025\/12\/2025-12-25_-Noel-St-Laurent.mp3\"><\/audio><\/figure>\n\n\n\n<hr class=\"wp-block-separator has-alpha-channel-opacity\"\/>\n\n\n\n<h2 class=\"wp-block-heading\"><mark style=\"background-color:rgba(0, 0, 0, 0)\" class=\"has-inline-color has-luminous-vivid-amber-color\">Hom\u00e9lie de la nuit de No\u00ebl<\/mark> (24\/12\/2025)<\/h2>\n\n\n\n<figure class=\"wp-block-audio\"><audio controls src=\"http:\/\/paroisse.saintmicheldurhone.fr\/wp-content\/uploads\/2025\/12\/2025-12-24_veillee-Noel-La-Voulte.mp3\"><\/audio><\/figure>\n\n\n\n<hr class=\"wp-block-separator has-alpha-channel-opacity\"\/>\n\n\n\n<h2 class=\"wp-block-heading\"><mark style=\"background-color:rgba(0, 0, 0, 0)\" class=\"has-inline-color has-vivid-purple-color\">Hom\u00e9lie 4\u00e8me Dimanche de l&rsquo;Avent A<\/mark> (21\/12\/2025)<\/h2>\n\n\n\n<figure class=\"wp-block-audio\"><audio controls src=\"http:\/\/paroisse.saintmicheldurhone.fr\/wp-content\/uploads\/2025\/12\/2025-12-21_4eme-dimanche-Avent-A.mp3\"><\/audio><\/figure>\n\n\n\n<hr class=\"wp-block-separator has-alpha-channel-opacity\"\/>\n\n\n\n<h2 class=\"wp-block-heading\"><mark style=\"background-color:rgba(0, 0, 0, 0)\" class=\"has-inline-color has-vivid-purple-color\">Hom\u00e9lie 3\u00e8me Dimanche de l&rsquo;Avent A<\/mark> (14\/12\/2025)<\/h2>\n\n\n\n<figure class=\"wp-block-audio\"><audio controls src=\"http:\/\/paroisse.saintmicheldurhone.fr\/wp-content\/uploads\/2025\/12\/2025-12-14_3eme-dimanche-Avect-A.mp3\"><\/audio><\/figure>\n\n\n\n<hr class=\"wp-block-separator has-alpha-channel-opacity\"\/>\n\n\n\n<h2 class=\"wp-block-heading\"><mark style=\"background-color:rgba(0, 0, 0, 0)\" class=\"has-inline-color has-vivid-purple-color\">Hom\u00e9lie 2\u00e8me Dimanche de l&rsquo;Avent A<\/mark> (07\/12\/2025)<\/h2>\n\n\n\n<figure class=\"wp-block-audio\"><audio controls src=\"http:\/\/paroisse.saintmicheldurhone.fr\/wp-content\/uploads\/2025\/12\/2025-12-07_2eme-dimanche-Avent-A.mp3\"><\/audio><\/figure>\n\n\n\n<hr class=\"wp-block-separator has-alpha-channel-opacity\"\/>\n\n\n\n<h2 class=\"wp-block-heading\"><mark style=\"background-color:rgba(0, 0, 0, 0)\" class=\"has-inline-color has-luminous-vivid-amber-color\">Hom\u00e9lie de la f\u00eate de l&rsquo;Immacul\u00e9e Conception<\/mark> (06\/12\/2025)<\/h2>\n\n\n\n<figure class=\"wp-block-audio\"><audio controls src=\"http:\/\/paroisse.saintmicheldurhone.fr\/wp-content\/uploads\/2025\/12\/2025-12-06_Immaculee-Conception.mp3\"><\/audio><\/figure>\n\n\n\n<hr class=\"wp-block-separator has-alpha-channel-opacity\"\/>\n\n\n\n<h2 class=\"wp-block-heading\"><mark style=\"background-color:rgba(0, 0, 0, 0)\" class=\"has-inline-color has-vivid-purple-color\">Hom\u00e9lie 1er Dimanche de l&rsquo;Avent A<\/mark> (30\/11\/2025)<\/h2>\n\n\n\n<figure class=\"wp-block-audio\"><audio controls src=\"http:\/\/paroisse.saintmicheldurhone.fr\/wp-content\/uploads\/2025\/12\/2025-11-30_1er-dimanche-Avent-A.mp3\"><\/audio><\/figure>\n\n\n\n<hr class=\"wp-block-separator has-alpha-channel-opacity\"\/>\n\n\n\n<h2 class=\"wp-block-heading\"><mark style=\"background-color:rgba(0, 0, 0, 0)\" class=\"has-inline-color has-luminous-vivid-amber-color\">Hom\u00e9lie de la f\u00eate du Christ-Roi<\/mark> (dernier dimanche ordinaire, 23\/11\/2025)<\/h2>\n\n\n\n<figure class=\"wp-block-audio\"><audio controls src=\"http:\/\/paroisse.saintmicheldurhone.fr\/wp-content\/uploads\/2025\/11\/2025-11-23_Christ-Roi-C.mp3\"><\/audio><\/figure>\n\n\n\n<hr class=\"wp-block-separator has-alpha-channel-opacity\"\/>\n\n\n\n<h2 class=\"wp-block-heading\"><mark style=\"background-color:rgba(0, 0, 0, 0)\" class=\"has-inline-color has-vivid-green-cyan-color\">Hom\u00e9lie 32\u00e8me dimanche Temps Ordinaire C<\/mark> (16\/11\/2025)<\/h2>\n\n\n\n<figure class=\"wp-block-audio\"><audio controls src=\"http:\/\/paroisse.saintmicheldurhone.fr\/wp-content\/uploads\/2025\/11\/2026-11-16_32eme-dimanche-ordinaireC.mp3\"><\/audio><\/figure>\n\n\n\n<hr class=\"wp-block-separator has-alpha-channel-opacity\"\/>\n\n\n\n<h2 class=\"wp-block-heading\"><mark style=\"background-color:rgba(0, 0, 0, 0)\" class=\"has-inline-color has-vivid-purple-color\">Hom\u00e9lie de la Comm\u00e9moration de tous les fid\u00e8les d\u00e9funts<\/mark> (02\/11\/2025)<\/h2>\n\n\n\n<figure class=\"wp-block-audio\"><audio controls src=\"http:\/\/paroisse.saintmicheldurhone.fr\/wp-content\/uploads\/2025\/11\/2025-11-02_commemoration-defunts.mp3\"><\/audio><\/figure>\n\n\n\n<hr class=\"wp-block-separator has-alpha-channel-opacity\"\/>\n\n\n\n<h2 class=\"wp-block-heading\"><mark style=\"background-color:rgba(0, 0, 0, 0)\" class=\"has-inline-color has-vivid-purple-color\">Hom\u00e9lie de la Toussaint<\/mark> (01\/11\/2025)<\/h2>\n\n\n\n<figure class=\"wp-block-audio\"><audio controls src=\"http:\/\/paroisse.saintmicheldurhone.fr\/wp-content\/uploads\/2025\/11\/2025-11-01_Toussaint.mp3\"><\/audio><\/figure>\n\n\n\n<hr class=\"wp-block-separator has-alpha-channel-opacity\"\/>\n\n\n\n<h2 class=\"wp-block-heading\"><mark style=\"background-color:rgba(0, 0, 0, 0)\" class=\"has-inline-color has-vivid-green-cyan-color\">Hom\u00e9lie 30eme Dimanche Temps Ordinaire C<\/mark> (26\/10\/2025)<\/h2>\n\n\n\n<figure class=\"wp-block-audio\"><audio controls src=\"https:\/\/paroisse.saintmicheldurhone.fr\/wp-content\/uploads\/2025\/10\/2025-10-26_30eme-dimanche-ordinaire-C.mp3\"><\/audio><\/figure>\n\n\n\n<hr class=\"wp-block-separator has-alpha-channel-opacity\"\/>\n\n\n\n<h2 class=\"wp-block-heading\"><mark style=\"background-color:rgba(0, 0, 0, 0)\" class=\"has-inline-color has-vivid-green-cyan-color\">Hom\u00e9lie 29eme Dimanche Temps Ordinaire C<\/mark> (19\/10\/25)<\/h2>\n\n\n\n<figure class=\"wp-block-audio\"><audio controls src=\"https:\/\/paroisse.saintmicheldurhone.fr\/wp-content\/uploads\/2025\/10\/2025-10-19_29eme-dimanche-ordinaitre-C-1.mp3\"><\/audio><\/figure>\n\n\n\n<hr class=\"wp-block-separator has-alpha-channel-opacity\"\/>\n\n\n\n<h2 class=\"wp-block-heading\"><mark style=\"background-color:rgba(0, 0, 0, 0)\" class=\"has-inline-color has-vivid-green-cyan-color\">Hom\u00e9lie 28eme Dimanche Temps Ordinaire C<\/mark> (12\/10\/2025)<\/h2>\n\n\n\n<figure class=\"wp-block-audio\"><audio controls src=\"https:\/\/paroisse.saintmicheldurhone.fr\/wp-content\/uploads\/2025\/10\/2025-10-12_28eme-dimanche-ordinaire-C.mp3\"><\/audio><\/figure>\n\n\n\n<hr class=\"wp-block-separator has-alpha-channel-opacity\"\/>\n\n\n\n<p><\/p>\n","protected":false},"excerpt":{"rendered":"<p>Hom\u00e9lie du 3\u00e8me Dimanche de Car\u00eame (A) (08 Mars 2026) Hom\u00e9lie du 1er Dimanche de Car\u00eame (A) (22 F\u00e9vrier 2026) Hom\u00e9lie du Mercredi des cendres (18 F\u00e9vrier 2026) Hom\u00e9lie 4\u00e8me [&hellip;]<\/p>\n","protected":false},"author":1,"featured_media":0,"parent":0,"menu_order":0,"comment_status":"closed","ping_status":"closed","template":"","meta":{"_uag_custom_page_level_css":"","site-sidebar-layout":"default","site-content-layout":"default","ast-site-content-layout":"default","site-content-style":"default","site-sidebar-style":"default","ast-global-header-display":"","ast-banner-title-visibility":"","ast-main-header-display":"","ast-hfb-above-header-display":"","ast-hfb-below-header-display":"","ast-hfb-mobile-header-display":"","site-post-title":"","ast-breadcrumbs-content":"","ast-featured-img":"","footer-sml-layout":"","ast-disable-related-posts":"","theme-transparent-header-meta":"default","adv-header-id-meta":"","stick-header-meta":"","header-above-stick-meta":"","header-main-stick-meta":"","header-below-stick-meta":"","astra-migrate-meta-layouts":"set","ast-page-background-enabled":"default","ast-page-background-meta":{"desktop":{"background-color":"var(--ast-global-color-4)","background-image":"","background-repeat":"repeat","background-position":"center center","background-size":"auto","background-attachment":"scroll","background-type":"","background-media":"","overlay-type":"","overlay-color":"","overlay-opacity":"","overlay-gradient":""},"tablet":{"background-color":"","background-image":"","background-repeat":"repeat","background-position":"center center","background-size":"auto","background-attachment":"scroll","background-type":"","background-media":"","overlay-type":"","overlay-color":"","overlay-opacity":"","overlay-gradient":""},"mobile":{"background-color":"","background-image":"","background-repeat":"repeat","background-position":"center center","background-size":"auto","background-attachment":"scroll","background-type":"","background-media":"","overlay-type":"","overlay-color":"","overlay-opacity":"","overlay-gradient":""}},"ast-content-background-meta":{"desktop":{"background-color":"var(--ast-global-color-5)","background-image":"","background-repeat":"repeat","background-position":"center center","background-size":"auto","background-attachment":"scroll","background-type":"","background-media":"","overlay-type":"","overlay-color":"","overlay-opacity":"","overlay-gradient":""},"tablet":{"background-color":"var(--ast-global-color-5)","background-image":"","background-repeat":"repeat","background-position":"center center","background-size":"auto","background-attachment":"scroll","background-type":"","background-media":"","overlay-type":"","overlay-color":"","overlay-opacity":"","overlay-gradient":""},"mobile":{"background-color":"var(--ast-global-color-5)","background-image":"","background-repeat":"repeat","background-position":"center center","background-size":"auto","background-attachment":"scroll","background-type":"","background-media":"","overlay-type":"","overlay-color":"","overlay-opacity":"","overlay-gradient":""}},"footnotes":""},"class_list":["post-5416","page","type-page","status-publish","hentry"],"yoast_head":"<!-- This site is optimized with the Yoast SEO plugin v26.6 - https:\/\/yoast.com\/wordpress\/plugins\/seo\/ -->\n<title>Sermons -<\/title>\n<meta name=\"robots\" content=\"index, follow, max-snippet:-1, max-image-preview:large, max-video-preview:-1\" \/>\n<link rel=\"canonical\" href=\"https:\/\/paroisse.saintmicheldurhone.fr\/?page_id=5416\" \/>\n<meta property=\"og:locale\" content=\"fr_FR\" \/>\n<meta property=\"og:type\" content=\"article\" \/>\n<meta property=\"og:title\" content=\"Sermons -\" \/>\n<meta property=\"og:description\" content=\"Hom\u00e9lie du 3\u00e8me Dimanche de Car\u00eame (A) (08 Mars 2026) Hom\u00e9lie du 1er Dimanche de Car\u00eame (A) (22 F\u00e9vrier 2026) Hom\u00e9lie du Mercredi des cendres (18 F\u00e9vrier 2026) Hom\u00e9lie 4\u00e8me [&hellip;]\" \/>\n<meta property=\"og:url\" content=\"https:\/\/paroisse.saintmicheldurhone.fr\/?page_id=5416\" \/>\n<meta property=\"article:modified_time\" content=\"2026-03-09T15:54:41+00:00\" \/>\n<meta property=\"og:image\" content=\"https:\/\/paroisse.saintmicheldurhone.fr\/wp-content\/uploads\/2025\/12\/photo-228.jpg\" \/>\n\t<meta property=\"og:image:width\" content=\"802\" \/>\n\t<meta property=\"og:image:height\" content=\"619\" \/>\n\t<meta property=\"og:image:type\" content=\"image\/jpeg\" \/>\n<meta name=\"twitter:card\" content=\"summary_large_image\" \/>\n<meta name=\"twitter:label1\" content=\"Dur\u00e9e de lecture estim\u00e9e\" \/>\n\t<meta name=\"twitter:data1\" content=\"2 minutes\" \/>\n<script type=\"application\/ld+json\" class=\"yoast-schema-graph\">{\"@context\":\"https:\/\/schema.org\",\"@graph\":[{\"@type\":\"WebPage\",\"@id\":\"https:\/\/paroisse.saintmicheldurhone.fr\/?page_id=5416\",\"url\":\"https:\/\/paroisse.saintmicheldurhone.fr\/?page_id=5416\",\"name\":\"Sermons -\",\"isPartOf\":{\"@id\":\"http:\/\/paroisse.saintmicheldurhone.fr\/#website\"},\"primaryImageOfPage\":{\"@id\":\"https:\/\/paroisse.saintmicheldurhone.fr\/?page_id=5416#primaryimage\"},\"image\":{\"@id\":\"https:\/\/paroisse.saintmicheldurhone.fr\/?page_id=5416#primaryimage\"},\"thumbnailUrl\":\"https:\/\/paroisse.saintmicheldurhone.fr\/wp-content\/uploads\/2025\/12\/photo-228.jpg\",\"datePublished\":\"2025-10-26T16:24:35+00:00\",\"dateModified\":\"2026-03-09T15:54:41+00:00\",\"breadcrumb\":{\"@id\":\"https:\/\/paroisse.saintmicheldurhone.fr\/?page_id=5416#breadcrumb\"},\"inLanguage\":\"fr-FR\",\"potentialAction\":[{\"@type\":\"ReadAction\",\"target\":[\"https:\/\/paroisse.saintmicheldurhone.fr\/?page_id=5416\"]}]},{\"@type\":\"ImageObject\",\"inLanguage\":\"fr-FR\",\"@id\":\"https:\/\/paroisse.saintmicheldurhone.fr\/?page_id=5416#primaryimage\",\"url\":\"https:\/\/paroisse.saintmicheldurhone.fr\/wp-content\/uploads\/2025\/12\/photo-228.jpg\",\"contentUrl\":\"https:\/\/paroisse.saintmicheldurhone.fr\/wp-content\/uploads\/2025\/12\/photo-228.jpg\",\"width\":802,\"height\":619},{\"@type\":\"BreadcrumbList\",\"@id\":\"https:\/\/paroisse.saintmicheldurhone.fr\/?page_id=5416#breadcrumb\",\"itemListElement\":[{\"@type\":\"ListItem\",\"position\":1,\"name\":\"Accueil\",\"item\":\"https:\/\/paroisse.saintmicheldurhone.fr\/\"},{\"@type\":\"ListItem\",\"position\":2,\"name\":\"Sermons\"}]},{\"@type\":\"WebSite\",\"@id\":\"http:\/\/paroisse.saintmicheldurhone.fr\/#website\",\"url\":\"http:\/\/paroisse.saintmicheldurhone.fr\/\",\"name\":\"Paroisse Saint Nicolas du Rh\u00f4ne\",\"description\":\"\",\"publisher\":{\"@id\":\"http:\/\/paroisse.saintmicheldurhone.fr\/#organization\"},\"potentialAction\":[{\"@type\":\"SearchAction\",\"target\":{\"@type\":\"EntryPoint\",\"urlTemplate\":\"http:\/\/paroisse.saintmicheldurhone.fr\/?s={search_term_string}\"},\"query-input\":{\"@type\":\"PropertyValueSpecification\",\"valueRequired\":true,\"valueName\":\"search_term_string\"}}],\"inLanguage\":\"fr-FR\"},{\"@type\":\"Organization\",\"@id\":\"http:\/\/paroisse.saintmicheldurhone.fr\/#organization\",\"name\":\"Paroisse Saint Nicolas du Rh\u00f4ne\",\"url\":\"http:\/\/paroisse.saintmicheldurhone.fr\/\",\"logo\":{\"@type\":\"ImageObject\",\"inLanguage\":\"fr-FR\",\"@id\":\"http:\/\/paroisse.saintmicheldurhone.fr\/#\/schema\/logo\/image\/\",\"url\":\"https:\/\/paroisse.saintmicheldurhone.fr\/wp-content\/uploads\/2022\/09\/cropped-logo-paroisse.jpg\",\"contentUrl\":\"https:\/\/paroisse.saintmicheldurhone.fr\/wp-content\/uploads\/2022\/09\/cropped-logo-paroisse.jpg\",\"width\":1228,\"height\":567,\"caption\":\"Paroisse Saint Nicolas du Rh\u00f4ne\"},\"image\":{\"@id\":\"http:\/\/paroisse.saintmicheldurhone.fr\/#\/schema\/logo\/image\/\"}}]}<\/script>\n<!-- \/ Yoast SEO plugin. -->","yoast_head_json":{"title":"Sermons -","robots":{"index":"index","follow":"follow","max-snippet":"max-snippet:-1","max-image-preview":"max-image-preview:large","max-video-preview":"max-video-preview:-1"},"canonical":"https:\/\/paroisse.saintmicheldurhone.fr\/?page_id=5416","og_locale":"fr_FR","og_type":"article","og_title":"Sermons -","og_description":"Hom\u00e9lie du 3\u00e8me Dimanche de Car\u00eame (A) (08 Mars 2026) Hom\u00e9lie du 1er Dimanche de Car\u00eame (A) (22 F\u00e9vrier 2026) Hom\u00e9lie du Mercredi des cendres (18 F\u00e9vrier 2026) Hom\u00e9lie 4\u00e8me [&hellip;]","og_url":"https:\/\/paroisse.saintmicheldurhone.fr\/?page_id=5416","article_modified_time":"2026-03-09T15:54:41+00:00","og_image":[{"width":802,"height":619,"url":"https:\/\/paroisse.saintmicheldurhone.fr\/wp-content\/uploads\/2025\/12\/photo-228.jpg","type":"image\/jpeg"}],"twitter_card":"summary_large_image","twitter_misc":{"Dur\u00e9e de lecture estim\u00e9e":"2 minutes"},"schema":{"@context":"https:\/\/schema.org","@graph":[{"@type":"WebPage","@id":"https:\/\/paroisse.saintmicheldurhone.fr\/?page_id=5416","url":"https:\/\/paroisse.saintmicheldurhone.fr\/?page_id=5416","name":"Sermons -","isPartOf":{"@id":"http:\/\/paroisse.saintmicheldurhone.fr\/#website"},"primaryImageOfPage":{"@id":"https:\/\/paroisse.saintmicheldurhone.fr\/?page_id=5416#primaryimage"},"image":{"@id":"https:\/\/paroisse.saintmicheldurhone.fr\/?page_id=5416#primaryimage"},"thumbnailUrl":"https:\/\/paroisse.saintmicheldurhone.fr\/wp-content\/uploads\/2025\/12\/photo-228.jpg","datePublished":"2025-10-26T16:24:35+00:00","dateModified":"2026-03-09T15:54:41+00:00","breadcrumb":{"@id":"https:\/\/paroisse.saintmicheldurhone.fr\/?page_id=5416#breadcrumb"},"inLanguage":"fr-FR","potentialAction":[{"@type":"ReadAction","target":["https:\/\/paroisse.saintmicheldurhone.fr\/?page_id=5416"]}]},{"@type":"ImageObject","inLanguage":"fr-FR","@id":"https:\/\/paroisse.saintmicheldurhone.fr\/?page_id=5416#primaryimage","url":"https:\/\/paroisse.saintmicheldurhone.fr\/wp-content\/uploads\/2025\/12\/photo-228.jpg","contentUrl":"https:\/\/paroisse.saintmicheldurhone.fr\/wp-content\/uploads\/2025\/12\/photo-228.jpg","width":802,"height":619},{"@type":"BreadcrumbList","@id":"https:\/\/paroisse.saintmicheldurhone.fr\/?page_id=5416#breadcrumb","itemListElement":[{"@type":"ListItem","position":1,"name":"Accueil","item":"https:\/\/paroisse.saintmicheldurhone.fr\/"},{"@type":"ListItem","position":2,"name":"Sermons"}]},{"@type":"WebSite","@id":"http:\/\/paroisse.saintmicheldurhone.fr\/#website","url":"http:\/\/paroisse.saintmicheldurhone.fr\/","name":"Paroisse Saint Nicolas du Rh\u00f4ne","description":"","publisher":{"@id":"http:\/\/paroisse.saintmicheldurhone.fr\/#organization"},"potentialAction":[{"@type":"SearchAction","target":{"@type":"EntryPoint","urlTemplate":"http:\/\/paroisse.saintmicheldurhone.fr\/?s={search_term_string}"},"query-input":{"@type":"PropertyValueSpecification","valueRequired":true,"valueName":"search_term_string"}}],"inLanguage":"fr-FR"},{"@type":"Organization","@id":"http:\/\/paroisse.saintmicheldurhone.fr\/#organization","name":"Paroisse Saint Nicolas du Rh\u00f4ne","url":"http:\/\/paroisse.saintmicheldurhone.fr\/","logo":{"@type":"ImageObject","inLanguage":"fr-FR","@id":"http:\/\/paroisse.saintmicheldurhone.fr\/#\/schema\/logo\/image\/","url":"https:\/\/paroisse.saintmicheldurhone.fr\/wp-content\/uploads\/2022\/09\/cropped-logo-paroisse.jpg","contentUrl":"https:\/\/paroisse.saintmicheldurhone.fr\/wp-content\/uploads\/2022\/09\/cropped-logo-paroisse.jpg","width":1228,"height":567,"caption":"Paroisse Saint Nicolas du Rh\u00f4ne"},"image":{"@id":"http:\/\/paroisse.saintmicheldurhone.fr\/#\/schema\/logo\/image\/"}}]}},"uagb_featured_image_src":{"full":false,"thumbnail":false,"medium":false,"medium_large":false,"large":false,"1536x1536":false,"2048x2048":false},"uagb_author_info":{"display_name":"2019","author_link":"https:\/\/paroisse.saintmicheldurhone.fr\/?author=1"},"uagb_comment_info":0,"uagb_excerpt":"Hom\u00e9lie du 3\u00e8me Dimanche de Car\u00eame (A) (08 Mars 2026) Hom\u00e9lie du 1er Dimanche de Car\u00eame (A) (22 F\u00e9vrier 2026) Hom\u00e9lie du Mercredi des cendres (18 F\u00e9vrier 2026) Hom\u00e9lie 4\u00e8me [&hellip;]","_links":{"self":[{"href":"https:\/\/paroisse.saintmicheldurhone.fr\/index.php?rest_route=\/wp\/v2\/pages\/5416","targetHints":{"allow":["GET"]}}],"collection":[{"href":"https:\/\/paroisse.saintmicheldurhone.fr\/index.php?rest_route=\/wp\/v2\/pages"}],"about":[{"href":"https:\/\/paroisse.saintmicheldurhone.fr\/index.php?rest_route=\/wp\/v2\/types\/page"}],"author":[{"embeddable":true,"href":"https:\/\/paroisse.saintmicheldurhone.fr\/index.php?rest_route=\/wp\/v2\/users\/1"}],"replies":[{"embeddable":true,"href":"https:\/\/paroisse.saintmicheldurhone.fr\/index.php?rest_route=%2Fwp%2Fv2%2Fcomments&post=5416"}],"version-history":[{"count":29,"href":"https:\/\/paroisse.saintmicheldurhone.fr\/index.php?rest_route=\/wp\/v2\/pages\/5416\/revisions"}],"predecessor-version":[{"id":5733,"href":"https:\/\/paroisse.saintmicheldurhone.fr\/index.php?rest_route=\/wp\/v2\/pages\/5416\/revisions\/5733"}],"wp:attachment":[{"href":"https:\/\/paroisse.saintmicheldurhone.fr\/index.php?rest_route=%2Fwp%2Fv2%2Fmedia&parent=5416"}],"curies":[{"name":"wp","href":"https:\/\/api.w.org\/{rel}","templated":true}]}}