{"id":94,"date":"2019-11-11T23:59:13","date_gmt":"2019-11-11T22:59:13","guid":{"rendered":"http:\/\/paroisse.saintmicheldurhone.fr\/?page_id=94"},"modified":"2025-12-29T10:13:27","modified_gmt":"2025-12-29T09:13:27","slug":"organisation-de-la-paroisse","status":"publish","type":"page","link":"https:\/\/paroisse.saintmicheldurhone.fr\/?page_id=94","title":{"rendered":"Organisation de la Paroisse"},"content":{"rendered":"<p>\n\n\n<\/p>\n<figure><img loading=\"lazy\" decoding=\"async\" src=\"http:\/\/paroisse.saintmicheldurhone.fr\/wp-content\/uploads\/2022\/04\/Confluence-68jpg_Page55-1024x724.jpg\" alt=\"\" width=\"1388\" height=\"981\" \/><\/figure>\n<p>\n\n\n<\/p>\n<p>\n\n\n<\/p>\n<h2 class=\"wp-block-heading\">Les ministres ordonn\u00e9s<\/h2>\n<p>\n\n\n<\/p>\n<p>\n\n\n<\/p>\n<p><strong>Pr\u00eatres sur la paroisse<\/strong><\/p>\n<p>\n\n\n<\/p>\n<p>\n\n<p>\u2022 <b>Le p\u00e8re Bernard Jobert, cur\u00e9 de la paroisse <\/b><br \/>r\u00e9sidant \u00e0 La Voulte-sur-Rh\u00f4ne 06 98 82 83 03<br \/>04 75 62 40 95<br \/>\u2022 <b>Le p\u00e8re Charles Rochette, pr\u00eatre auxiliaire <\/b><br \/>r\u00e9sidant au Pouzin<\/p>\n<p>\u00a0<\/p>\n\n<\/p>\n<p>\n\n\n<\/p>\n<p><strong>Diacres sur la paroisse<\/strong><\/p>\n<p>\n\n\n<\/p>\n<p>\n\n\n<\/p>\n<p>\u2022 <b>Michel Rey<\/b><br \/>r\u00e9sidant \u00e0 Charmes-sur-Rh\u00f4ne<br \/>04 75 60 97 26<br \/>\u2022<b> Ludovic Fraisse<\/b><br \/>r\u00e9sidant \u00e0 Charmes-sur-Rh\u00f4ne<br \/>07 83 37 03 92<\/p>\n<p>\n\n\n<\/p>\n<p>\n\n\n<\/p>\n<h2 class=\"wp-block-heading\">L\u2019\u00c9quipe d\u2019animation pastorale<\/h2>\n<p>\n\n\n<\/p>\n<p>\n\n\n<\/p>\n<p>L\u2019\u00c9quipe d\u2019animation pastorale est le \u00ab gouvernement \u00bb de la paroisse. C\u2019est elle qui est charg\u00e9e, autour du cur\u00e9, de faire vivre et d\u2019orienter la paroisse. Des la\u00efcs au nom de leur bapt\u00eame sont associ\u00e9s \u00e0 cette mission.<br \/>L\u2019\u00e9quipe est compos\u00e9e de : p\u00e8re William, p\u00e8re Rochette, Michel Rey, Ludovic Fraisse, Mauricette Duplan, Martine Bardin, Dominique Nivot, Marie-Christine Pandrau.<\/p>\n<p>\n\n\n<\/p>\n<p>\n\n\n<\/p>\n<h2 class=\"wp-block-heading\">Le Conseil \u00e9conomique<\/h2>\n<p>\n\n\n<\/p>\n<p>\n\n<p>Le Conseil \u00e9conomique assure la gestion mat\u00e9rielle. Il est charg\u00e9 de g\u00e9rer les finances paroissiales et les biens immobiliers. Il a \u00e9galement pour t\u00e2che de sensibiliser la population aux enjeux de \u00ab l\u2019argent au service de la Mission \u00bb.<br \/>Ce conseil est compos\u00e9 du P. William, pr\u00e9sident en tant que cur\u00e9, du tr\u00e9sorier : Bernard Barallon, d&rsquo;un comptable : Jean-Pierre Bellot, Annie Tessier, et des membres : Ghislaine Chaze, Marcel Anjolras, Maurice Brun, Paul Munier et Jean Michel, Vincent Setier.<\/p>\n<p>\u00a0<\/p>\n\n<\/p>\n<p>\n\n\n<\/p>\n<h2 class=\"wp-block-heading\">Les notaires paroissiaux<\/h2>\n<p>\n\n\n<\/p>\n<p>\n\n\n<\/p>\n<p>Les notaires paroissiaux sont les garants de la bonne tenue des registres. Ils sont charg\u00e9s d\u2019\u00e9tablir les actes de bapt\u00eame, mariage et fun\u00e9railles et font le lien avec le dioc\u00e8se. Il s\u2019agit de Janine Brun et Marie-No\u00eblle Pontal.<\/p>\n<p>\n\n\n<\/p>\n<p>\n\n\n<\/p>\n<h2 class=\"wp-block-heading\">Service communication<\/h2>\n<p>\n\n\n<\/p>\n<p>\n\n\n<\/p>\n<p><strong>Relations avec la presse :<\/strong> Dominique de BRION &#8211; \u00ab Brion \u00bb &#8211; 07800 ST Laurent du Pape, T\u00e9l. 04.75.62.20.79, Courriel : bernard.debrion@wanadoo.fr<br \/><strong>Communication interne :<\/strong> Yvonne DORTEL et Armelle DUGUA, T\u00e9l 04.75.62.44.73<br \/><strong>Equipe journal Confluence :<\/strong> P\u00e8re William, Colette BOIS, Martine BARDIN, Beno\u00eet HOUSSIERS<\/p>\n<p>\n\n\n<\/p>\n<p>\n\n\n<\/p>\n<h2 class=\"wp-block-heading\">Les mouvements et services<\/h2>\n<p>\n\n\n<\/p>\n<p>\n\n\n<\/p>\n<figure><img loading=\"lazy\" decoding=\"async\" src=\"http:\/\/paroisse.saintmicheldurhone.fr\/wp-content\/uploads\/2019\/12\/craie2-3.jpg\" alt=\"\" width=\"1386\" height=\"859\" \/><\/figure>\n<p>\n\n\n","protected":false},"excerpt":{"rendered":"<p>Les ministres ordonn\u00e9s Pr\u00eatres sur la paroisse \u2022 Le p\u00e8re Bernard Jobert, cur\u00e9 de la paroisse r\u00e9sidant \u00e0 La Voulte-sur-Rh\u00f4ne 06 98 82 83 0304 75 62 40 95\u2022 Le [&hellip;]<\/p>\n","protected":false},"author":1,"featured_media":0,"parent":0,"menu_order":0,"comment_status":"closed","ping_status":"closed","template":"","meta":{"_uag_custom_page_level_css":"","site-sidebar-layout":"default","site-content-layout":"default","ast-site-content-layout":"default","site-content-style":"default","site-sidebar-style":"default","ast-global-header-display":"","ast-banner-title-visibility":"","ast-main-header-display":"","ast-hfb-above-header-display":"","ast-hfb-below-header-display":"","ast-hfb-mobile-header-display":"","site-post-title":"","ast-breadcrumbs-content":"","ast-featured-img":"","footer-sml-layout":"","ast-disable-related-posts":"","theme-transparent-header-meta":"default","adv-header-id-meta":"","stick-header-meta":"","header-above-stick-meta":"","header-main-stick-meta":"","header-below-stick-meta":"","astra-migrate-meta-layouts":"default","ast-page-background-enabled":"default","ast-page-background-meta":{"desktop":{"background-color":"var(--ast-global-color-4)","background-image":"","background-repeat":"repeat","background-position":"center center","background-size":"auto","background-attachment":"scroll","background-type":"","background-media":"","overlay-type":"","overlay-color":"","overlay-opacity":"","overlay-gradient":""},"tablet":{"background-color":"","background-image":"","background-repeat":"repeat","background-position":"center center","background-size":"auto","background-attachment":"scroll","background-type":"","background-media":"","overlay-type":"","overlay-color":"","overlay-opacity":"","overlay-gradient":""},"mobile":{"background-color":"","background-image":"","background-repeat":"repeat","background-position":"center center","background-size":"auto","background-attachment":"scroll","background-type":"","background-media":"","overlay-type":"","overlay-color":"","overlay-opacity":"","overlay-gradient":""}},"ast-content-background-meta":{"desktop":{"background-color":"var(--ast-global-color-5)","background-image":"","background-repeat":"repeat","background-position":"center center","background-size":"auto","background-attachment":"scroll","background-type":"","background-media":"","overlay-type":"","overlay-color":"","overlay-opacity":"","overlay-gradient":""},"tablet":{"background-color":"var(--ast-global-color-5)","background-image":"","background-repeat":"repeat","background-position":"center center","background-size":"auto","background-attachment":"scroll","background-type":"","background-media":"","overlay-type":"","overlay-color":"","overlay-opacity":"","overlay-gradient":""},"mobile":{"background-color":"var(--ast-global-color-5)","background-image":"","background-repeat":"repeat","background-position":"center center","background-size":"auto","background-attachment":"scroll","background-type":"","background-media":"","overlay-type":"","overlay-color":"","overlay-opacity":"","overlay-gradient":""}},"footnotes":""},"class_list":["post-94","page","type-page","status-publish","hentry"],"yoast_head":"<!-- This site is optimized with the Yoast SEO plugin v26.6 - https:\/\/yoast.com\/wordpress\/plugins\/seo\/ -->\n<title>Organisation de la Paroisse -<\/title>\n<meta name=\"robots\" content=\"index, follow, max-snippet:-1, max-image-preview:large, max-video-preview:-1\" \/>\n<link rel=\"canonical\" href=\"https:\/\/paroisse.saintmicheldurhone.fr\/?page_id=94\" \/>\n<meta property=\"og:locale\" content=\"fr_FR\" \/>\n<meta property=\"og:type\" content=\"article\" \/>\n<meta property=\"og:title\" content=\"Organisation de la Paroisse -\" \/>\n<meta property=\"og:description\" content=\"Les ministres ordonn\u00e9s Pr\u00eatres sur la paroisse \u2022 Le p\u00e8re Bernard Jobert, cur\u00e9 de la paroisse r\u00e9sidant \u00e0 La Voulte-sur-Rh\u00f4ne 06 98 82 83 0304 75 62 40 95\u2022 Le [&hellip;]\" \/>\n<meta property=\"og:url\" content=\"https:\/\/paroisse.saintmicheldurhone.fr\/?page_id=94\" \/>\n<meta property=\"article:modified_time\" content=\"2025-12-29T09:13:27+00:00\" \/>\n<meta property=\"og:image\" content=\"http:\/\/paroisse.saintmicheldurhone.fr\/wp-content\/uploads\/2022\/04\/Confluence-68jpg_Page55-1024x724.jpg\" \/>\n<meta name=\"twitter:card\" content=\"summary_large_image\" \/>\n<meta name=\"twitter:label1\" content=\"Dur\u00e9e de lecture estim\u00e9e\" \/>\n\t<meta name=\"twitter:data1\" content=\"2 minutes\" \/>\n<script type=\"application\/ld+json\" class=\"yoast-schema-graph\">{\"@context\":\"https:\/\/schema.org\",\"@graph\":[{\"@type\":\"WebPage\",\"@id\":\"https:\/\/paroisse.saintmicheldurhone.fr\/?page_id=94\",\"url\":\"https:\/\/paroisse.saintmicheldurhone.fr\/?page_id=94\",\"name\":\"Organisation de la Paroisse -\",\"isPartOf\":{\"@id\":\"http:\/\/paroisse.saintmicheldurhone.fr\/#website\"},\"primaryImageOfPage\":{\"@id\":\"https:\/\/paroisse.saintmicheldurhone.fr\/?page_id=94#primaryimage\"},\"image\":{\"@id\":\"https:\/\/paroisse.saintmicheldurhone.fr\/?page_id=94#primaryimage\"},\"thumbnailUrl\":\"http:\/\/paroisse.saintmicheldurhone.fr\/wp-content\/uploads\/2022\/04\/Confluence-68jpg_Page55-1024x724.jpg\",\"datePublished\":\"2019-11-11T22:59:13+00:00\",\"dateModified\":\"2025-12-29T09:13:27+00:00\",\"breadcrumb\":{\"@id\":\"https:\/\/paroisse.saintmicheldurhone.fr\/?page_id=94#breadcrumb\"},\"inLanguage\":\"fr-FR\",\"potentialAction\":[{\"@type\":\"ReadAction\",\"target\":[\"https:\/\/paroisse.saintmicheldurhone.fr\/?page_id=94\"]}]},{\"@type\":\"ImageObject\",\"inLanguage\":\"fr-FR\",\"@id\":\"https:\/\/paroisse.saintmicheldurhone.fr\/?page_id=94#primaryimage\",\"url\":\"https:\/\/paroisse.saintmicheldurhone.fr\/wp-content\/uploads\/2022\/04\/Confluence-68jpg_Page55-scaled.jpg\",\"contentUrl\":\"https:\/\/paroisse.saintmicheldurhone.fr\/wp-content\/uploads\/2022\/04\/Confluence-68jpg_Page55-scaled.jpg\",\"width\":2560,\"height\":1810},{\"@type\":\"BreadcrumbList\",\"@id\":\"https:\/\/paroisse.saintmicheldurhone.fr\/?page_id=94#breadcrumb\",\"itemListElement\":[{\"@type\":\"ListItem\",\"position\":1,\"name\":\"Accueil\",\"item\":\"https:\/\/paroisse.saintmicheldurhone.fr\/\"},{\"@type\":\"ListItem\",\"position\":2,\"name\":\"Organisation de la Paroisse\"}]},{\"@type\":\"WebSite\",\"@id\":\"http:\/\/paroisse.saintmicheldurhone.fr\/#website\",\"url\":\"http:\/\/paroisse.saintmicheldurhone.fr\/\",\"name\":\"Paroisse Saint Nicolas du Rh\u00f4ne\",\"description\":\"\",\"publisher\":{\"@id\":\"http:\/\/paroisse.saintmicheldurhone.fr\/#organization\"},\"potentialAction\":[{\"@type\":\"SearchAction\",\"target\":{\"@type\":\"EntryPoint\",\"urlTemplate\":\"http:\/\/paroisse.saintmicheldurhone.fr\/?s={search_term_string}\"},\"query-input\":{\"@type\":\"PropertyValueSpecification\",\"valueRequired\":true,\"valueName\":\"search_term_string\"}}],\"inLanguage\":\"fr-FR\"},{\"@type\":\"Organization\",\"@id\":\"http:\/\/paroisse.saintmicheldurhone.fr\/#organization\",\"name\":\"Paroisse Saint Nicolas du Rh\u00f4ne\",\"url\":\"http:\/\/paroisse.saintmicheldurhone.fr\/\",\"logo\":{\"@type\":\"ImageObject\",\"inLanguage\":\"fr-FR\",\"@id\":\"http:\/\/paroisse.saintmicheldurhone.fr\/#\/schema\/logo\/image\/\",\"url\":\"https:\/\/paroisse.saintmicheldurhone.fr\/wp-content\/uploads\/2022\/09\/cropped-logo-paroisse.jpg\",\"contentUrl\":\"https:\/\/paroisse.saintmicheldurhone.fr\/wp-content\/uploads\/2022\/09\/cropped-logo-paroisse.jpg\",\"width\":1228,\"height\":567,\"caption\":\"Paroisse Saint Nicolas du Rh\u00f4ne\"},\"image\":{\"@id\":\"http:\/\/paroisse.saintmicheldurhone.fr\/#\/schema\/logo\/image\/\"}}]}<\/script>\n<!-- \/ Yoast SEO plugin. -->","yoast_head_json":{"title":"Organisation de la Paroisse -","robots":{"index":"index","follow":"follow","max-snippet":"max-snippet:-1","max-image-preview":"max-image-preview:large","max-video-preview":"max-video-preview:-1"},"canonical":"https:\/\/paroisse.saintmicheldurhone.fr\/?page_id=94","og_locale":"fr_FR","og_type":"article","og_title":"Organisation de la Paroisse -","og_description":"Les ministres ordonn\u00e9s Pr\u00eatres sur la paroisse \u2022 Le p\u00e8re Bernard Jobert, cur\u00e9 de la paroisse r\u00e9sidant \u00e0 La Voulte-sur-Rh\u00f4ne 06 98 82 83 0304 75 62 40 95\u2022 Le [&hellip;]","og_url":"https:\/\/paroisse.saintmicheldurhone.fr\/?page_id=94","article_modified_time":"2025-12-29T09:13:27+00:00","og_image":[{"url":"http:\/\/paroisse.saintmicheldurhone.fr\/wp-content\/uploads\/2022\/04\/Confluence-68jpg_Page55-1024x724.jpg","type":"","width":"","height":""}],"twitter_card":"summary_large_image","twitter_misc":{"Dur\u00e9e de lecture estim\u00e9e":"2 minutes"},"schema":{"@context":"https:\/\/schema.org","@graph":[{"@type":"WebPage","@id":"https:\/\/paroisse.saintmicheldurhone.fr\/?page_id=94","url":"https:\/\/paroisse.saintmicheldurhone.fr\/?page_id=94","name":"Organisation de la Paroisse -","isPartOf":{"@id":"http:\/\/paroisse.saintmicheldurhone.fr\/#website"},"primaryImageOfPage":{"@id":"https:\/\/paroisse.saintmicheldurhone.fr\/?page_id=94#primaryimage"},"image":{"@id":"https:\/\/paroisse.saintmicheldurhone.fr\/?page_id=94#primaryimage"},"thumbnailUrl":"http:\/\/paroisse.saintmicheldurhone.fr\/wp-content\/uploads\/2022\/04\/Confluence-68jpg_Page55-1024x724.jpg","datePublished":"2019-11-11T22:59:13+00:00","dateModified":"2025-12-29T09:13:27+00:00","breadcrumb":{"@id":"https:\/\/paroisse.saintmicheldurhone.fr\/?page_id=94#breadcrumb"},"inLanguage":"fr-FR","potentialAction":[{"@type":"ReadAction","target":["https:\/\/paroisse.saintmicheldurhone.fr\/?page_id=94"]}]},{"@type":"ImageObject","inLanguage":"fr-FR","@id":"https:\/\/paroisse.saintmicheldurhone.fr\/?page_id=94#primaryimage","url":"https:\/\/paroisse.saintmicheldurhone.fr\/wp-content\/uploads\/2022\/04\/Confluence-68jpg_Page55-scaled.jpg","contentUrl":"https:\/\/paroisse.saintmicheldurhone.fr\/wp-content\/uploads\/2022\/04\/Confluence-68jpg_Page55-scaled.jpg","width":2560,"height":1810},{"@type":"BreadcrumbList","@id":"https:\/\/paroisse.saintmicheldurhone.fr\/?page_id=94#breadcrumb","itemListElement":[{"@type":"ListItem","position":1,"name":"Accueil","item":"https:\/\/paroisse.saintmicheldurhone.fr\/"},{"@type":"ListItem","position":2,"name":"Organisation de la Paroisse"}]},{"@type":"WebSite","@id":"http:\/\/paroisse.saintmicheldurhone.fr\/#website","url":"http:\/\/paroisse.saintmicheldurhone.fr\/","name":"Paroisse Saint Nicolas du Rh\u00f4ne","description":"","publisher":{"@id":"http:\/\/paroisse.saintmicheldurhone.fr\/#organization"},"potentialAction":[{"@type":"SearchAction","target":{"@type":"EntryPoint","urlTemplate":"http:\/\/paroisse.saintmicheldurhone.fr\/?s={search_term_string}"},"query-input":{"@type":"PropertyValueSpecification","valueRequired":true,"valueName":"search_term_string"}}],"inLanguage":"fr-FR"},{"@type":"Organization","@id":"http:\/\/paroisse.saintmicheldurhone.fr\/#organization","name":"Paroisse Saint Nicolas du Rh\u00f4ne","url":"http:\/\/paroisse.saintmicheldurhone.fr\/","logo":{"@type":"ImageObject","inLanguage":"fr-FR","@id":"http:\/\/paroisse.saintmicheldurhone.fr\/#\/schema\/logo\/image\/","url":"https:\/\/paroisse.saintmicheldurhone.fr\/wp-content\/uploads\/2022\/09\/cropped-logo-paroisse.jpg","contentUrl":"https:\/\/paroisse.saintmicheldurhone.fr\/wp-content\/uploads\/2022\/09\/cropped-logo-paroisse.jpg","width":1228,"height":567,"caption":"Paroisse Saint Nicolas du Rh\u00f4ne"},"image":{"@id":"http:\/\/paroisse.saintmicheldurhone.fr\/#\/schema\/logo\/image\/"}}]}},"uagb_featured_image_src":{"full":false,"thumbnail":false,"medium":false,"medium_large":false,"large":false,"1536x1536":false,"2048x2048":false},"uagb_author_info":{"display_name":"2019","author_link":"https:\/\/paroisse.saintmicheldurhone.fr\/?author=1"},"uagb_comment_info":0,"uagb_excerpt":"Les ministres ordonn\u00e9s Pr\u00eatres sur la paroisse \u2022 Le p\u00e8re Bernard Jobert, cur\u00e9 de la paroisse r\u00e9sidant \u00e0 La Voulte-sur-Rh\u00f4ne 06 98 82 83 0304 75 62 40 95\u2022 Le [&hellip;]","_links":{"self":[{"href":"https:\/\/paroisse.saintmicheldurhone.fr\/index.php?rest_route=\/wp\/v2\/pages\/94","targetHints":{"allow":["GET"]}}],"collection":[{"href":"https:\/\/paroisse.saintmicheldurhone.fr\/index.php?rest_route=\/wp\/v2\/pages"}],"about":[{"href":"https:\/\/paroisse.saintmicheldurhone.fr\/index.php?rest_route=\/wp\/v2\/types\/page"}],"author":[{"embeddable":true,"href":"https:\/\/paroisse.saintmicheldurhone.fr\/index.php?rest_route=\/wp\/v2\/users\/1"}],"replies":[{"embeddable":true,"href":"https:\/\/paroisse.saintmicheldurhone.fr\/index.php?rest_route=%2Fwp%2Fv2%2Fcomments&post=94"}],"version-history":[{"count":23,"href":"https:\/\/paroisse.saintmicheldurhone.fr\/index.php?rest_route=\/wp\/v2\/pages\/94\/revisions"}],"predecessor-version":[{"id":5696,"href":"https:\/\/paroisse.saintmicheldurhone.fr\/index.php?rest_route=\/wp\/v2\/pages\/94\/revisions\/5696"}],"wp:attachment":[{"href":"https:\/\/paroisse.saintmicheldurhone.fr\/index.php?rest_route=%2Fwp%2Fv2%2Fmedia&parent=94"}],"curies":[{"name":"wp","href":"https:\/\/api.w.org\/{rel}","templated":true}]}}