{"id":98,"date":"2019-11-12T00:00:15","date_gmt":"2019-11-11T23:00:15","guid":{"rendered":"http:\/\/paroisse.saintmicheldurhone.fr\/?page_id=98"},"modified":"2025-12-29T10:17:01","modified_gmt":"2025-12-29T09:17:01","slug":"eucharistie","status":"publish","type":"page","link":"https:\/\/paroisse.saintmicheldurhone.fr\/?page_id=98","title":{"rendered":"Communion et intention"},"content":{"rendered":"\n<p><strong>L\u2019eucharistie est pour tous&nbsp;!<\/strong><br><\/p>\n\n\n\n<figure class=\"wp-block-image alignright size-large\"><img loading=\"lazy\" decoding=\"async\" width=\"680\" height=\"407\" src=\"http:\/\/paroisse.saintmicheldurhone.fr\/wp-content\/uploads\/2019\/11\/eucharis5.jpg\" alt=\"\" class=\"wp-image-453\" srcset=\"https:\/\/paroisse.saintmicheldurhone.fr\/wp-content\/uploads\/2019\/11\/eucharis5.jpg 680w, https:\/\/paroisse.saintmicheldurhone.fr\/wp-content\/uploads\/2019\/11\/eucharis5-300x180.jpg 300w\" sizes=\"auto, (max-width: 680px) 100vw, 680px\" \/><\/figure>\n\n\n\n<p>&nbsp;&nbsp;Tous les dimanches, ensemble, nous c\u00e9l\u00e9brons la r\u00e9surrection du Christ.<br>Mieux&nbsp;: nous communions \u00e0 son corps. C\u2019est l\u2019eucharistie.<\/p>\n\n\n\n<p>Pour diverses raisons, certaines personnes ne peuvent pas se d\u00e9placer jusqu\u2019\u00e0 l\u2019\u00e9glise. Ces situations peuvent \u00eatre provisoires : une m\u00e8re de famille qui vient d\u2019accoucher, une immobilisation due \u00e0 une fracture ou \u00e0 la maladie ou encore une op\u00e9ration chirurgicale\u2026 Elles peuvent concerner aussi des situations plus d\u00e9finitives dues \u00e0 l\u2019\u00e2ge ou \u00e0 la maladie\u2026<\/p>\n\n\n\n<p>L\u2019\u00e9quipe de communion \u00e0 domicile est au service de toutes ces situations. N\u2019h\u00e9sitez pas \u00e0 demander \u00e0 en b\u00e9n\u00e9ficier. <\/p>\n\n\n\n<p><strong>Pour porter la communion \u00e0 un proche ou un voisin\u00a0:<\/strong><br>Si c\u2019est la premi\u00e8re fois que vous portez la communion, nous vous invitons \u00e0 contacter le p\u00e8re\u00a0 Bernard pour avoir des indications sur la mani\u00e8re de proc\u00e9der dignement.<br>Ensuite, merci de remettre votre custode (une petite boite con\u00e7ue pour recevoir le Saint-Sacrement)\u00a0<strong>avant<\/strong>\u00a0la messe au pr\u00eatre c\u00e9l\u00e9brant. Celui-ci pourra ainsi associer la personne qui recevra la communion \u00e0 la pri\u00e8re de l\u2019assembl\u00e9e.<\/p>\n\n\n\n<p><strong>Merci de faire connaitre cette proposition<\/strong><br>Soit \u00e0 des personnes susceptibles de recevoir la communion \u00e0 domicile.<br>Soit \u00e0 des personnes qui pourraient rejoindre l\u2019\u00e9quipe pour rendre ce service.<br><a href=\"http:\/\/paroisse.saintmicheldurhone.fr\/?page_id=189\">Et tenez-nous au courant\u00a0!<\/a><\/p>\n\n\n\n<p>La messe est la m\u00e9moire vivante du Christ donnant sa vie pour nous.&nbsp;<em>\u00ab&nbsp;Ceci est mon Corps livr\u00e9 pour vous. Ceci est mon Sang vers\u00e9 pour la multitude.&nbsp;\u00bb<\/em>&nbsp;Toute messe est c\u00e9l\u00e9br\u00e9e pour le monde entier. Cependant, on peut confier une intention particuli\u00e8re, le plus souvent pour un d\u00e9funt&nbsp;:&nbsp;<em>\u00ab&nbsp;Aide-nous, tous, Dieu notre P\u00e8re, \u00e0 pr\u00e9parer la venue de ton r\u00e8gne jusqu\u2019\u00e0 l\u2019heure o\u00f9 nous serons devant toi, saints parmi les saints du ciel\u2026avec nos fr\u00e8res qui sont morts et que nous confions \u00e0 ta mis\u00e9ricorde.&nbsp;\u00bb<\/em>&nbsp;(Pri\u00e8re eucharistique). Mais on peut aussi faire c\u00e9l\u00e9brer une messe \u00e0 l\u2019occasion d\u2019une naissance, d\u2019un anniversaire, d\u2019un mariage ou pour un malade ou encore pour demander la paix dans le monde\u2026<br>En demandant que soient c\u00e9l\u00e9br\u00e9es des messes, vous vous inscrivez dans la longue histoire de tous ceux que Dieu a aim\u00e9s avant nous et ceux qu\u2019il aime aujourd\u2019hui.<br>Il serait dommage de rompre cette belle tradition, signe visible de la communion des saints.<\/p>\n\n\n\n<p>Si vous d\u00e9sirez offrir une messe, n\u2019h\u00e9sitez pas \u00e0 venir \u00e0 la paroisse faire votre demande pendant&nbsp;<a href=\"http:\/\/saintmicheldurhone.fr\/?page_id=26\">les heures d\u2019accueil<\/a>&nbsp;pour fixer la date et pr\u00e9ciser l\u2019intention.<\/p>\n\n\n\n<h3 class=\"wp-block-heading\">L\u2019intention<\/h3>\n\n\n\n<p>Elle peut \u00eatre donn\u00e9e en quelques mots&nbsp;: pour des jeunes mari\u00e9s, des nouveaux pr\u00eatres, un d\u00e9funt, un malade, un parent, un ami, soi-m\u00eame, la vie du monde ou de l\u2019\u00c9glise\u2026 en action de gr\u00e2ces pour des noces d\u2019or ou d\u2019argent, un jubil\u00e9 sacerdotal, une gu\u00e9rison, une paix retrouv\u00e9e\u2026<br>Vous pouvez indiquer simplement&nbsp;<em>pour une intention particuli\u00e8re<\/em>, si vous pr\u00e9f\u00e9rez la discr\u00e9tion.<\/p>\n\n\n\n<p>L\u2019offrande<\/p>\n\n\n\n<p>Le montant de l\u2019offrande est propos\u00e9 par le dioc\u00e8se. Mais en aucun cas la gr\u00e2ce re\u00e7ue ne d\u00e9pendra de la somme&nbsp;! Pour une messe, l\u2019offrande s\u2019\u00e9l\u00e8ve actuellement \u00e0 17 \u20ac.<\/p>\n\n\n\n<h3 class=\"wp-block-heading\">La date<\/h3>\n\n\n\n<p>Vous pouvez sp\u00e9cifier la date \u00e0 laquelle vous souhaitez que la messe soit c\u00e9l\u00e9br\u00e9e, afin d\u2019\u00eatre pr\u00e9sent ou de vous y unir par la pri\u00e8re.<\/p>\n\n\n\n<h3 class=\"wp-block-heading\">Pour approfondir<\/h3>\n\n\n\n<p><strong>La messe n\u2019a pas de prix<\/strong>. Mais d\u00e8s les origines, les fid\u00e8les ont voulu participer \u00e0 l\u2019Eucharistie par des offrandes en nature ou en esp\u00e8ces. Elles \u00e9taient destin\u00e9es \u00e0 assurer les frais du culte, la subsistance des pr\u00eatres, la vie de l\u2019\u00c9glise. C\u2019est l\u2019origine de la pratique des honoraires de messe, qui date du VIIIe si\u00e8cle et qui s\u2019enracine<strong>dans l\u2019Ancien Testament<\/strong>&nbsp;o\u00f9 le pr\u00eatre recevait une part des sacrifices faits \u00e0 Dieu.&nbsp;<strong>Le pr\u00eatre doit toujours pouvoir \u201cvivre de l\u2019autel\u201d.<\/strong>&nbsp;Le code de droit canonique l\u00e9gitime cette pratique (C.945) et la r\u00e9glemente (C.946 et suivants). La vie mat\u00e9rielle de l\u2019\u00c9glise et de son clerg\u00e9 repose donc sur cette contribution volontaire des fid\u00e8les. Faut-il rappeler que, depuis 1905 en France, la R\u00e9publique ne salarie aucun culte (sauf dans l\u2019Alsace-Lorraine, r\u00e9unie en 1918).<\/p>\n\n\n\n<p><strong>Pour encore plus de pr\u00e9cisions&nbsp;:<\/strong>&nbsp;voir&nbsp;<a href=\"http:\/\/bordeaux.dominicains.com\/new_site\/index.php?controller=pense_betes&amp;id=10\" target=\"_blank\" rel=\"noreferrer noopener\">le site des dominicains de Bordeaux<\/a>&nbsp;: Pourquoi offrir une messe&nbsp;?<\/p>\n","protected":false},"excerpt":{"rendered":"<p>L\u2019eucharistie est pour tous&nbsp;! &nbsp;&nbsp;Tous les dimanches, ensemble, nous c\u00e9l\u00e9brons la r\u00e9surrection du Christ.Mieux&nbsp;: nous communions \u00e0 son corps. C\u2019est l\u2019eucharistie. Pour diverses raisons, certaines personnes ne peuvent pas se [&hellip;]<\/p>\n","protected":false},"author":1,"featured_media":0,"parent":0,"menu_order":0,"comment_status":"closed","ping_status":"closed","template":"","meta":{"_uag_custom_page_level_css":"","site-sidebar-layout":"default","site-content-layout":"default","ast-site-content-layout":"default","site-content-style":"default","site-sidebar-style":"default","ast-global-header-display":"","ast-banner-title-visibility":"","ast-main-header-display":"","ast-hfb-above-header-display":"","ast-hfb-below-header-display":"","ast-hfb-mobile-header-display":"","site-post-title":"","ast-breadcrumbs-content":"","ast-featured-img":"","footer-sml-layout":"","ast-disable-related-posts":"","theme-transparent-header-meta":"default","adv-header-id-meta":"","stick-header-meta":"","header-above-stick-meta":"","header-main-stick-meta":"","header-below-stick-meta":"","astra-migrate-meta-layouts":"default","ast-page-background-enabled":"default","ast-page-background-meta":{"desktop":{"background-color":"var(--ast-global-color-4)","background-image":"","background-repeat":"repeat","background-position":"center center","background-size":"auto","background-attachment":"scroll","background-type":"","background-media":"","overlay-type":"","overlay-color":"","overlay-opacity":"","overlay-gradient":""},"tablet":{"background-color":"","background-image":"","background-repeat":"repeat","background-position":"center center","background-size":"auto","background-attachment":"scroll","background-type":"","background-media":"","overlay-type":"","overlay-color":"","overlay-opacity":"","overlay-gradient":""},"mobile":{"background-color":"","background-image":"","background-repeat":"repeat","background-position":"center center","background-size":"auto","background-attachment":"scroll","background-type":"","background-media":"","overlay-type":"","overlay-color":"","overlay-opacity":"","overlay-gradient":""}},"ast-content-background-meta":{"desktop":{"background-color":"var(--ast-global-color-5)","background-image":"","background-repeat":"repeat","background-position":"center center","background-size":"auto","background-attachment":"scroll","background-type":"","background-media":"","overlay-type":"","overlay-color":"","overlay-opacity":"","overlay-gradient":""},"tablet":{"background-color":"var(--ast-global-color-5)","background-image":"","background-repeat":"repeat","background-position":"center center","background-size":"auto","background-attachment":"scroll","background-type":"","background-media":"","overlay-type":"","overlay-color":"","overlay-opacity":"","overlay-gradient":""},"mobile":{"background-color":"var(--ast-global-color-5)","background-image":"","background-repeat":"repeat","background-position":"center center","background-size":"auto","background-attachment":"scroll","background-type":"","background-media":"","overlay-type":"","overlay-color":"","overlay-opacity":"","overlay-gradient":""}},"footnotes":""},"class_list":["post-98","page","type-page","status-publish","hentry"],"yoast_head":"<!-- This site is optimized with the Yoast SEO plugin v26.6 - https:\/\/yoast.com\/wordpress\/plugins\/seo\/ -->\n<title>Communion et intention -<\/title>\n<meta name=\"robots\" content=\"index, follow, max-snippet:-1, max-image-preview:large, max-video-preview:-1\" \/>\n<link rel=\"canonical\" href=\"https:\/\/paroisse.saintmicheldurhone.fr\/?page_id=98\" \/>\n<meta property=\"og:locale\" content=\"fr_FR\" \/>\n<meta property=\"og:type\" content=\"article\" \/>\n<meta property=\"og:title\" content=\"Communion et intention -\" \/>\n<meta property=\"og:description\" content=\"L\u2019eucharistie est pour tous&nbsp;! &nbsp;&nbsp;Tous les dimanches, ensemble, nous c\u00e9l\u00e9brons la r\u00e9surrection du Christ.Mieux&nbsp;: nous communions \u00e0 son corps. C\u2019est l\u2019eucharistie. Pour diverses raisons, certaines personnes ne peuvent pas se [&hellip;]\" \/>\n<meta property=\"og:url\" content=\"https:\/\/paroisse.saintmicheldurhone.fr\/?page_id=98\" \/>\n<meta property=\"article:modified_time\" content=\"2025-12-29T09:17:01+00:00\" \/>\n<meta property=\"og:image\" content=\"https:\/\/paroisse.saintmicheldurhone.fr\/wp-content\/uploads\/2019\/11\/eucharis5.jpg\" \/>\n\t<meta property=\"og:image:width\" content=\"680\" \/>\n\t<meta property=\"og:image:height\" content=\"407\" \/>\n\t<meta property=\"og:image:type\" content=\"image\/jpeg\" \/>\n<meta name=\"twitter:card\" content=\"summary_large_image\" \/>\n<meta name=\"twitter:label1\" content=\"Dur\u00e9e de lecture estim\u00e9e\" \/>\n\t<meta name=\"twitter:data1\" content=\"4 minutes\" \/>\n<script type=\"application\/ld+json\" class=\"yoast-schema-graph\">{\"@context\":\"https:\/\/schema.org\",\"@graph\":[{\"@type\":\"WebPage\",\"@id\":\"https:\/\/paroisse.saintmicheldurhone.fr\/?page_id=98\",\"url\":\"https:\/\/paroisse.saintmicheldurhone.fr\/?page_id=98\",\"name\":\"Communion et intention -\",\"isPartOf\":{\"@id\":\"http:\/\/paroisse.saintmicheldurhone.fr\/#website\"},\"primaryImageOfPage\":{\"@id\":\"https:\/\/paroisse.saintmicheldurhone.fr\/?page_id=98#primaryimage\"},\"image\":{\"@id\":\"https:\/\/paroisse.saintmicheldurhone.fr\/?page_id=98#primaryimage\"},\"thumbnailUrl\":\"http:\/\/paroisse.saintmicheldurhone.fr\/wp-content\/uploads\/2019\/11\/eucharis5.jpg\",\"datePublished\":\"2019-11-11T23:00:15+00:00\",\"dateModified\":\"2025-12-29T09:17:01+00:00\",\"breadcrumb\":{\"@id\":\"https:\/\/paroisse.saintmicheldurhone.fr\/?page_id=98#breadcrumb\"},\"inLanguage\":\"fr-FR\",\"potentialAction\":[{\"@type\":\"ReadAction\",\"target\":[\"https:\/\/paroisse.saintmicheldurhone.fr\/?page_id=98\"]}]},{\"@type\":\"ImageObject\",\"inLanguage\":\"fr-FR\",\"@id\":\"https:\/\/paroisse.saintmicheldurhone.fr\/?page_id=98#primaryimage\",\"url\":\"https:\/\/paroisse.saintmicheldurhone.fr\/wp-content\/uploads\/2019\/11\/eucharis5.jpg\",\"contentUrl\":\"https:\/\/paroisse.saintmicheldurhone.fr\/wp-content\/uploads\/2019\/11\/eucharis5.jpg\",\"width\":680,\"height\":407},{\"@type\":\"BreadcrumbList\",\"@id\":\"https:\/\/paroisse.saintmicheldurhone.fr\/?page_id=98#breadcrumb\",\"itemListElement\":[{\"@type\":\"ListItem\",\"position\":1,\"name\":\"Accueil\",\"item\":\"https:\/\/paroisse.saintmicheldurhone.fr\/\"},{\"@type\":\"ListItem\",\"position\":2,\"name\":\"Communion et intention\"}]},{\"@type\":\"WebSite\",\"@id\":\"http:\/\/paroisse.saintmicheldurhone.fr\/#website\",\"url\":\"http:\/\/paroisse.saintmicheldurhone.fr\/\",\"name\":\"Paroisse Saint Nicolas du Rh\u00f4ne\",\"description\":\"\",\"publisher\":{\"@id\":\"http:\/\/paroisse.saintmicheldurhone.fr\/#organization\"},\"potentialAction\":[{\"@type\":\"SearchAction\",\"target\":{\"@type\":\"EntryPoint\",\"urlTemplate\":\"http:\/\/paroisse.saintmicheldurhone.fr\/?s={search_term_string}\"},\"query-input\":{\"@type\":\"PropertyValueSpecification\",\"valueRequired\":true,\"valueName\":\"search_term_string\"}}],\"inLanguage\":\"fr-FR\"},{\"@type\":\"Organization\",\"@id\":\"http:\/\/paroisse.saintmicheldurhone.fr\/#organization\",\"name\":\"Paroisse Saint Nicolas du Rh\u00f4ne\",\"url\":\"http:\/\/paroisse.saintmicheldurhone.fr\/\",\"logo\":{\"@type\":\"ImageObject\",\"inLanguage\":\"fr-FR\",\"@id\":\"http:\/\/paroisse.saintmicheldurhone.fr\/#\/schema\/logo\/image\/\",\"url\":\"https:\/\/paroisse.saintmicheldurhone.fr\/wp-content\/uploads\/2022\/09\/cropped-logo-paroisse.jpg\",\"contentUrl\":\"https:\/\/paroisse.saintmicheldurhone.fr\/wp-content\/uploads\/2022\/09\/cropped-logo-paroisse.jpg\",\"width\":1228,\"height\":567,\"caption\":\"Paroisse Saint Nicolas du Rh\u00f4ne\"},\"image\":{\"@id\":\"http:\/\/paroisse.saintmicheldurhone.fr\/#\/schema\/logo\/image\/\"}}]}<\/script>\n<!-- \/ Yoast SEO plugin. -->","yoast_head_json":{"title":"Communion et intention -","robots":{"index":"index","follow":"follow","max-snippet":"max-snippet:-1","max-image-preview":"max-image-preview:large","max-video-preview":"max-video-preview:-1"},"canonical":"https:\/\/paroisse.saintmicheldurhone.fr\/?page_id=98","og_locale":"fr_FR","og_type":"article","og_title":"Communion et intention -","og_description":"L\u2019eucharistie est pour tous&nbsp;! &nbsp;&nbsp;Tous les dimanches, ensemble, nous c\u00e9l\u00e9brons la r\u00e9surrection du Christ.Mieux&nbsp;: nous communions \u00e0 son corps. C\u2019est l\u2019eucharistie. Pour diverses raisons, certaines personnes ne peuvent pas se [&hellip;]","og_url":"https:\/\/paroisse.saintmicheldurhone.fr\/?page_id=98","article_modified_time":"2025-12-29T09:17:01+00:00","og_image":[{"width":680,"height":407,"url":"https:\/\/paroisse.saintmicheldurhone.fr\/wp-content\/uploads\/2019\/11\/eucharis5.jpg","type":"image\/jpeg"}],"twitter_card":"summary_large_image","twitter_misc":{"Dur\u00e9e de lecture estim\u00e9e":"4 minutes"},"schema":{"@context":"https:\/\/schema.org","@graph":[{"@type":"WebPage","@id":"https:\/\/paroisse.saintmicheldurhone.fr\/?page_id=98","url":"https:\/\/paroisse.saintmicheldurhone.fr\/?page_id=98","name":"Communion et intention -","isPartOf":{"@id":"http:\/\/paroisse.saintmicheldurhone.fr\/#website"},"primaryImageOfPage":{"@id":"https:\/\/paroisse.saintmicheldurhone.fr\/?page_id=98#primaryimage"},"image":{"@id":"https:\/\/paroisse.saintmicheldurhone.fr\/?page_id=98#primaryimage"},"thumbnailUrl":"http:\/\/paroisse.saintmicheldurhone.fr\/wp-content\/uploads\/2019\/11\/eucharis5.jpg","datePublished":"2019-11-11T23:00:15+00:00","dateModified":"2025-12-29T09:17:01+00:00","breadcrumb":{"@id":"https:\/\/paroisse.saintmicheldurhone.fr\/?page_id=98#breadcrumb"},"inLanguage":"fr-FR","potentialAction":[{"@type":"ReadAction","target":["https:\/\/paroisse.saintmicheldurhone.fr\/?page_id=98"]}]},{"@type":"ImageObject","inLanguage":"fr-FR","@id":"https:\/\/paroisse.saintmicheldurhone.fr\/?page_id=98#primaryimage","url":"https:\/\/paroisse.saintmicheldurhone.fr\/wp-content\/uploads\/2019\/11\/eucharis5.jpg","contentUrl":"https:\/\/paroisse.saintmicheldurhone.fr\/wp-content\/uploads\/2019\/11\/eucharis5.jpg","width":680,"height":407},{"@type":"BreadcrumbList","@id":"https:\/\/paroisse.saintmicheldurhone.fr\/?page_id=98#breadcrumb","itemListElement":[{"@type":"ListItem","position":1,"name":"Accueil","item":"https:\/\/paroisse.saintmicheldurhone.fr\/"},{"@type":"ListItem","position":2,"name":"Communion et intention"}]},{"@type":"WebSite","@id":"http:\/\/paroisse.saintmicheldurhone.fr\/#website","url":"http:\/\/paroisse.saintmicheldurhone.fr\/","name":"Paroisse Saint Nicolas du Rh\u00f4ne","description":"","publisher":{"@id":"http:\/\/paroisse.saintmicheldurhone.fr\/#organization"},"potentialAction":[{"@type":"SearchAction","target":{"@type":"EntryPoint","urlTemplate":"http:\/\/paroisse.saintmicheldurhone.fr\/?s={search_term_string}"},"query-input":{"@type":"PropertyValueSpecification","valueRequired":true,"valueName":"search_term_string"}}],"inLanguage":"fr-FR"},{"@type":"Organization","@id":"http:\/\/paroisse.saintmicheldurhone.fr\/#organization","name":"Paroisse Saint Nicolas du Rh\u00f4ne","url":"http:\/\/paroisse.saintmicheldurhone.fr\/","logo":{"@type":"ImageObject","inLanguage":"fr-FR","@id":"http:\/\/paroisse.saintmicheldurhone.fr\/#\/schema\/logo\/image\/","url":"https:\/\/paroisse.saintmicheldurhone.fr\/wp-content\/uploads\/2022\/09\/cropped-logo-paroisse.jpg","contentUrl":"https:\/\/paroisse.saintmicheldurhone.fr\/wp-content\/uploads\/2022\/09\/cropped-logo-paroisse.jpg","width":1228,"height":567,"caption":"Paroisse Saint Nicolas du Rh\u00f4ne"},"image":{"@id":"http:\/\/paroisse.saintmicheldurhone.fr\/#\/schema\/logo\/image\/"}}]}},"uagb_featured_image_src":{"full":false,"thumbnail":false,"medium":false,"medium_large":false,"large":false,"1536x1536":false,"2048x2048":false},"uagb_author_info":{"display_name":"2019","author_link":"https:\/\/paroisse.saintmicheldurhone.fr\/?author=1"},"uagb_comment_info":0,"uagb_excerpt":"L\u2019eucharistie est pour tous&nbsp;! &nbsp;&nbsp;Tous les dimanches, ensemble, nous c\u00e9l\u00e9brons la r\u00e9surrection du Christ.Mieux&nbsp;: nous communions \u00e0 son corps. C\u2019est l\u2019eucharistie. Pour diverses raisons, certaines personnes ne peuvent pas se [&hellip;]","_links":{"self":[{"href":"https:\/\/paroisse.saintmicheldurhone.fr\/index.php?rest_route=\/wp\/v2\/pages\/98","targetHints":{"allow":["GET"]}}],"collection":[{"href":"https:\/\/paroisse.saintmicheldurhone.fr\/index.php?rest_route=\/wp\/v2\/pages"}],"about":[{"href":"https:\/\/paroisse.saintmicheldurhone.fr\/index.php?rest_route=\/wp\/v2\/types\/page"}],"author":[{"embeddable":true,"href":"https:\/\/paroisse.saintmicheldurhone.fr\/index.php?rest_route=\/wp\/v2\/users\/1"}],"replies":[{"embeddable":true,"href":"https:\/\/paroisse.saintmicheldurhone.fr\/index.php?rest_route=%2Fwp%2Fv2%2Fcomments&post=98"}],"version-history":[{"count":2,"href":"https:\/\/paroisse.saintmicheldurhone.fr\/index.php?rest_route=\/wp\/v2\/pages\/98\/revisions"}],"predecessor-version":[{"id":5734,"href":"https:\/\/paroisse.saintmicheldurhone.fr\/index.php?rest_route=\/wp\/v2\/pages\/98\/revisions\/5734"}],"wp:attachment":[{"href":"https:\/\/paroisse.saintmicheldurhone.fr\/index.php?rest_route=%2Fwp%2Fv2%2Fmedia&parent=98"}],"curies":[{"name":"wp","href":"https:\/\/api.w.org\/{rel}","templated":true}]}}