{"id":4597,"date":"2024-09-28T10:36:12","date_gmt":"2024-09-28T08:36:12","guid":{"rendered":"https:\/\/paroisse.saintmicheldurhone.fr\/?post_type=tribe_events&#038;p=4597"},"modified":"2025-01-24T06:11:48","modified_gmt":"2025-01-24T05:11:48","slug":"pelerinage-a-rome-en-mars-2025","status":"publish","type":"tribe_events","link":"https:\/\/paroisse.saintmicheldurhone.fr\/?tribe_events=pelerinage-a-rome-en-mars-2025","title":{"rendered":"P\u00e9lerinage \u00e0 Rome en mars 2025"},"content":{"rendered":"<p>Le dioc\u00e8se de Viviers organise un <strong>p\u00e8lerinage \u00e0 Rome<\/strong> du <strong>1er au 7 mars 2025<\/strong>.<\/p>\n<p>Retenez d\u00e9j\u00e0 ces dates pour vous inscrire au plus vite \u00e0 la paroisse !<\/p>\n<a href=\"https:\/\/paroisse.saintmicheldurhone.fr\/wp-content\/uploads\/2024\/09\/tract-Rome.pdf\" class=\"pdfemb-viewer\" style=\"\" data-width=\"max\" data-height=\"max\" data-toolbar=\"bottom\" data-toolbar-fixed=\"on\">tract Rome<\/a>\n","protected":false},"excerpt":{"rendered":"<p>Le dioc\u00e8se de Viviers organise un p\u00e8lerinage \u00e0 Rome du 1er au 7 mars 2025. Retenez d\u00e9j\u00e0 ces dates pour vous inscrire au plus vite \u00e0 la paroisse !<\/p>\n","protected":false},"author":1,"featured_media":4877,"template":"","meta":{"_uag_custom_page_level_css":"","site-sidebar-layout":"default","site-content-layout":"default","ast-site-content-layout":"default","site-content-style":"default","site-sidebar-style":"default","ast-global-header-display":"","ast-banner-title-visibility":"","ast-main-header-display":"","ast-hfb-above-header-display":"","ast-hfb-below-header-display":"","ast-hfb-mobile-header-display":"","site-post-title":"","ast-breadcrumbs-content":"","ast-featured-img":"","footer-sml-layout":"","ast-disable-related-posts":"","theme-transparent-header-meta":"default","adv-header-id-meta":"","stick-header-meta":"","header-above-stick-meta":"","header-main-stick-meta":"","header-below-stick-meta":"","astra-migrate-meta-layouts":"default","ast-page-background-enabled":"default","ast-page-background-meta":{"desktop":{"background-color":"var(--ast-global-color-4)","background-image":"","background-repeat":"repeat","background-position":"center center","background-size":"auto","background-attachment":"scroll","background-type":"","background-media":"","overlay-type":"","overlay-color":"","overlay-opacity":"","overlay-gradient":""},"tablet":{"background-color":"","background-image":"","background-repeat":"repeat","background-position":"center center","background-size":"auto","background-attachment":"scroll","background-type":"","background-media":"","overlay-type":"","overlay-color":"","overlay-opacity":"","overlay-gradient":""},"mobile":{"background-color":"","background-image":"","background-repeat":"repeat","background-position":"center center","background-size":"auto","background-attachment":"scroll","background-type":"","background-media":"","overlay-type":"","overlay-color":"","overlay-opacity":"","overlay-gradient":""}},"ast-content-background-meta":{"desktop":{"background-color":"var(--ast-global-color-5)","background-image":"","background-repeat":"repeat","background-position":"center center","background-size":"auto","background-attachment":"scroll","background-type":"","background-media":"","overlay-type":"","overlay-color":"","overlay-opacity":"","overlay-gradient":""},"tablet":{"background-color":"var(--ast-global-color-5)","background-image":"","background-repeat":"repeat","background-position":"center center","background-size":"auto","background-attachment":"scroll","background-type":"","background-media":"","overlay-type":"","overlay-color":"","overlay-opacity":"","overlay-gradient":""},"mobile":{"background-color":"var(--ast-global-color-5)","background-image":"","background-repeat":"repeat","background-position":"center center","background-size":"auto","background-attachment":"scroll","background-type":"","background-media":"","overlay-type":"","overlay-color":"","overlay-opacity":"","overlay-gradient":""}},"_tribe_events_status":"","_tribe_events_status_reason":"","footnotes":""},"tags":[19],"tribe_events_cat":[],"class_list":["post-4597","tribe_events","type-tribe_events","status-publish","has-post-thumbnail","hentry","tag-pelerinage"],"yoast_head":"<!-- This site is optimized with the Yoast SEO plugin v26.6 - https:\/\/yoast.com\/wordpress\/plugins\/seo\/ -->\n<title>P\u00e9lerinage \u00e0 Rome en mars 2025 -<\/title>\n<meta name=\"description\" content=\"Le Dioc\u00e8se de Viviers organise un P\u00e8lerinage \u00e0 Rome qui aura lieu en mars 2025, la m\u00eame ann\u00e9e que le Jubil\u00e9 de Rome.\" \/>\n<meta name=\"robots\" content=\"index, follow, max-snippet:-1, max-image-preview:large, max-video-preview:-1\" \/>\n<link rel=\"canonical\" href=\"http:\/\/paroisse.saintmicheldurhone.fr\/?tribe_events=pelerinage-a-rome-en-mars-2025\" \/>\n<meta property=\"og:locale\" content=\"fr_FR\" \/>\n<meta property=\"og:type\" content=\"article\" \/>\n<meta property=\"og:title\" content=\"P\u00e9lerinage \u00e0 Rome en mars 2025 -\" \/>\n<meta property=\"og:description\" content=\"Le Dioc\u00e8se de Viviers organise un P\u00e8lerinage \u00e0 Rome qui aura lieu en mars 2025, la m\u00eame ann\u00e9e que le Jubil\u00e9 de Rome.\" \/>\n<meta property=\"og:url\" content=\"http:\/\/paroisse.saintmicheldurhone.fr\/?tribe_events=pelerinage-a-rome-en-mars-2025\" \/>\n<meta property=\"article:modified_time\" content=\"2025-01-24T05:11:48+00:00\" \/>\n<meta property=\"og:image\" content=\"http:\/\/paroisse.saintmicheldurhone.fr\/wp-content\/uploads\/2024\/09\/Jubile-Rome-Image-1.jpg\" \/>\n\t<meta property=\"og:image:width\" content=\"523\" \/>\n\t<meta property=\"og:image:height\" content=\"472\" \/>\n\t<meta property=\"og:image:type\" content=\"image\/jpeg\" \/>\n<meta name=\"twitter:card\" content=\"summary_large_image\" \/>\n<meta name=\"twitter:label1\" content=\"Dur\u00e9e de lecture estim\u00e9e\" \/>\n\t<meta name=\"twitter:data1\" content=\"1 minute\" \/>\n<script type=\"application\/ld+json\" class=\"yoast-schema-graph\">{\"@context\":\"https:\/\/schema.org\",\"@graph\":[{\"@type\":\"WebPage\",\"@id\":\"http:\/\/paroisse.saintmicheldurhone.fr\/?tribe_events=pelerinage-a-rome-en-mars-2025\",\"url\":\"http:\/\/paroisse.saintmicheldurhone.fr\/?tribe_events=pelerinage-a-rome-en-mars-2025\",\"name\":\"P\u00e9lerinage \u00e0 Rome en mars 2025 -\",\"isPartOf\":{\"@id\":\"http:\/\/paroisse.saintmicheldurhone.fr\/#website\"},\"primaryImageOfPage\":{\"@id\":\"http:\/\/paroisse.saintmicheldurhone.fr\/?tribe_events=pelerinage-a-rome-en-mars-2025#primaryimage\"},\"image\":{\"@id\":\"http:\/\/paroisse.saintmicheldurhone.fr\/?tribe_events=pelerinage-a-rome-en-mars-2025#primaryimage\"},\"thumbnailUrl\":\"https:\/\/paroisse.saintmicheldurhone.fr\/wp-content\/uploads\/2024\/09\/Jubile-Rome-Image-1.jpg\",\"datePublished\":\"2024-09-28T08:36:12+00:00\",\"dateModified\":\"2025-01-24T05:11:48+00:00\",\"description\":\"Le Dioc\u00e8se de Viviers organise un P\u00e8lerinage \u00e0 Rome qui aura lieu en mars 2025, la m\u00eame ann\u00e9e que le Jubil\u00e9 de Rome.\",\"breadcrumb\":{\"@id\":\"http:\/\/paroisse.saintmicheldurhone.fr\/?tribe_events=pelerinage-a-rome-en-mars-2025#breadcrumb\"},\"inLanguage\":\"fr-FR\",\"potentialAction\":[{\"@type\":\"ReadAction\",\"target\":[\"http:\/\/paroisse.saintmicheldurhone.fr\/?tribe_events=pelerinage-a-rome-en-mars-2025\"]}]},{\"@type\":\"ImageObject\",\"inLanguage\":\"fr-FR\",\"@id\":\"http:\/\/paroisse.saintmicheldurhone.fr\/?tribe_events=pelerinage-a-rome-en-mars-2025#primaryimage\",\"url\":\"https:\/\/paroisse.saintmicheldurhone.fr\/wp-content\/uploads\/2024\/09\/Jubile-Rome-Image-1.jpg\",\"contentUrl\":\"https:\/\/paroisse.saintmicheldurhone.fr\/wp-content\/uploads\/2024\/09\/Jubile-Rome-Image-1.jpg\",\"width\":523,\"height\":472},{\"@type\":\"BreadcrumbList\",\"@id\":\"http:\/\/paroisse.saintmicheldurhone.fr\/?tribe_events=pelerinage-a-rome-en-mars-2025#breadcrumb\",\"itemListElement\":[{\"@type\":\"ListItem\",\"position\":1,\"name\":\"Accueil\",\"item\":\"https:\/\/paroisse.saintmicheldurhone.fr\/\"},{\"@type\":\"ListItem\",\"position\":2,\"name\":\"\u00c9v\u00e8nements\",\"item\":\"http:\/\/paroisse.saintmicheldurhone.fr\/?post_type=tribe_events\"},{\"@type\":\"ListItem\",\"position\":3,\"name\":\"P\u00e9lerinage \u00e0 Rome en mars 2025\"}]},{\"@type\":\"WebSite\",\"@id\":\"http:\/\/paroisse.saintmicheldurhone.fr\/#website\",\"url\":\"http:\/\/paroisse.saintmicheldurhone.fr\/\",\"name\":\"Paroisse Saint Nicolas du Rh\u00f4ne\",\"description\":\"\",\"publisher\":{\"@id\":\"http:\/\/paroisse.saintmicheldurhone.fr\/#organization\"},\"potentialAction\":[{\"@type\":\"SearchAction\",\"target\":{\"@type\":\"EntryPoint\",\"urlTemplate\":\"http:\/\/paroisse.saintmicheldurhone.fr\/?s={search_term_string}\"},\"query-input\":{\"@type\":\"PropertyValueSpecification\",\"valueRequired\":true,\"valueName\":\"search_term_string\"}}],\"inLanguage\":\"fr-FR\"},{\"@type\":\"Organization\",\"@id\":\"http:\/\/paroisse.saintmicheldurhone.fr\/#organization\",\"name\":\"Paroisse Saint Nicolas du Rh\u00f4ne\",\"url\":\"http:\/\/paroisse.saintmicheldurhone.fr\/\",\"logo\":{\"@type\":\"ImageObject\",\"inLanguage\":\"fr-FR\",\"@id\":\"http:\/\/paroisse.saintmicheldurhone.fr\/#\/schema\/logo\/image\/\",\"url\":\"https:\/\/paroisse.saintmicheldurhone.fr\/wp-content\/uploads\/2022\/09\/cropped-logo-paroisse.jpg\",\"contentUrl\":\"https:\/\/paroisse.saintmicheldurhone.fr\/wp-content\/uploads\/2022\/09\/cropped-logo-paroisse.jpg\",\"width\":1228,\"height\":567,\"caption\":\"Paroisse Saint Nicolas du Rh\u00f4ne\"},\"image\":{\"@id\":\"http:\/\/paroisse.saintmicheldurhone.fr\/#\/schema\/logo\/image\/\"}}]}<\/script>\n<!-- \/ Yoast SEO plugin. -->","yoast_head_json":{"title":"P\u00e9lerinage \u00e0 Rome en mars 2025 -","description":"Le Dioc\u00e8se de Viviers organise un P\u00e8lerinage \u00e0 Rome qui aura lieu en mars 2025, la m\u00eame ann\u00e9e que le Jubil\u00e9 de Rome.","robots":{"index":"index","follow":"follow","max-snippet":"max-snippet:-1","max-image-preview":"max-image-preview:large","max-video-preview":"max-video-preview:-1"},"canonical":"http:\/\/paroisse.saintmicheldurhone.fr\/?tribe_events=pelerinage-a-rome-en-mars-2025","og_locale":"fr_FR","og_type":"article","og_title":"P\u00e9lerinage \u00e0 Rome en mars 2025 -","og_description":"Le Dioc\u00e8se de Viviers organise un P\u00e8lerinage \u00e0 Rome qui aura lieu en mars 2025, la m\u00eame ann\u00e9e que le Jubil\u00e9 de Rome.","og_url":"http:\/\/paroisse.saintmicheldurhone.fr\/?tribe_events=pelerinage-a-rome-en-mars-2025","article_modified_time":"2025-01-24T05:11:48+00:00","og_image":[{"width":523,"height":472,"url":"http:\/\/paroisse.saintmicheldurhone.fr\/wp-content\/uploads\/2024\/09\/Jubile-Rome-Image-1.jpg","type":"image\/jpeg"}],"twitter_card":"summary_large_image","twitter_misc":{"Dur\u00e9e de lecture estim\u00e9e":"1 minute"},"schema":{"@context":"https:\/\/schema.org","@graph":[{"@type":"WebPage","@id":"http:\/\/paroisse.saintmicheldurhone.fr\/?tribe_events=pelerinage-a-rome-en-mars-2025","url":"http:\/\/paroisse.saintmicheldurhone.fr\/?tribe_events=pelerinage-a-rome-en-mars-2025","name":"P\u00e9lerinage \u00e0 Rome en mars 2025 -","isPartOf":{"@id":"http:\/\/paroisse.saintmicheldurhone.fr\/#website"},"primaryImageOfPage":{"@id":"http:\/\/paroisse.saintmicheldurhone.fr\/?tribe_events=pelerinage-a-rome-en-mars-2025#primaryimage"},"image":{"@id":"http:\/\/paroisse.saintmicheldurhone.fr\/?tribe_events=pelerinage-a-rome-en-mars-2025#primaryimage"},"thumbnailUrl":"https:\/\/paroisse.saintmicheldurhone.fr\/wp-content\/uploads\/2024\/09\/Jubile-Rome-Image-1.jpg","datePublished":"2024-09-28T08:36:12+00:00","dateModified":"2025-01-24T05:11:48+00:00","description":"Le Dioc\u00e8se de Viviers organise un P\u00e8lerinage \u00e0 Rome qui aura lieu en mars 2025, la m\u00eame ann\u00e9e que le Jubil\u00e9 de Rome.","breadcrumb":{"@id":"http:\/\/paroisse.saintmicheldurhone.fr\/?tribe_events=pelerinage-a-rome-en-mars-2025#breadcrumb"},"inLanguage":"fr-FR","potentialAction":[{"@type":"ReadAction","target":["http:\/\/paroisse.saintmicheldurhone.fr\/?tribe_events=pelerinage-a-rome-en-mars-2025"]}]},{"@type":"ImageObject","inLanguage":"fr-FR","@id":"http:\/\/paroisse.saintmicheldurhone.fr\/?tribe_events=pelerinage-a-rome-en-mars-2025#primaryimage","url":"https:\/\/paroisse.saintmicheldurhone.fr\/wp-content\/uploads\/2024\/09\/Jubile-Rome-Image-1.jpg","contentUrl":"https:\/\/paroisse.saintmicheldurhone.fr\/wp-content\/uploads\/2024\/09\/Jubile-Rome-Image-1.jpg","width":523,"height":472},{"@type":"BreadcrumbList","@id":"http:\/\/paroisse.saintmicheldurhone.fr\/?tribe_events=pelerinage-a-rome-en-mars-2025#breadcrumb","itemListElement":[{"@type":"ListItem","position":1,"name":"Accueil","item":"https:\/\/paroisse.saintmicheldurhone.fr\/"},{"@type":"ListItem","position":2,"name":"\u00c9v\u00e8nements","item":"http:\/\/paroisse.saintmicheldurhone.fr\/?post_type=tribe_events"},{"@type":"ListItem","position":3,"name":"P\u00e9lerinage \u00e0 Rome en mars 2025"}]},{"@type":"WebSite","@id":"http:\/\/paroisse.saintmicheldurhone.fr\/#website","url":"http:\/\/paroisse.saintmicheldurhone.fr\/","name":"Paroisse Saint Nicolas du Rh\u00f4ne","description":"","publisher":{"@id":"http:\/\/paroisse.saintmicheldurhone.fr\/#organization"},"potentialAction":[{"@type":"SearchAction","target":{"@type":"EntryPoint","urlTemplate":"http:\/\/paroisse.saintmicheldurhone.fr\/?s={search_term_string}"},"query-input":{"@type":"PropertyValueSpecification","valueRequired":true,"valueName":"search_term_string"}}],"inLanguage":"fr-FR"},{"@type":"Organization","@id":"http:\/\/paroisse.saintmicheldurhone.fr\/#organization","name":"Paroisse Saint Nicolas du Rh\u00f4ne","url":"http:\/\/paroisse.saintmicheldurhone.fr\/","logo":{"@type":"ImageObject","inLanguage":"fr-FR","@id":"http:\/\/paroisse.saintmicheldurhone.fr\/#\/schema\/logo\/image\/","url":"https:\/\/paroisse.saintmicheldurhone.fr\/wp-content\/uploads\/2022\/09\/cropped-logo-paroisse.jpg","contentUrl":"https:\/\/paroisse.saintmicheldurhone.fr\/wp-content\/uploads\/2022\/09\/cropped-logo-paroisse.jpg","width":1228,"height":567,"caption":"Paroisse Saint Nicolas du Rh\u00f4ne"},"image":{"@id":"http:\/\/paroisse.saintmicheldurhone.fr\/#\/schema\/logo\/image\/"}}]}},"uagb_featured_image_src":{"full":["https:\/\/paroisse.saintmicheldurhone.fr\/wp-content\/uploads\/2024\/09\/Jubile-Rome-Image-1.jpg",523,472,false],"thumbnail":["https:\/\/paroisse.saintmicheldurhone.fr\/wp-content\/uploads\/2024\/09\/Jubile-Rome-Image-1-150x150.jpg",150,150,true],"medium":["https:\/\/paroisse.saintmicheldurhone.fr\/wp-content\/uploads\/2024\/09\/Jubile-Rome-Image-1-300x271.jpg",300,271,true],"medium_large":["https:\/\/paroisse.saintmicheldurhone.fr\/wp-content\/uploads\/2024\/09\/Jubile-Rome-Image-1.jpg",523,472,false],"large":["https:\/\/paroisse.saintmicheldurhone.fr\/wp-content\/uploads\/2024\/09\/Jubile-Rome-Image-1.jpg",523,472,false],"1536x1536":["https:\/\/paroisse.saintmicheldurhone.fr\/wp-content\/uploads\/2024\/09\/Jubile-Rome-Image-1.jpg",523,472,false],"2048x2048":["https:\/\/paroisse.saintmicheldurhone.fr\/wp-content\/uploads\/2024\/09\/Jubile-Rome-Image-1.jpg",523,472,false]},"uagb_author_info":{"display_name":"2019","author_link":"https:\/\/paroisse.saintmicheldurhone.fr\/?author=1"},"uagb_comment_info":0,"uagb_excerpt":"Le dioc\u00e8se de Viviers organise un p\u00e8lerinage \u00e0 Rome du 1er au 7 mars 2025. Retenez d\u00e9j\u00e0 ces dates pour vous inscrire au plus vite \u00e0 la paroisse !","_links":{"self":[{"href":"https:\/\/paroisse.saintmicheldurhone.fr\/index.php?rest_route=\/wp\/v2\/tribe_events\/4597","targetHints":{"allow":["GET"]}}],"collection":[{"href":"https:\/\/paroisse.saintmicheldurhone.fr\/index.php?rest_route=\/wp\/v2\/tribe_events"}],"about":[{"href":"https:\/\/paroisse.saintmicheldurhone.fr\/index.php?rest_route=\/wp\/v2\/types\/tribe_events"}],"author":[{"embeddable":true,"href":"https:\/\/paroisse.saintmicheldurhone.fr\/index.php?rest_route=\/wp\/v2\/users\/1"}],"version-history":[{"count":3,"href":"https:\/\/paroisse.saintmicheldurhone.fr\/index.php?rest_route=\/wp\/v2\/tribe_events\/4597\/revisions"}],"predecessor-version":[{"id":4880,"href":"https:\/\/paroisse.saintmicheldurhone.fr\/index.php?rest_route=\/wp\/v2\/tribe_events\/4597\/revisions\/4880"}],"wp:featuredmedia":[{"embeddable":true,"href":"https:\/\/paroisse.saintmicheldurhone.fr\/index.php?rest_route=\/wp\/v2\/media\/4877"}],"wp:attachment":[{"href":"https:\/\/paroisse.saintmicheldurhone.fr\/index.php?rest_route=%2Fwp%2Fv2%2Fmedia&parent=4597"}],"wp:term":[{"taxonomy":"post_tag","embeddable":true,"href":"https:\/\/paroisse.saintmicheldurhone.fr\/index.php?rest_route=%2Fwp%2Fv2%2Ftags&post=4597"},{"taxonomy":"tribe_events_cat","embeddable":true,"href":"https:\/\/paroisse.saintmicheldurhone.fr\/index.php?rest_route=%2Fwp%2Fv2%2Ftribe_events_cat&post=4597"}],"curies":[{"name":"wp","href":"https:\/\/api.w.org\/{rel}","templated":true}]}}