{"id":4913,"date":"2025-02-15T18:34:05","date_gmt":"2025-02-15T17:34:05","guid":{"rendered":"https:\/\/paroisse.saintmicheldurhone.fr\/?post_type=tribe_events&#038;p=4913"},"modified":"2025-03-23T11:28:37","modified_gmt":"2025-03-23T10:28:37","slug":"veillee-de-la-misericorde","status":"publish","type":"tribe_events","link":"https:\/\/paroisse.saintmicheldurhone.fr\/?tribe_events=veillee-de-la-misericorde","title":{"rendered":"Veill\u00e9e de la Mis\u00e9ricorde"},"content":{"rendered":"<p>Anim\u00e9 par le groupe Taody, nous vous invitons \u00e0 venir participer \u00e0 la veill\u00e9e de la mis\u00e9ricorde.<\/p>\n<p>Au programme :<br \/>\nLouanges, adoration, pri\u00e8res, confessions<\/p>\n","protected":false},"excerpt":{"rendered":"<p>Anim\u00e9 par le groupe Taody, nous vous invitons \u00e0 venir participer \u00e0 la veill\u00e9e de la mis\u00e9ricorde. Au programme : Louanges, adoration, pri\u00e8res, confessions<\/p>\n","protected":false},"author":1,"featured_media":4915,"template":"","meta":{"_uag_custom_page_level_css":"","site-sidebar-layout":"right-sidebar","site-content-layout":"boxed-container","ast-site-content-layout":"default","site-content-style":"default","site-sidebar-style":"default","ast-global-header-display":"","ast-banner-title-visibility":"","ast-main-header-display":"","ast-hfb-above-header-display":"","ast-hfb-below-header-display":"","ast-hfb-mobile-header-display":"","site-post-title":"","ast-breadcrumbs-content":"","ast-featured-img":"","footer-sml-layout":"","ast-disable-related-posts":"","theme-transparent-header-meta":"default","adv-header-id-meta":"","stick-header-meta":"","header-above-stick-meta":"","header-main-stick-meta":"","header-below-stick-meta":"","astra-migrate-meta-layouts":"default","ast-page-background-enabled":"default","ast-page-background-meta":{"desktop":{"background-color":"var(--ast-global-color-4)","background-image":"","background-repeat":"repeat","background-position":"center center","background-size":"auto","background-attachment":"scroll","background-type":"","background-media":"","overlay-type":"","overlay-color":"","overlay-opacity":"","overlay-gradient":""},"tablet":{"background-color":"","background-image":"","background-repeat":"repeat","background-position":"center center","background-size":"auto","background-attachment":"scroll","background-type":"","background-media":"","overlay-type":"","overlay-color":"","overlay-opacity":"","overlay-gradient":""},"mobile":{"background-color":"","background-image":"","background-repeat":"repeat","background-position":"center center","background-size":"auto","background-attachment":"scroll","background-type":"","background-media":"","overlay-type":"","overlay-color":"","overlay-opacity":"","overlay-gradient":""}},"ast-content-background-meta":{"desktop":{"background-color":"var(--ast-global-color-5)","background-image":"","background-repeat":"repeat","background-position":"center center","background-size":"auto","background-attachment":"scroll","background-type":"","background-media":"","overlay-type":"","overlay-color":"","overlay-opacity":"","overlay-gradient":""},"tablet":{"background-color":"var(--ast-global-color-5)","background-image":"","background-repeat":"repeat","background-position":"center center","background-size":"auto","background-attachment":"scroll","background-type":"","background-media":"","overlay-type":"","overlay-color":"","overlay-opacity":"","overlay-gradient":""},"mobile":{"background-color":"var(--ast-global-color-5)","background-image":"","background-repeat":"repeat","background-position":"center center","background-size":"auto","background-attachment":"scroll","background-type":"","background-media":"","overlay-type":"","overlay-color":"","overlay-opacity":"","overlay-gradient":""}},"_tribe_events_status":"","_tribe_events_status_reason":"","footnotes":""},"tags":[],"tribe_events_cat":[25],"class_list":["post-4913","tribe_events","type-tribe_events","status-publish","has-post-thumbnail","hentry","tribe_events_cat-veillee-de-la-misericorde","cat_veillee-de-la-misericorde"],"yoast_head":"<!-- This site is optimized with the Yoast SEO plugin v26.6 - https:\/\/yoast.com\/wordpress\/plugins\/seo\/ -->\n<title>Veill\u00e9e de la Mis\u00e9ricorde -<\/title>\n<meta name=\"description\" content=\"Veill\u00e9e de la mis\u00e9ricorde \u00e0 La Voulte-sur-Rh\u00f4ne le 22 mars 2025. Au programme : louanges, adoration, pri\u00e8res, confessions.\" \/>\n<meta name=\"robots\" content=\"index, follow, max-snippet:-1, max-image-preview:large, max-video-preview:-1\" \/>\n<link rel=\"canonical\" href=\"https:\/\/paroisse.saintmicheldurhone.fr\/?tribe_events=veillee-de-la-misericorde\" \/>\n<meta property=\"og:locale\" content=\"fr_FR\" \/>\n<meta property=\"og:type\" content=\"article\" \/>\n<meta property=\"og:title\" content=\"Veill\u00e9e de la Mis\u00e9ricorde -\" \/>\n<meta property=\"og:description\" content=\"Veill\u00e9e de la mis\u00e9ricorde \u00e0 La Voulte-sur-Rh\u00f4ne le 22 mars 2025. Au programme : louanges, adoration, pri\u00e8res, confessions.\" \/>\n<meta property=\"og:url\" content=\"https:\/\/paroisse.saintmicheldurhone.fr\/?tribe_events=veillee-de-la-misericorde\" \/>\n<meta property=\"article:modified_time\" content=\"2025-03-23T10:28:37+00:00\" \/>\n<meta property=\"og:image\" content=\"https:\/\/paroisse.saintmicheldurhone.fr\/wp-content\/uploads\/2025\/02\/Veillee-de-la-misericorde-1080-x-1350-px-P1-2025_03.png\" \/>\n\t<meta property=\"og:image:width\" content=\"1080\" \/>\n\t<meta property=\"og:image:height\" content=\"1350\" \/>\n\t<meta property=\"og:image:type\" content=\"image\/png\" \/>\n<meta name=\"twitter:card\" content=\"summary_large_image\" \/>\n<meta name=\"twitter:label1\" content=\"Dur\u00e9e de lecture estim\u00e9e\" \/>\n\t<meta name=\"twitter:data1\" content=\"1 minute\" \/>\n<script type=\"application\/ld+json\" class=\"yoast-schema-graph\">{\"@context\":\"https:\/\/schema.org\",\"@graph\":[{\"@type\":\"WebPage\",\"@id\":\"https:\/\/paroisse.saintmicheldurhone.fr\/?tribe_events=veillee-de-la-misericorde\",\"url\":\"https:\/\/paroisse.saintmicheldurhone.fr\/?tribe_events=veillee-de-la-misericorde\",\"name\":\"Veill\u00e9e de la Mis\u00e9ricorde -\",\"isPartOf\":{\"@id\":\"http:\/\/paroisse.saintmicheldurhone.fr\/#website\"},\"primaryImageOfPage\":{\"@id\":\"https:\/\/paroisse.saintmicheldurhone.fr\/?tribe_events=veillee-de-la-misericorde#primaryimage\"},\"image\":{\"@id\":\"https:\/\/paroisse.saintmicheldurhone.fr\/?tribe_events=veillee-de-la-misericorde#primaryimage\"},\"thumbnailUrl\":\"https:\/\/paroisse.saintmicheldurhone.fr\/wp-content\/uploads\/2025\/02\/Veillee-de-la-misericorde-1080-x-1350-px-P1-2025_03.png\",\"datePublished\":\"2025-02-15T17:34:05+00:00\",\"dateModified\":\"2025-03-23T10:28:37+00:00\",\"description\":\"Veill\u00e9e de la mis\u00e9ricorde \u00e0 La Voulte-sur-Rh\u00f4ne le 22 mars 2025. Au programme : louanges, adoration, pri\u00e8res, confessions.\",\"breadcrumb\":{\"@id\":\"https:\/\/paroisse.saintmicheldurhone.fr\/?tribe_events=veillee-de-la-misericorde#breadcrumb\"},\"inLanguage\":\"fr-FR\",\"potentialAction\":[{\"@type\":\"ReadAction\",\"target\":[\"https:\/\/paroisse.saintmicheldurhone.fr\/?tribe_events=veillee-de-la-misericorde\"]}]},{\"@type\":\"ImageObject\",\"inLanguage\":\"fr-FR\",\"@id\":\"https:\/\/paroisse.saintmicheldurhone.fr\/?tribe_events=veillee-de-la-misericorde#primaryimage\",\"url\":\"https:\/\/paroisse.saintmicheldurhone.fr\/wp-content\/uploads\/2025\/02\/Veillee-de-la-misericorde-1080-x-1350-px-P1-2025_03.png\",\"contentUrl\":\"https:\/\/paroisse.saintmicheldurhone.fr\/wp-content\/uploads\/2025\/02\/Veillee-de-la-misericorde-1080-x-1350-px-P1-2025_03.png\",\"width\":1080,\"height\":1350,\"caption\":\"Veill\u00e9e de la mis\u00e9ricorde 2025\"},{\"@type\":\"BreadcrumbList\",\"@id\":\"https:\/\/paroisse.saintmicheldurhone.fr\/?tribe_events=veillee-de-la-misericorde#breadcrumb\",\"itemListElement\":[{\"@type\":\"ListItem\",\"position\":1,\"name\":\"Accueil\",\"item\":\"https:\/\/paroisse.saintmicheldurhone.fr\/\"},{\"@type\":\"ListItem\",\"position\":2,\"name\":\"\u00c9v\u00e8nements\",\"item\":\"http:\/\/paroisse.saintmicheldurhone.fr\/?post_type=tribe_events\"},{\"@type\":\"ListItem\",\"position\":3,\"name\":\"Veill\u00e9e de la Mis\u00e9ricorde\"}]},{\"@type\":\"WebSite\",\"@id\":\"http:\/\/paroisse.saintmicheldurhone.fr\/#website\",\"url\":\"http:\/\/paroisse.saintmicheldurhone.fr\/\",\"name\":\"Paroisse Saint Nicolas du Rh\u00f4ne\",\"description\":\"\",\"publisher\":{\"@id\":\"http:\/\/paroisse.saintmicheldurhone.fr\/#organization\"},\"potentialAction\":[{\"@type\":\"SearchAction\",\"target\":{\"@type\":\"EntryPoint\",\"urlTemplate\":\"http:\/\/paroisse.saintmicheldurhone.fr\/?s={search_term_string}\"},\"query-input\":{\"@type\":\"PropertyValueSpecification\",\"valueRequired\":true,\"valueName\":\"search_term_string\"}}],\"inLanguage\":\"fr-FR\"},{\"@type\":\"Organization\",\"@id\":\"http:\/\/paroisse.saintmicheldurhone.fr\/#organization\",\"name\":\"Paroisse Saint Nicolas du Rh\u00f4ne\",\"url\":\"http:\/\/paroisse.saintmicheldurhone.fr\/\",\"logo\":{\"@type\":\"ImageObject\",\"inLanguage\":\"fr-FR\",\"@id\":\"http:\/\/paroisse.saintmicheldurhone.fr\/#\/schema\/logo\/image\/\",\"url\":\"https:\/\/paroisse.saintmicheldurhone.fr\/wp-content\/uploads\/2022\/09\/cropped-logo-paroisse.jpg\",\"contentUrl\":\"https:\/\/paroisse.saintmicheldurhone.fr\/wp-content\/uploads\/2022\/09\/cropped-logo-paroisse.jpg\",\"width\":1228,\"height\":567,\"caption\":\"Paroisse Saint Nicolas du Rh\u00f4ne\"},\"image\":{\"@id\":\"http:\/\/paroisse.saintmicheldurhone.fr\/#\/schema\/logo\/image\/\"}}]}<\/script>\n<!-- \/ Yoast SEO plugin. -->","yoast_head_json":{"title":"Veill\u00e9e de la Mis\u00e9ricorde -","description":"Veill\u00e9e de la mis\u00e9ricorde \u00e0 La Voulte-sur-Rh\u00f4ne le 22 mars 2025. Au programme : louanges, adoration, pri\u00e8res, confessions.","robots":{"index":"index","follow":"follow","max-snippet":"max-snippet:-1","max-image-preview":"max-image-preview:large","max-video-preview":"max-video-preview:-1"},"canonical":"https:\/\/paroisse.saintmicheldurhone.fr\/?tribe_events=veillee-de-la-misericorde","og_locale":"fr_FR","og_type":"article","og_title":"Veill\u00e9e de la Mis\u00e9ricorde -","og_description":"Veill\u00e9e de la mis\u00e9ricorde \u00e0 La Voulte-sur-Rh\u00f4ne le 22 mars 2025. Au programme : louanges, adoration, pri\u00e8res, confessions.","og_url":"https:\/\/paroisse.saintmicheldurhone.fr\/?tribe_events=veillee-de-la-misericorde","article_modified_time":"2025-03-23T10:28:37+00:00","og_image":[{"width":1080,"height":1350,"url":"https:\/\/paroisse.saintmicheldurhone.fr\/wp-content\/uploads\/2025\/02\/Veillee-de-la-misericorde-1080-x-1350-px-P1-2025_03.png","type":"image\/png"}],"twitter_card":"summary_large_image","twitter_misc":{"Dur\u00e9e de lecture estim\u00e9e":"1 minute"},"schema":{"@context":"https:\/\/schema.org","@graph":[{"@type":"WebPage","@id":"https:\/\/paroisse.saintmicheldurhone.fr\/?tribe_events=veillee-de-la-misericorde","url":"https:\/\/paroisse.saintmicheldurhone.fr\/?tribe_events=veillee-de-la-misericorde","name":"Veill\u00e9e de la Mis\u00e9ricorde -","isPartOf":{"@id":"http:\/\/paroisse.saintmicheldurhone.fr\/#website"},"primaryImageOfPage":{"@id":"https:\/\/paroisse.saintmicheldurhone.fr\/?tribe_events=veillee-de-la-misericorde#primaryimage"},"image":{"@id":"https:\/\/paroisse.saintmicheldurhone.fr\/?tribe_events=veillee-de-la-misericorde#primaryimage"},"thumbnailUrl":"https:\/\/paroisse.saintmicheldurhone.fr\/wp-content\/uploads\/2025\/02\/Veillee-de-la-misericorde-1080-x-1350-px-P1-2025_03.png","datePublished":"2025-02-15T17:34:05+00:00","dateModified":"2025-03-23T10:28:37+00:00","description":"Veill\u00e9e de la mis\u00e9ricorde \u00e0 La Voulte-sur-Rh\u00f4ne le 22 mars 2025. Au programme : louanges, adoration, pri\u00e8res, confessions.","breadcrumb":{"@id":"https:\/\/paroisse.saintmicheldurhone.fr\/?tribe_events=veillee-de-la-misericorde#breadcrumb"},"inLanguage":"fr-FR","potentialAction":[{"@type":"ReadAction","target":["https:\/\/paroisse.saintmicheldurhone.fr\/?tribe_events=veillee-de-la-misericorde"]}]},{"@type":"ImageObject","inLanguage":"fr-FR","@id":"https:\/\/paroisse.saintmicheldurhone.fr\/?tribe_events=veillee-de-la-misericorde#primaryimage","url":"https:\/\/paroisse.saintmicheldurhone.fr\/wp-content\/uploads\/2025\/02\/Veillee-de-la-misericorde-1080-x-1350-px-P1-2025_03.png","contentUrl":"https:\/\/paroisse.saintmicheldurhone.fr\/wp-content\/uploads\/2025\/02\/Veillee-de-la-misericorde-1080-x-1350-px-P1-2025_03.png","width":1080,"height":1350,"caption":"Veill\u00e9e de la mis\u00e9ricorde 2025"},{"@type":"BreadcrumbList","@id":"https:\/\/paroisse.saintmicheldurhone.fr\/?tribe_events=veillee-de-la-misericorde#breadcrumb","itemListElement":[{"@type":"ListItem","position":1,"name":"Accueil","item":"https:\/\/paroisse.saintmicheldurhone.fr\/"},{"@type":"ListItem","position":2,"name":"\u00c9v\u00e8nements","item":"http:\/\/paroisse.saintmicheldurhone.fr\/?post_type=tribe_events"},{"@type":"ListItem","position":3,"name":"Veill\u00e9e de la Mis\u00e9ricorde"}]},{"@type":"WebSite","@id":"http:\/\/paroisse.saintmicheldurhone.fr\/#website","url":"http:\/\/paroisse.saintmicheldurhone.fr\/","name":"Paroisse Saint Nicolas du Rh\u00f4ne","description":"","publisher":{"@id":"http:\/\/paroisse.saintmicheldurhone.fr\/#organization"},"potentialAction":[{"@type":"SearchAction","target":{"@type":"EntryPoint","urlTemplate":"http:\/\/paroisse.saintmicheldurhone.fr\/?s={search_term_string}"},"query-input":{"@type":"PropertyValueSpecification","valueRequired":true,"valueName":"search_term_string"}}],"inLanguage":"fr-FR"},{"@type":"Organization","@id":"http:\/\/paroisse.saintmicheldurhone.fr\/#organization","name":"Paroisse Saint Nicolas du Rh\u00f4ne","url":"http:\/\/paroisse.saintmicheldurhone.fr\/","logo":{"@type":"ImageObject","inLanguage":"fr-FR","@id":"http:\/\/paroisse.saintmicheldurhone.fr\/#\/schema\/logo\/image\/","url":"https:\/\/paroisse.saintmicheldurhone.fr\/wp-content\/uploads\/2022\/09\/cropped-logo-paroisse.jpg","contentUrl":"https:\/\/paroisse.saintmicheldurhone.fr\/wp-content\/uploads\/2022\/09\/cropped-logo-paroisse.jpg","width":1228,"height":567,"caption":"Paroisse Saint Nicolas du Rh\u00f4ne"},"image":{"@id":"http:\/\/paroisse.saintmicheldurhone.fr\/#\/schema\/logo\/image\/"}}]}},"uagb_featured_image_src":{"full":["https:\/\/paroisse.saintmicheldurhone.fr\/wp-content\/uploads\/2025\/02\/Veillee-de-la-misericorde-1080-x-1350-px-P1-2025_03.png",1080,1350,false],"thumbnail":["https:\/\/paroisse.saintmicheldurhone.fr\/wp-content\/uploads\/2025\/02\/Veillee-de-la-misericorde-1080-x-1350-px-P1-2025_03-150x150.png",150,150,true],"medium":["https:\/\/paroisse.saintmicheldurhone.fr\/wp-content\/uploads\/2025\/02\/Veillee-de-la-misericorde-1080-x-1350-px-P1-2025_03-240x300.png",240,300,true],"medium_large":["https:\/\/paroisse.saintmicheldurhone.fr\/wp-content\/uploads\/2025\/02\/Veillee-de-la-misericorde-1080-x-1350-px-P1-2025_03-768x960.png",768,960,true],"large":["https:\/\/paroisse.saintmicheldurhone.fr\/wp-content\/uploads\/2025\/02\/Veillee-de-la-misericorde-1080-x-1350-px-P1-2025_03-819x1024.png",819,1024,true],"1536x1536":["https:\/\/paroisse.saintmicheldurhone.fr\/wp-content\/uploads\/2025\/02\/Veillee-de-la-misericorde-1080-x-1350-px-P1-2025_03.png",1080,1350,false],"2048x2048":["https:\/\/paroisse.saintmicheldurhone.fr\/wp-content\/uploads\/2025\/02\/Veillee-de-la-misericorde-1080-x-1350-px-P1-2025_03.png",1080,1350,false]},"uagb_author_info":{"display_name":"2019","author_link":"https:\/\/paroisse.saintmicheldurhone.fr\/?author=1"},"uagb_comment_info":0,"uagb_excerpt":"Anim\u00e9 par le groupe Taody, nous vous invitons \u00e0 venir participer \u00e0 la veill\u00e9e de la mis\u00e9ricorde. Au programme : Louanges, adoration, pri\u00e8res, confessions","_links":{"self":[{"href":"https:\/\/paroisse.saintmicheldurhone.fr\/index.php?rest_route=\/wp\/v2\/tribe_events\/4913","targetHints":{"allow":["GET"]}}],"collection":[{"href":"https:\/\/paroisse.saintmicheldurhone.fr\/index.php?rest_route=\/wp\/v2\/tribe_events"}],"about":[{"href":"https:\/\/paroisse.saintmicheldurhone.fr\/index.php?rest_route=\/wp\/v2\/types\/tribe_events"}],"author":[{"embeddable":true,"href":"https:\/\/paroisse.saintmicheldurhone.fr\/index.php?rest_route=\/wp\/v2\/users\/1"}],"version-history":[{"count":2,"href":"https:\/\/paroisse.saintmicheldurhone.fr\/index.php?rest_route=\/wp\/v2\/tribe_events\/4913\/revisions"}],"predecessor-version":[{"id":5028,"href":"https:\/\/paroisse.saintmicheldurhone.fr\/index.php?rest_route=\/wp\/v2\/tribe_events\/4913\/revisions\/5028"}],"wp:featuredmedia":[{"embeddable":true,"href":"https:\/\/paroisse.saintmicheldurhone.fr\/index.php?rest_route=\/wp\/v2\/media\/4915"}],"wp:attachment":[{"href":"https:\/\/paroisse.saintmicheldurhone.fr\/index.php?rest_route=%2Fwp%2Fv2%2Fmedia&parent=4913"}],"wp:term":[{"taxonomy":"post_tag","embeddable":true,"href":"https:\/\/paroisse.saintmicheldurhone.fr\/index.php?rest_route=%2Fwp%2Fv2%2Ftags&post=4913"},{"taxonomy":"tribe_events_cat","embeddable":true,"href":"https:\/\/paroisse.saintmicheldurhone.fr\/index.php?rest_route=%2Fwp%2Fv2%2Ftribe_events_cat&post=4913"}],"curies":[{"name":"wp","href":"https:\/\/api.w.org\/{rel}","templated":true}]}}