{"id":5011,"date":"2025-03-06T18:47:36","date_gmt":"2025-03-06T17:47:36","guid":{"rendered":"https:\/\/paroisse.saintmicheldurhone.fr\/?post_type=tribe_events&#038;p=5011"},"modified":"2025-03-06T18:47:36","modified_gmt":"2025-03-06T17:47:36","slug":"parcours-de-careme-j4","status":"publish","type":"tribe_events","link":"https:\/\/paroisse.saintmicheldurhone.fr\/?tribe_events=parcours-de-careme-j4","title":{"rendered":"Parcours de Car\u00eame &#8211; J4"},"content":{"rendered":"<p>Venez vivre un temps fort en participant au Parcours de la Gratitude tous les vendredis pendant le mois de Car\u00eame !<\/p>\n<p>Dates \u00e0 retenir :<br \/>\n14, 21, 28 mars, 4 et 11 avril<\/p>\n<p>Au programme :<br \/>\nRepas partag\u00e9, louanges, enseignement, groupe de partage et adoration.<\/p>\n<p>&nbsp;<\/p>\n<p>D&rsquo;avance, vous pouvez t\u00e9l\u00e9charger et imprimer le livret qui vous accompagnera tout au long de ce parcours en cliquant <a href=\"https:\/\/play.emmanuel.info\/wp-content\/uploads\/2025\/01\/Parc-GRATITUDE_liv_PARTICIPANT-PART-1_v5.pdf\">ICI<\/a> !<\/p>\n","protected":false},"excerpt":{"rendered":"<p>Venez vivre un temps fort en participant au Parcours de la Gratitude tous les vendredis pendant le mois de Car\u00eame ! Dates \u00e0 retenir : 14, 21, 28 mars, 4 [&hellip;]<\/p>\n","protected":false},"author":1,"featured_media":5007,"template":"","meta":{"_uag_custom_page_level_css":"","site-sidebar-layout":"default","site-content-layout":"default","ast-site-content-layout":"default","site-content-style":"default","site-sidebar-style":"default","ast-global-header-display":"","ast-banner-title-visibility":"","ast-main-header-display":"","ast-hfb-above-header-display":"","ast-hfb-below-header-display":"","ast-hfb-mobile-header-display":"","site-post-title":"","ast-breadcrumbs-content":"","ast-featured-img":"","footer-sml-layout":"","ast-disable-related-posts":"","theme-transparent-header-meta":"default","adv-header-id-meta":"","stick-header-meta":"","header-above-stick-meta":"","header-main-stick-meta":"","header-below-stick-meta":"","astra-migrate-meta-layouts":"default","ast-page-background-enabled":"default","ast-page-background-meta":{"desktop":{"background-color":"var(--ast-global-color-4)","background-image":"","background-repeat":"repeat","background-position":"center center","background-size":"auto","background-attachment":"scroll","background-type":"","background-media":"","overlay-type":"","overlay-color":"","overlay-opacity":"","overlay-gradient":""},"tablet":{"background-color":"","background-image":"","background-repeat":"repeat","background-position":"center center","background-size":"auto","background-attachment":"scroll","background-type":"","background-media":"","overlay-type":"","overlay-color":"","overlay-opacity":"","overlay-gradient":""},"mobile":{"background-color":"","background-image":"","background-repeat":"repeat","background-position":"center center","background-size":"auto","background-attachment":"scroll","background-type":"","background-media":"","overlay-type":"","overlay-color":"","overlay-opacity":"","overlay-gradient":""}},"ast-content-background-meta":{"desktop":{"background-color":"var(--ast-global-color-5)","background-image":"","background-repeat":"repeat","background-position":"center center","background-size":"auto","background-attachment":"scroll","background-type":"","background-media":"","overlay-type":"","overlay-color":"","overlay-opacity":"","overlay-gradient":""},"tablet":{"background-color":"var(--ast-global-color-5)","background-image":"","background-repeat":"repeat","background-position":"center center","background-size":"auto","background-attachment":"scroll","background-type":"","background-media":"","overlay-type":"","overlay-color":"","overlay-opacity":"","overlay-gradient":""},"mobile":{"background-color":"var(--ast-global-color-5)","background-image":"","background-repeat":"repeat","background-position":"center center","background-size":"auto","background-attachment":"scroll","background-type":"","background-media":"","overlay-type":"","overlay-color":"","overlay-opacity":"","overlay-gradient":""}},"_tribe_events_status":"","_tribe_events_status_reason":"","footnotes":""},"tags":[],"tribe_events_cat":[27],"class_list":["post-5011","tribe_events","type-tribe_events","status-publish","has-post-thumbnail","hentry","tribe_events_cat-parcours-de-careme","cat_parcours-de-careme"],"yoast_head":"<!-- This site is optimized with the Yoast SEO plugin v26.6 - https:\/\/yoast.com\/wordpress\/plugins\/seo\/ -->\n<title>Parcours de Car\u00eame - J4 -<\/title>\n<meta name=\"description\" content=\"4e soir\u00e9e du parcours du Miracle de la Gratitude avec la Paroisse Saint Nicolas du Rh\u00f4ne.\" \/>\n<meta name=\"robots\" content=\"index, follow, max-snippet:-1, max-image-preview:large, max-video-preview:-1\" \/>\n<link rel=\"canonical\" href=\"https:\/\/paroisse.saintmicheldurhone.fr\/?tribe_events=parcours-de-careme-j4\" \/>\n<meta property=\"og:locale\" content=\"fr_FR\" \/>\n<meta property=\"og:type\" content=\"article\" \/>\n<meta property=\"og:title\" content=\"Parcours de Car\u00eame - J4 -\" \/>\n<meta property=\"og:description\" content=\"4e soir\u00e9e du parcours du Miracle de la Gratitude avec la Paroisse Saint Nicolas du Rh\u00f4ne.\" \/>\n<meta property=\"og:url\" content=\"https:\/\/paroisse.saintmicheldurhone.fr\/?tribe_events=parcours-de-careme-j4\" \/>\n<meta property=\"og:image\" content=\"https:\/\/paroisse.saintmicheldurhone.fr\/wp-content\/uploads\/2025\/03\/Copie-de-Parcours-Careme-2025-1080-x-1350-px-1.png\" \/>\n\t<meta property=\"og:image:width\" content=\"1080\" \/>\n\t<meta property=\"og:image:height\" content=\"1350\" \/>\n\t<meta property=\"og:image:type\" content=\"image\/png\" \/>\n<meta name=\"twitter:card\" content=\"summary_large_image\" \/>\n<meta name=\"twitter:label1\" content=\"Dur\u00e9e de lecture estim\u00e9e\" \/>\n\t<meta name=\"twitter:data1\" content=\"1 minute\" \/>\n<script type=\"application\/ld+json\" class=\"yoast-schema-graph\">{\"@context\":\"https:\/\/schema.org\",\"@graph\":[{\"@type\":\"WebPage\",\"@id\":\"https:\/\/paroisse.saintmicheldurhone.fr\/?tribe_events=parcours-de-careme-j4\",\"url\":\"https:\/\/paroisse.saintmicheldurhone.fr\/?tribe_events=parcours-de-careme-j4\",\"name\":\"Parcours de Car\u00eame - J4 -\",\"isPartOf\":{\"@id\":\"http:\/\/paroisse.saintmicheldurhone.fr\/#website\"},\"primaryImageOfPage\":{\"@id\":\"https:\/\/paroisse.saintmicheldurhone.fr\/?tribe_events=parcours-de-careme-j4#primaryimage\"},\"image\":{\"@id\":\"https:\/\/paroisse.saintmicheldurhone.fr\/?tribe_events=parcours-de-careme-j4#primaryimage\"},\"thumbnailUrl\":\"https:\/\/paroisse.saintmicheldurhone.fr\/wp-content\/uploads\/2025\/03\/Copie-de-Parcours-Careme-2025-1080-x-1350-px-1.png\",\"datePublished\":\"2025-03-06T17:47:36+00:00\",\"description\":\"4e soir\u00e9e du parcours du Miracle de la Gratitude avec la Paroisse Saint Nicolas du Rh\u00f4ne.\",\"breadcrumb\":{\"@id\":\"https:\/\/paroisse.saintmicheldurhone.fr\/?tribe_events=parcours-de-careme-j4#breadcrumb\"},\"inLanguage\":\"fr-FR\",\"potentialAction\":[{\"@type\":\"ReadAction\",\"target\":[\"https:\/\/paroisse.saintmicheldurhone.fr\/?tribe_events=parcours-de-careme-j4\"]}]},{\"@type\":\"ImageObject\",\"inLanguage\":\"fr-FR\",\"@id\":\"https:\/\/paroisse.saintmicheldurhone.fr\/?tribe_events=parcours-de-careme-j4#primaryimage\",\"url\":\"https:\/\/paroisse.saintmicheldurhone.fr\/wp-content\/uploads\/2025\/03\/Copie-de-Parcours-Careme-2025-1080-x-1350-px-1.png\",\"contentUrl\":\"https:\/\/paroisse.saintmicheldurhone.fr\/wp-content\/uploads\/2025\/03\/Copie-de-Parcours-Careme-2025-1080-x-1350-px-1.png\",\"width\":1080,\"height\":1350},{\"@type\":\"BreadcrumbList\",\"@id\":\"https:\/\/paroisse.saintmicheldurhone.fr\/?tribe_events=parcours-de-careme-j4#breadcrumb\",\"itemListElement\":[{\"@type\":\"ListItem\",\"position\":1,\"name\":\"Accueil\",\"item\":\"https:\/\/paroisse.saintmicheldurhone.fr\/\"},{\"@type\":\"ListItem\",\"position\":2,\"name\":\"\u00c9v\u00e8nements\",\"item\":\"http:\/\/paroisse.saintmicheldurhone.fr\/?post_type=tribe_events\"},{\"@type\":\"ListItem\",\"position\":3,\"name\":\"Parcours de Car\u00eame &#8211; J4\"}]},{\"@type\":\"WebSite\",\"@id\":\"http:\/\/paroisse.saintmicheldurhone.fr\/#website\",\"url\":\"http:\/\/paroisse.saintmicheldurhone.fr\/\",\"name\":\"Paroisse Saint Nicolas du Rh\u00f4ne\",\"description\":\"\",\"publisher\":{\"@id\":\"http:\/\/paroisse.saintmicheldurhone.fr\/#organization\"},\"potentialAction\":[{\"@type\":\"SearchAction\",\"target\":{\"@type\":\"EntryPoint\",\"urlTemplate\":\"http:\/\/paroisse.saintmicheldurhone.fr\/?s={search_term_string}\"},\"query-input\":{\"@type\":\"PropertyValueSpecification\",\"valueRequired\":true,\"valueName\":\"search_term_string\"}}],\"inLanguage\":\"fr-FR\"},{\"@type\":\"Organization\",\"@id\":\"http:\/\/paroisse.saintmicheldurhone.fr\/#organization\",\"name\":\"Paroisse Saint Nicolas du Rh\u00f4ne\",\"url\":\"http:\/\/paroisse.saintmicheldurhone.fr\/\",\"logo\":{\"@type\":\"ImageObject\",\"inLanguage\":\"fr-FR\",\"@id\":\"http:\/\/paroisse.saintmicheldurhone.fr\/#\/schema\/logo\/image\/\",\"url\":\"https:\/\/paroisse.saintmicheldurhone.fr\/wp-content\/uploads\/2022\/09\/cropped-logo-paroisse.jpg\",\"contentUrl\":\"https:\/\/paroisse.saintmicheldurhone.fr\/wp-content\/uploads\/2022\/09\/cropped-logo-paroisse.jpg\",\"width\":1228,\"height\":567,\"caption\":\"Paroisse Saint Nicolas du Rh\u00f4ne\"},\"image\":{\"@id\":\"http:\/\/paroisse.saintmicheldurhone.fr\/#\/schema\/logo\/image\/\"}}]}<\/script>\n<!-- \/ Yoast SEO plugin. -->","yoast_head_json":{"title":"Parcours de Car\u00eame - J4 -","description":"4e soir\u00e9e du parcours du Miracle de la Gratitude avec la Paroisse Saint Nicolas du Rh\u00f4ne.","robots":{"index":"index","follow":"follow","max-snippet":"max-snippet:-1","max-image-preview":"max-image-preview:large","max-video-preview":"max-video-preview:-1"},"canonical":"https:\/\/paroisse.saintmicheldurhone.fr\/?tribe_events=parcours-de-careme-j4","og_locale":"fr_FR","og_type":"article","og_title":"Parcours de Car\u00eame - J4 -","og_description":"4e soir\u00e9e du parcours du Miracle de la Gratitude avec la Paroisse Saint Nicolas du Rh\u00f4ne.","og_url":"https:\/\/paroisse.saintmicheldurhone.fr\/?tribe_events=parcours-de-careme-j4","og_image":[{"width":1080,"height":1350,"url":"https:\/\/paroisse.saintmicheldurhone.fr\/wp-content\/uploads\/2025\/03\/Copie-de-Parcours-Careme-2025-1080-x-1350-px-1.png","type":"image\/png"}],"twitter_card":"summary_large_image","twitter_misc":{"Dur\u00e9e de lecture estim\u00e9e":"1 minute"},"schema":{"@context":"https:\/\/schema.org","@graph":[{"@type":"WebPage","@id":"https:\/\/paroisse.saintmicheldurhone.fr\/?tribe_events=parcours-de-careme-j4","url":"https:\/\/paroisse.saintmicheldurhone.fr\/?tribe_events=parcours-de-careme-j4","name":"Parcours de Car\u00eame - J4 -","isPartOf":{"@id":"http:\/\/paroisse.saintmicheldurhone.fr\/#website"},"primaryImageOfPage":{"@id":"https:\/\/paroisse.saintmicheldurhone.fr\/?tribe_events=parcours-de-careme-j4#primaryimage"},"image":{"@id":"https:\/\/paroisse.saintmicheldurhone.fr\/?tribe_events=parcours-de-careme-j4#primaryimage"},"thumbnailUrl":"https:\/\/paroisse.saintmicheldurhone.fr\/wp-content\/uploads\/2025\/03\/Copie-de-Parcours-Careme-2025-1080-x-1350-px-1.png","datePublished":"2025-03-06T17:47:36+00:00","description":"4e soir\u00e9e du parcours du Miracle de la Gratitude avec la Paroisse Saint Nicolas du Rh\u00f4ne.","breadcrumb":{"@id":"https:\/\/paroisse.saintmicheldurhone.fr\/?tribe_events=parcours-de-careme-j4#breadcrumb"},"inLanguage":"fr-FR","potentialAction":[{"@type":"ReadAction","target":["https:\/\/paroisse.saintmicheldurhone.fr\/?tribe_events=parcours-de-careme-j4"]}]},{"@type":"ImageObject","inLanguage":"fr-FR","@id":"https:\/\/paroisse.saintmicheldurhone.fr\/?tribe_events=parcours-de-careme-j4#primaryimage","url":"https:\/\/paroisse.saintmicheldurhone.fr\/wp-content\/uploads\/2025\/03\/Copie-de-Parcours-Careme-2025-1080-x-1350-px-1.png","contentUrl":"https:\/\/paroisse.saintmicheldurhone.fr\/wp-content\/uploads\/2025\/03\/Copie-de-Parcours-Careme-2025-1080-x-1350-px-1.png","width":1080,"height":1350},{"@type":"BreadcrumbList","@id":"https:\/\/paroisse.saintmicheldurhone.fr\/?tribe_events=parcours-de-careme-j4#breadcrumb","itemListElement":[{"@type":"ListItem","position":1,"name":"Accueil","item":"https:\/\/paroisse.saintmicheldurhone.fr\/"},{"@type":"ListItem","position":2,"name":"\u00c9v\u00e8nements","item":"http:\/\/paroisse.saintmicheldurhone.fr\/?post_type=tribe_events"},{"@type":"ListItem","position":3,"name":"Parcours de Car\u00eame &#8211; J4"}]},{"@type":"WebSite","@id":"http:\/\/paroisse.saintmicheldurhone.fr\/#website","url":"http:\/\/paroisse.saintmicheldurhone.fr\/","name":"Paroisse Saint Nicolas du Rh\u00f4ne","description":"","publisher":{"@id":"http:\/\/paroisse.saintmicheldurhone.fr\/#organization"},"potentialAction":[{"@type":"SearchAction","target":{"@type":"EntryPoint","urlTemplate":"http:\/\/paroisse.saintmicheldurhone.fr\/?s={search_term_string}"},"query-input":{"@type":"PropertyValueSpecification","valueRequired":true,"valueName":"search_term_string"}}],"inLanguage":"fr-FR"},{"@type":"Organization","@id":"http:\/\/paroisse.saintmicheldurhone.fr\/#organization","name":"Paroisse Saint Nicolas du Rh\u00f4ne","url":"http:\/\/paroisse.saintmicheldurhone.fr\/","logo":{"@type":"ImageObject","inLanguage":"fr-FR","@id":"http:\/\/paroisse.saintmicheldurhone.fr\/#\/schema\/logo\/image\/","url":"https:\/\/paroisse.saintmicheldurhone.fr\/wp-content\/uploads\/2022\/09\/cropped-logo-paroisse.jpg","contentUrl":"https:\/\/paroisse.saintmicheldurhone.fr\/wp-content\/uploads\/2022\/09\/cropped-logo-paroisse.jpg","width":1228,"height":567,"caption":"Paroisse Saint Nicolas du Rh\u00f4ne"},"image":{"@id":"http:\/\/paroisse.saintmicheldurhone.fr\/#\/schema\/logo\/image\/"}}]}},"uagb_featured_image_src":{"full":["https:\/\/paroisse.saintmicheldurhone.fr\/wp-content\/uploads\/2025\/03\/Copie-de-Parcours-Careme-2025-1080-x-1350-px-1.png",1080,1350,false],"thumbnail":["https:\/\/paroisse.saintmicheldurhone.fr\/wp-content\/uploads\/2025\/03\/Copie-de-Parcours-Careme-2025-1080-x-1350-px-1-150x150.png",150,150,true],"medium":["https:\/\/paroisse.saintmicheldurhone.fr\/wp-content\/uploads\/2025\/03\/Copie-de-Parcours-Careme-2025-1080-x-1350-px-1-240x300.png",240,300,true],"medium_large":["https:\/\/paroisse.saintmicheldurhone.fr\/wp-content\/uploads\/2025\/03\/Copie-de-Parcours-Careme-2025-1080-x-1350-px-1-768x960.png",768,960,true],"large":["https:\/\/paroisse.saintmicheldurhone.fr\/wp-content\/uploads\/2025\/03\/Copie-de-Parcours-Careme-2025-1080-x-1350-px-1-819x1024.png",819,1024,true],"1536x1536":["https:\/\/paroisse.saintmicheldurhone.fr\/wp-content\/uploads\/2025\/03\/Copie-de-Parcours-Careme-2025-1080-x-1350-px-1.png",1080,1350,false],"2048x2048":["https:\/\/paroisse.saintmicheldurhone.fr\/wp-content\/uploads\/2025\/03\/Copie-de-Parcours-Careme-2025-1080-x-1350-px-1.png",1080,1350,false]},"uagb_author_info":{"display_name":"2019","author_link":"https:\/\/paroisse.saintmicheldurhone.fr\/?author=1"},"uagb_comment_info":0,"uagb_excerpt":"Venez vivre un temps fort en participant au Parcours de la Gratitude tous les vendredis pendant le mois de Car\u00eame ! Dates \u00e0 retenir : 14, 21, 28 mars, 4 [&hellip;]","_links":{"self":[{"href":"https:\/\/paroisse.saintmicheldurhone.fr\/index.php?rest_route=\/wp\/v2\/tribe_events\/5011","targetHints":{"allow":["GET"]}}],"collection":[{"href":"https:\/\/paroisse.saintmicheldurhone.fr\/index.php?rest_route=\/wp\/v2\/tribe_events"}],"about":[{"href":"https:\/\/paroisse.saintmicheldurhone.fr\/index.php?rest_route=\/wp\/v2\/types\/tribe_events"}],"author":[{"embeddable":true,"href":"https:\/\/paroisse.saintmicheldurhone.fr\/index.php?rest_route=\/wp\/v2\/users\/1"}],"version-history":[{"count":1,"href":"https:\/\/paroisse.saintmicheldurhone.fr\/index.php?rest_route=\/wp\/v2\/tribe_events\/5011\/revisions"}],"predecessor-version":[{"id":5012,"href":"https:\/\/paroisse.saintmicheldurhone.fr\/index.php?rest_route=\/wp\/v2\/tribe_events\/5011\/revisions\/5012"}],"wp:featuredmedia":[{"embeddable":true,"href":"https:\/\/paroisse.saintmicheldurhone.fr\/index.php?rest_route=\/wp\/v2\/media\/5007"}],"wp:attachment":[{"href":"https:\/\/paroisse.saintmicheldurhone.fr\/index.php?rest_route=%2Fwp%2Fv2%2Fmedia&parent=5011"}],"wp:term":[{"taxonomy":"post_tag","embeddable":true,"href":"https:\/\/paroisse.saintmicheldurhone.fr\/index.php?rest_route=%2Fwp%2Fv2%2Ftags&post=5011"},{"taxonomy":"tribe_events_cat","embeddable":true,"href":"https:\/\/paroisse.saintmicheldurhone.fr\/index.php?rest_route=%2Fwp%2Fv2%2Ftribe_events_cat&post=5011"}],"curies":[{"name":"wp","href":"https:\/\/api.w.org\/{rel}","templated":true}]}}